{"id":726,"date":"2025-10-06T11:54:34","date_gmt":"2025-10-06T09:54:34","guid":{"rendered":"https:\/\/www.tonlek.org\/se\/?page_id=726"},"modified":"2025-11-19T14:48:51","modified_gmt":"2025-11-19T13:48:51","slug":"dirigent-och-pedagoger-2025","status":"publish","type":"page","link":"https:\/\/www.tonlek.org\/se\/om-tonlek\/tidigare-ar\/dirigent-och-pedagoger-2025\/","title":{"rendered":"Dirigent och pedagoger 2025"},"content":{"rendered":"\n<div class=\"wp-block-columns is-layout-flex wp-container-core-columns-is-layout-9d6595d7 wp-block-columns-is-layout-flex\">\n<div class=\"wp-block-column is-layout-flow wp-block-column-is-layout-flow\">\n<figure class=\"wp-block-image size-full is-resized\"><img loading=\"lazy\" decoding=\"async\" width=\"259\" height=\"164\" src=\"https:\/\/www.tonlek.org\/se\/wp-content\/uploads\/sites\/2\/2023\/03\/damiano2.jpg\" alt=\"\" class=\"wp-image-288\" style=\"width:314px;height:199px\"\/><figcaption class=\"wp-element-caption\"><strong>Damian Iorio<\/strong>, Italien<br><em>Dirigent<\/em><\/figcaption><\/figure>\n\n\n\n<p id=\"tw-target-text\">Damian Iorio f\u00f6ddes i London d\u00e4r han v\u00e4xte upp i en familj av italienska och engelska musiker. Han b\u00f6rjade sin musikaliska karri\u00e4r som violinist och spelade bland annat i Danmarks Radions symfoniorkester samtidigt som han studerade dirigering i Sankt Petersburg. Damian bor i dag i Italien med sin familj och 2006 fick han riddarorden Sant&#8217;Agata fr\u00e5n San Marino som ett erk\u00e4nnande f\u00f6r hans musikaliska arbete. Den engelsk-italienske&nbsp;Damian&nbsp;talar idag b\u00e5de danska och svenska.<\/p>\n\n\n\n<p id=\"tw-target-text\">Damians repertoar \u00e4r bred, med tyngdpunkten p\u00e5 senromantiken, det tidiga 1900-talet och allra nyaste musiken. Damians stora intresse f\u00f6r ny musik har gett honom m\u00f6jlighet att genomf\u00f6ra flera premi\u00e4rer i n\u00e4ra samarbete med komposit\u00f6rerna. <\/p>\n\n\n\n<p id=\"tw-target-text\">Damian Iorio har varit konstn\u00e4rlig ledare och chefsdirigent f\u00f6r Murmansk Symfoniorkester, d\u00e4r b\u00e5de opera och symfonisk musik finns p\u00e5 repertoaren. Han arbetar ocks\u00e5 mycket med unga musiker och \u00e4r konstn\u00e4rlig ledare f\u00f6r The National Youth String Orchestra i Storbritannien. <\/p>\n\n\n\n<p id=\"tw-target-text\">I juni 2014 blev Damian musikchef f\u00f6r Milton Keynes City Orchestra (England). <\/p>\n<\/div>\n\n\n\n<div class=\"wp-block-column is-layout-flow wp-block-column-is-layout-flow\">\n<figure class=\"wp-block-image size-full is-resized\"><img loading=\"lazy\" decoding=\"async\" width=\"259\" height=\"165\" src=\"https:\/\/www.tonlek.org\/se\/wp-content\/uploads\/sites\/2\/2023\/03\/annemarie.jpg\" alt=\"\" class=\"wp-image-293\" style=\"width:312px;height:199px\"\/><figcaption class=\"wp-element-caption\"><strong>Anne Marie Kj\u00e6rulff<\/strong>, Danmark<br><em>Violin<\/em><\/figcaption><\/figure>\n\n\n\n<p id=\"tw-target-text\">Anne Marie Kj\u00e6rulff \u00e4r violinist i DR Symfoniorkestern. Hon \u00e4r \u00e4ven verksam som kammarmusiker, l\u00e4rare och instrukt\u00f6r. <\/p>\n\n\n\n<p id=\"tw-target-text\">Anne Marie har spelat i Athelas Sinfonietta n\u00e4r det var Statens Ensemble. Hon har ocks\u00e5 varit med och startat Ensemble 2000 och spelat med dem under ett antal \u00e5r, ocks\u00e5 i m\u00e5nga radios\u00e4ndningar och CD-inspelningar av ny musik. <\/p>\n\n\n\n<p id=\"tw-target-text\">Anne Marie har undervisat vid Kent State University, Ohio, och undervisar nu vid Goldschmidts musikakademi i K\u00f6penhamn. <\/p>\n\n\n\n<p id=\"tw-target-text\">Hon \u00e4r utbildad vid Det Kongelige Danske Musikkonservatorium med Prof. Milan Vitek och i Ohio med Almita och Roland Vamos p\u00e5 Oberlin Conservatory. <\/p>\n\n\n\n<p id=\"tw-target-text\">Anne Marie var nordisk projektkoordinator f\u00f6r NYSS i Helsingfors 2016 och i Danmark 2018 samt f\u00f6r T\u00f3nlek 2019, 2021, 2022 och 2023.<\/p>\n<\/div>\n\n\n\n<div class=\"wp-block-column is-layout-flow wp-block-column-is-layout-flow\">\n<figure class=\"wp-block-image size-full is-resized\"><img loading=\"lazy\" decoding=\"async\" width=\"1200\" height=\"800\" src=\"https:\/\/www.tonlek.org\/se\/wp-content\/uploads\/sites\/2\/2024\/12\/Helge.jpg\" alt=\"\" class=\"wp-image-694\" style=\"object-fit:cover;width:310px;height:199px\" srcset=\"https:\/\/www.tonlek.org\/se\/wp-content\/uploads\/sites\/2\/2024\/12\/Helge.jpg 1200w, https:\/\/www.tonlek.org\/se\/wp-content\/uploads\/sites\/2\/2024\/12\/Helge-300x200.jpg 300w, https:\/\/www.tonlek.org\/se\/wp-content\/uploads\/sites\/2\/2024\/12\/Helge-1024x683.jpg 1024w, https:\/\/www.tonlek.org\/se\/wp-content\/uploads\/sites\/2\/2024\/12\/Helge-768x512.jpg 768w, https:\/\/www.tonlek.org\/se\/wp-content\/uploads\/sites\/2\/2024\/12\/Helge-930x620.jpg 930w\" sizes=\"auto, (max-width: 1200px) 100vw, 1200px\" \/><figcaption class=\"wp-element-caption\"><strong>Helge Slaatto, <\/strong>Norge<br><em>Violin<\/em><\/figcaption><\/figure>\n\n\n\n<p>Helge Slaatto har i 25 \u00e5r varit violinprofessor vid musikkonservatoriet i M\u00fcnster samt varit konsertm\u00e4stare f\u00f6r Odense Symfoniorkester, Athelas Sinfonietta Copenhagen och Randers Chamber Orchestra.<\/p>\n\n\n\n<p>Han \u00e4r erk\u00e4nd som uttolkare av ny musik och har sedan 1987 uruppf\u00f6rt mer \u00e4n 50 verk tillsammans med kontrabasisten Frank Reinecke. Duon fick 2009 Preis der Deutschen Schallplattenkritik. Helge Slaatto \u00e4r eftertraktad som l\u00e4rare och har undervisat \u00f6ver hela v\u00e4rlden.<\/p>\n\n\n\n<p>Helge Slaatto har h\u00e5llit kurser och konserter i Danmark, Tyskland, Grekland, Italien, Portugal, Schweiz, Korea, Kina, Ryssland, USA och Mexiko.<\/p>\n\n\n\n<p>Hans elever har bland annat vunnit priser som Berlingskes guldmedalj, Gade-t\u00e4vlingen, Bundeswettbewerb Jugend Musiziert, Leopold Mozart-t\u00e4vlingen i Augsburg, Joseph Joachim-t\u00e4vlingen i Hannover och Queen Elisabeth-t\u00e4vlingen i Bryssel.<\/p>\n<\/div>\n<\/div>\n\n\n\n<div class=\"wp-block-columns is-layout-flex wp-container-core-columns-is-layout-9d6595d7 wp-block-columns-is-layout-flex\">\n<div class=\"wp-block-column is-layout-flow wp-block-column-is-layout-flow\">\n<figure class=\"wp-block-image size-full is-resized\"><img loading=\"lazy\" decoding=\"async\" width=\"1382\" height=\"922\" src=\"https:\/\/www.tonlek.org\/se\/wp-content\/uploads\/sites\/2\/2024\/12\/Herbert.jpg\" alt=\"\" class=\"wp-image-695\" style=\"width:354px;height:223px\" srcset=\"https:\/\/www.tonlek.org\/se\/wp-content\/uploads\/sites\/2\/2024\/12\/Herbert.jpg 1382w, https:\/\/www.tonlek.org\/se\/wp-content\/uploads\/sites\/2\/2024\/12\/Herbert-300x200.jpg 300w, https:\/\/www.tonlek.org\/se\/wp-content\/uploads\/sites\/2\/2024\/12\/Herbert-1024x683.jpg 1024w, https:\/\/www.tonlek.org\/se\/wp-content\/uploads\/sites\/2\/2024\/12\/Herbert-768x512.jpg 768w, https:\/\/www.tonlek.org\/se\/wp-content\/uploads\/sites\/2\/2024\/12\/Herbert-930x620.jpg 930w\" sizes=\"auto, (max-width: 1382px) 100vw, 1382px\" \/><figcaption class=\"wp-element-caption\"><strong>Herbert Boersma<\/strong>,Danmark<br><em>Violin<\/em><\/figcaption><\/figure>\n\n\n\n<p>Herbert Boersma \u00e4r en v\u00e4lrenommerad violinpedagog och solistutbildad violinist som har n\u00e5tt stor framg\u00e5ng som pedagog, han \u00e4r k\u00e4nd f\u00f6r att inspirera och utveckla unga violinister.<br>Som grundare och chef f\u00f6r Music Academy Amager har Herbert p\u00e5 bara n\u00e5gra \u00e5r skapat en erk\u00e4nd musikskola med h\u00f6g standard och en ambiti\u00f6s inst\u00e4llning till musikutbildning.<\/p>\n\n\n\n<p>Herberts utbildning omfattar 10 \u00e5rs studier vid konservatorier i Danmark och<br>framst\u00e5ende violinprofessorer i USA och Polen. Herbert har upptr\u00e4tt med danska<br>symfoniorkestrar och deltagit i olika musikprojekt i Danmark och utomlands.<br>Han \u00e4r \u00e4ven kammarmusiker i solistensembler som Ensemble Storstr\u00f8m.<\/p>\n\n\n\n<p>I sin undervisning fokuserar Herbert p\u00e5 tekniska f\u00e4rdigheter, musikaliskt uttryck och en f\u00f6rdjupning i<br>musikens universum. Genom Music Academy Amager har han byggt upp ett rykte som en skicklig och engagerad och h\u00e4ngiven violinpedagog och \u00e4r ocks\u00e5 en framtr\u00e4dande figur i det klassiska musiklivet.<\/p>\n<\/div>\n\n\n\n<div class=\"wp-block-column is-layout-flow wp-block-column-is-layout-flow\">\n<figure class=\"wp-block-image size-full is-resized\"><img loading=\"lazy\" decoding=\"async\" width=\"276\" height=\"200\" src=\"https:\/\/www.tonlek.org\/se\/wp-content\/uploads\/sites\/2\/2023\/05\/Joan.jpeg\" alt=\"\" class=\"wp-image-461\" style=\"width:310px;height:225px\"\/><figcaption class=\"wp-element-caption\"><strong>Joan Faigen<\/strong>, Sverige<br><em>Violin<\/em><\/figcaption><\/figure>\n\n\n\n<p>Joan Faigen har en examen fr\u00e5n Juilliard School of Music i New York och har \u00e4ven en Master of Music-examen fr\u00e5n Shepherd School of Music vid Rice University d\u00e4r hon studerade under ledning av den uppskattade violinisten Sergiu Luca.<\/p>\n\n\n\n<p>Efter sina studier var hon violinist vid Florida Philharmonic i 15 \u00e5r. Hon var ocks\u00e5 medlem i South Florida Chamber Orchestra och Miami Grand Opera. 2003-2004 var Joan medlem i Renaissance Chamber Orchestra d\u00e4r hon upptr\u00e4dde b\u00e5de som konsertm\u00e4stare och solist.<\/p>\n\n\n\n<p>Under sina \u00e5r i Florida undervisade Joan p\u00e5 olika musikskolor, inklusive Dillard High School for the Arts och College Living Experience. Hon tj\u00e4nstgjorde dessutom som str\u00e5kcoach f\u00f6r Florida Youth Orchestra och Junior Renaissance Chamber Orkester.<\/p>\n\n\n\n<p>Som kammarmusiker har Joan upptr\u00e4tt med bland annat Mostly Baroque Players, Chamber Music South och Florida Chamber Virtuosi.<\/p>\n\n\n\n<p>F\u00f6r n\u00e4rvarande innehar Joan tj\u00e4nsten som alternerande st\u00e4mledare violin vid V\u00e4ster\u00e5s Sinfonietta och violinl\u00e4rare p\u00e5 b\u00e5de Birkag\u00e5rden Folkh\u00f6gskola och Lilla Akademien i Stockholm.<\/p>\n<\/div>\n\n\n\n<div class=\"wp-block-column is-layout-flow wp-block-column-is-layout-flow\">\n<figure class=\"wp-block-image size-full is-resized\"><img loading=\"lazy\" decoding=\"async\" width=\"367\" height=\"253\" src=\"https:\/\/www.tonlek.org\/se\/wp-content\/uploads\/sites\/2\/2023\/05\/sif2.jpg\" alt=\"\" class=\"wp-image-485\" style=\"width:325px;height:224px\" srcset=\"https:\/\/www.tonlek.org\/se\/wp-content\/uploads\/sites\/2\/2023\/05\/sif2.jpg 367w, https:\/\/www.tonlek.org\/se\/wp-content\/uploads\/sites\/2\/2023\/05\/sif2-300x207.jpg 300w\" sizes=\"auto, (max-width: 367px) 100vw, 367px\" \/><figcaption class=\"wp-element-caption\"><strong>Sif Margr\u00e9t Tulinius<\/strong>, Island <br><em>Violin<\/em><\/figcaption><\/figure>\n\n\n\n<p>Sif Margr\u00e9t tog sin solistdiplom vid Reykjaviks musikh\u00f6gskola v\u00e5ren 1991 under ledning av d\u00e5varande konsertm\u00e4staren i Islands symfoniorkester, professor Gu\u00f0n\u00fd Gu\u00f0mundsd\u00f3ttir. Hon tog sin masterexamen i violin vid Stony Brook&#8217;s musikavdelning i New York.<\/p>\n\n\n\n<p>Efter avslutade studier bosatte sig Sif Margr\u00e9t i Europa, d\u00e4r hon regelbundet framtr\u00e4dde med m\u00e5nga k\u00e4nda ensembler, bl.a. Ensemble Modern i Frankfurt, M\u00fcnchener Kammerorchester, Ensemble Oriol i Berlin och New York Symphonic Ensemble.<\/p>\n\n\n\n<p>H\u00f6sten 2000 tilltr\u00e4dde hon som assisterande konsertm\u00e4stare i Islands symfoniorkester, en tj\u00e4nst som hon innehade fram till 2016, d\u00e5 hon flyttade till Berlin f\u00f6r att framtr\u00e4da med orkestrar och ensembler som Berliner Philharmoniker, Deutsche Symphony Orkester Berlin och Potsdam Kammerphilharmonie.<\/p>\n\n\n\n<p>Sif Margr\u00e9t brinner f\u00f6r att undervisa i violin och arbetar f\u00f6r n\u00e4rvarande som violinl\u00e4rare vid Islands konstuniversitet och Musikh\u00f6gskolan i K\u00f3pavogur.<\/p>\n<\/div>\n<\/div>\n\n\n\n<div class=\"wp-block-columns is-layout-flex wp-container-core-columns-is-layout-9d6595d7 wp-block-columns-is-layout-flex\">\n<div class=\"wp-block-column is-layout-flow wp-block-column-is-layout-flow\">\n<figure class=\"wp-block-image size-full is-resized\"><img loading=\"lazy\" decoding=\"async\" width=\"259\" height=\"163\" src=\"https:\/\/www.tonlek.org\/se\/wp-content\/uploads\/sites\/2\/2023\/03\/steven-billede.jpg\" alt=\"\" class=\"wp-image-295\" style=\"width:361px;height:231px\"\/><figcaption class=\"wp-element-caption\"><strong>Steven<\/strong> <strong>Svensson<\/strong>, Sverige<br><em>Viola<\/em><\/figcaption><\/figure>\n\n\n\n<p>Steven studerade violin f\u00f6r Harald Thed\u00e9en vid Kungliga Musikh\u00f6gskolan i Stockholm d\u00e4r han tog en diplomexamen. Han fortsatte d\u00e4refter sina studier i USA f\u00f6r Sergiu Luca och \u00f6vergick d\u00e4refter alltmer till viola som huvudinstrument.<\/p>\n\n\n\n<p>Efter studietiden bosatte sig Steven Svensson i Florida d\u00e4r han var verksam i Florida Philharmonic Orchestra i arton \u00e5r. <\/p>\n\n\n\n<p>Ut\u00f6ver verksamheten som instrumentalist har han ocks\u00e5 varit dirigent f\u00f6r en rad olika ungdomsorkestrar, som Young Artists&#8217; Chamber Orchestra och Beethoven Festival Youth Orchestra.<\/p>\n\n\n\n<p>Sedan 2005 \u00e4r Steven Svensson \u00e5ter bosatt i Sverige och medlem i Kungliga Filharmonikernas violast\u00e4mma. Han medverkar ocks\u00e5 regelbundet vid Konserthusets kammarmusikserier i Gr\u00fcnewaldsalen, senast i september 2016.<\/p>\n\n\n\n<p>Steven underviser p\u00e5 Lilla Akademien, och p\u00e5 Kungliga Musikh\u00f6gskolan i Stockholm.<\/p>\n<\/div>\n\n\n\n<div class=\"wp-block-column is-layout-flow wp-block-column-is-layout-flow\">\n<figure class=\"wp-block-image size-full is-resized\"><img loading=\"lazy\" decoding=\"async\" width=\"367\" height=\"244\" src=\"https:\/\/www.tonlek.org\/se\/wp-content\/uploads\/sites\/2\/2024\/12\/Carl-Oscar-Osterlind.png\" alt=\"\" class=\"wp-image-696\" style=\"width:369px;height:232px\" srcset=\"https:\/\/www.tonlek.org\/se\/wp-content\/uploads\/sites\/2\/2024\/12\/Carl-Oscar-Osterlind.png 367w, https:\/\/www.tonlek.org\/se\/wp-content\/uploads\/sites\/2\/2024\/12\/Carl-Oscar-Osterlind-300x199.png 300w\" sizes=\"auto, (max-width: 367px) 100vw, 367px\" \/><figcaption class=\"wp-element-caption\"><strong><strong>Carl-Oscar \u00d8sterlind<\/strong><\/strong>, Danmark<br><em>Cello<\/em><\/figcaption><\/figure>\n\n\n\n<p>Carl-Oscar \u00e4r en av Danmarks mest m\u00e5ngsidiga musiker. \u00c5r 2020 sl\u00e4ppte han tre album med sonater av Brahms och Schnittke samt kammarmusik av Debussy. \u00c5r 2016 fick han Statens Konstfonds karri\u00e4rstipendium \u201dDen Unge Elite\u201d och har framtr\u00e4tt som solist och kammarmusiker i Skandinavien, Tyskland, England, USA och Kina.<\/p>\n\n\n\n<p>Carl-Oscar \u00e4r regelbundet g\u00e4stande solocellist hos bl.a. Aalborg, Odense och Islands symfoniorkestrar samt Copenhagen Phil. Han \u00e4r ocks\u00e5 en mycket aktiv kammarmusiker, bl.a. som medlem i ensemblerna Messiaen Quartet Copenhagen och Ensemble Mutatis.<\/p>\n\n\n\n<p>P\u00e5 senare \u00e5r har Carl-Oscar ocks\u00e5 gjort sig ett namn som dirigent f\u00f6r flera amat\u00f6r- och ungdomsorkestrar i Danmark och fr\u00e5n och med s\u00e4songen 2023\/2024 \u00e4r han permanent dirigent f\u00f6r Sankt Ann\u00e6 Symfoniorkester.<\/p>\n\n\n\n<p>Han har byggt upp ett gott rykte som pedagog p\u00e5 konservatoriets f\u00f6rberedande MGK-program i K\u00f6penhamn och Region Sj\u00e4lland, d\u00e4r m\u00e5nga av hans elever har antagits till de danska konservatorierna.<\/p>\n\n\n\n<p>Carl-Oscar har vunnit ett stort antal priser och t\u00e4vlingar, bland annat: Den Danske Strygerkonkurrence, P2 Kammermusikturnering, Trondheim Strygekvartettturnering och Jacob Gades Store Legat. Han har studerat f\u00f6r Morten Zeuthen i K\u00f6penhamn, Torleif Thedeen i Stockholm\/Edsberg och Ralph Kirshbaum i Los Angeles.<\/p>\n<\/div>\n\n\n\n<div class=\"wp-block-column is-layout-flow wp-block-column-is-layout-flow\">\n<figure class=\"wp-block-image size-full is-resized\"><img loading=\"lazy\" decoding=\"async\" width=\"259\" height=\"164\" src=\"https:\/\/www.tonlek.org\/se\/wp-content\/uploads\/sites\/2\/2023\/03\/jonasfranzon.jpg\" alt=\"\" class=\"wp-image-291\" style=\"width:368px;height:233px\"\/><figcaption class=\"wp-element-caption\"><strong>Jonas Franzon<\/strong>, Sverige\/Finland <br><em>Cello<\/em><\/figcaption><\/figure>\n\n\n\n<p>Jonas Franzon&nbsp;har studerat b\u00e5de p\u00e5 Musikh\u00f6gskolan i Malm\u00f6 f\u00f6r Mats Rondin och p\u00e5 Sibelius-Akademin f\u00f6r Martti Rousi och Raimo Sariola. Under Sariolas ledning tog han musikerexamen (Master of Fine Arts) i Malm\u00f6 och B- och A-examen i cellospel vid Svenska yrkesh\u00f6gskolan, bland annat som solist med Jakobstads orkester.<\/p>\n\n\n\n<p>Jonas har en befattning som cellol\u00e4rare delad mellan Musik- och kulturskolan Sandels i Helsingfors och Musikinstitutet Kungsv\u00e4gen i Esbo. Han har nyligen vidareutbildat sig i pedagogik p\u00e5 Snellman-Korkeakoulu och har f\u00f6rutom pedagogik ocks\u00e5 ett starkt intresse f\u00f6r kammarmusikverksamhet.<\/p>\n<\/div>\n<\/div>\n\n\n\n<div class=\"wp-block-columns is-layout-flex wp-container-core-columns-is-layout-9d6595d7 wp-block-columns-is-layout-flex\">\n<div class=\"wp-block-column is-layout-flow wp-block-column-is-layout-flow\">\n<figure class=\"wp-block-image size-full is-resized\"><img loading=\"lazy\" decoding=\"async\" width=\"484\" height=\"323\" src=\"https:\/\/www.tonlek.org\/se\/wp-content\/uploads\/sites\/2\/2024\/12\/Julie-Tandrup-Kock.png\" alt=\"\" class=\"wp-image-698\" style=\"width:360px;height:228px\" srcset=\"https:\/\/www.tonlek.org\/se\/wp-content\/uploads\/sites\/2\/2024\/12\/Julie-Tandrup-Kock.png 484w, https:\/\/www.tonlek.org\/se\/wp-content\/uploads\/sites\/2\/2024\/12\/Julie-Tandrup-Kock-300x200.png 300w\" sizes=\"auto, (max-width: 484px) 100vw, 484px\" \/><figcaption class=\"wp-element-caption\"><strong><strong>Julie Tandrup Kock<\/strong><\/strong>, Danmark<br><em>Cello<\/em><\/figcaption><\/figure>\n\n\n\n<p>Julie Tandrup Kock \u00e4r utbildad i USA, Schweiz, Italien och Danmark. Efter sina masterstudier antogs hon till b\u00e5de solistklassen i Danmark och det prestigefyllda solistprogrammet Post Formazione i Lugano i Schweiz, d\u00e4r hon studerade med en av v\u00e5r tids st\u00f6rsta celloikoner, den italienske solisten Enrico Dindo.<\/p>\n\n\n\n<p>\u00c5r 2013 avslutade hon solistprogrammet med en mycket bejublad debutkonsert. Som en del av sina studier har Julie ocks\u00e5 spelat med n\u00e5gra av v\u00e4rldens mest framst\u00e5ende cellister, bland andra Ralph Kirschbaum, Frans Helmersson och Erling Bl\u00f8ndal Bengtson.<\/p>\n\n\n\n<p>Julie \u00e4r en aktiv solist och kammarmusiker och har under de senaste \u00e5ren framtr\u00e4tt i Danmark, Argentina, USA, Schweiz, Sverige, Italien och England. Bland de senaste soloframtr\u00e4dandena m\u00e4rks Haydns cellokonsert i D-dur och Brahms dubbelkonsert med ARCO Chamber Orchestra samt Elgars cellokonsert med Amateur Symphony Orchestra. Hon har en s\u00e4rskild f\u00f6rk\u00e4rlek f\u00f6r kammarmusik och spelar i flera ensembler, bl a Amazone Quartet (mezzo, fl\u00f6jt, cello och piano), Summer Quartet (str\u00e5kkvartett), Kock\/Kirova Duo (cello och piano), Undertoner (cello och kontrabas) och duon Sopra il Cielo (cello och sopran).<\/p>\n<\/div>\n\n\n\n<div class=\"wp-block-column is-layout-flow wp-block-column-is-layout-flow\">\n<figure class=\"wp-block-image size-full is-resized\"><img loading=\"lazy\" decoding=\"async\" width=\"297\" height=\"190\" src=\"https:\/\/www.tonlek.org\/se\/wp-content\/uploads\/sites\/2\/2023\/05\/einars.jpeg\" alt=\"\" class=\"wp-image-455\" style=\"width:360px;height:228px\"\/><figcaption class=\"wp-element-caption\"><strong>Ein\u0101rs Everss<\/strong>, Danmark\/Lettland <br><em>Bas<\/em><\/figcaption><\/figure>\n\n\n\n<p>Ein\u0101rs Everss \u00e4r en prisbel\u00f6nt lettisk kontrabasist, f\u00f6r n\u00e4rvarande baserad i K\u00f6penhamn. Sedan april 2019 \u00e4r han medlem i Danmarks Nationalsymfoniorkester (DR Symfoniorkestret) d\u00e4r han innehar den ledande kontrabaspositionen.<\/p>\n\n\n\n<p>Som solist har Ein\u0101rs spelat med orkestrar som Simfonia Concertante (Riga, Lettland), Chamber Orchestra of Rezekne (Rezekne, Lettland) och PKF \u2013 Prague Philharmonia (Prag, Tjeckien).<\/p>\n\n\n\n<p>Ein\u0101rs har samarbetat med musiker som Nikolaj Szeps-Znaider, Carolin Widmann, Nils M\u00f6nkemeyer, Enrico Pace, Amalie Malling, Torleif Thedeen, Trio con Brio Copenhagen och m\u00e5nga andra.<\/p>\n\n\n\n<p>Ein\u0101rs tog nyligen examen fr\u00e5n solistklassen vid Kungliga Danska Musikkonservatoriet.<\/p>\n<\/div>\n\n\n\n<div class=\"wp-block-column is-layout-flow wp-block-column-is-layout-flow\">\n<figure class=\"wp-block-image size-full is-resized\"><img loading=\"lazy\" decoding=\"async\" width=\"259\" height=\"164\" src=\"https:\/\/www.tonlek.org\/se\/wp-content\/uploads\/sites\/2\/2023\/03\/annafranzon.jpg\" alt=\"\" class=\"wp-image-292\" style=\"width:360px;height:228px\"\/><figcaption class=\"wp-element-caption\"><strong>Anna Franzon<\/strong>, Finland\/Sverige<br><em>Piano<\/em><\/figcaption><\/figure>\n\n\n\n<p>Anna har studerat i Finland och Holland, b\u00e5de piano och cembalo, under ledning Anssi Mattila, Annamari P\u00f6lh\u00f6, Siebe Henstra, Janne Mertala och Naoko Ichihashi. I Finland fungerade hon i tio \u00e5r som ackompanjat\u00f6r vid Sibelius-Akademins avdelning f\u00f6r tidig musik och d\u00e4rut\u00f6ver i \u00f6ver femton \u00e5r som pedagog vid flera olika musikinstitut i Finland.<\/p>\n\n\n\n<p>Anna \u00e4lskar att spela kammarmusik med sina musikerkollegor och gillar allt fr\u00e5n tidig musik till v\u00e5r tids musik. Hon har bland annat uruppf\u00f6rt musik av den finske tons\u00e4ttaren Jyrki Linjama och av norrmannen Henrik Marstrander. Linjamas verk Completorium bandades ocks\u00e5 f\u00f6r YLEs (Rundradions) r\u00e4kning. <\/p>\n\n\n\n<p>Att f\u00f6rmedla musikgl\u00e4dje till barn och unga \u00e4r mycket viktigt f\u00f6r Anna Franzon och i numera undervisar hon vid Eskilstuna Kulturskola i Sverige, d\u00e4r hon bor sedan fem \u00e5r tillbaka.<\/p>\n<\/div>\n<\/div>\n\n\n\n<div class=\"wp-block-columns is-layout-flex wp-container-core-columns-is-layout-9d6595d7 wp-block-columns-is-layout-flex\">\n<div class=\"wp-block-column is-layout-flow wp-block-column-is-layout-flow\">\n<div class=\"wp-block-columns is-layout-flex wp-container-core-columns-is-layout-9d6595d7 wp-block-columns-is-layout-flex\">\n<div class=\"wp-block-column is-layout-flow wp-block-column-is-layout-flow\">\n<figure class=\"wp-block-image size-full is-resized\"><img loading=\"lazy\" decoding=\"async\" width=\"294\" height=\"294\" src=\"https:\/\/www.tonlek.org\/se\/wp-content\/uploads\/sites\/2\/2024\/12\/Jacob-Lidakra.png\" alt=\"\" class=\"wp-image-697\" style=\"object-fit:contain;width:360px;height:228px\" srcset=\"https:\/\/www.tonlek.org\/se\/wp-content\/uploads\/sites\/2\/2024\/12\/Jacob-Lidakra.png 294w, https:\/\/www.tonlek.org\/se\/wp-content\/uploads\/sites\/2\/2024\/12\/Jacob-Lidakra-150x150.png 150w\" sizes=\"auto, (max-width: 294px) 100vw, 294px\" \/><figcaption class=\"wp-element-caption\"><strong>Jacob Lid\u00e5kra, <\/strong>Danmark\/Sverige<br><em><em>Klaver<\/em><\/em><\/figcaption><\/figure>\n\n\n\n<p>Den svenskf\u00f6dde pianisten Jacob Lid\u00e5kra gjorde sin debut i november 2016 p\u00e5 Musikverein i Wien. Han har m\u00e5nga \u00e5rs erfarenhet som konsertpianist, kammarmusiker och ackompanjat\u00f6r och har framtr\u00e4tt vid ett stort antal festivaler och konserter i Norden och \u00f6vriga Europa. Han \u00e4r en \u00e5terkommande artist och stipendiat vid festivalen The International Holland Music Sessions och har turnerat med konsertserier i hela Nederl\u00e4nderna. Han har vunnit 2:a pris och b\u00e4sta samtida verk i Stockholm International Music Competition 2012, 2:a pris i Ljunggrenska t\u00e4vlingen 2016 och var den enda vinnaren av Yamahas stipendiet\u00e4vling i Finland 2017, d\u00e4r han ocks\u00e5 fick ett stipendium.<\/p>\n\n\n\n<p>Jacob har en masterexamen fr\u00e5n Sibelius-Akademin, d\u00e4r han studerade med prof. emerita Liisa Pohjola. Han har ocks\u00e5 varit elev vid Lake Como International Piano Academy Summer School under Stanislav Ioudenitch och William Nabor\u00e9.<\/p>\n\n\n\n<p>Vid sidan av sin solokarri\u00e4r har han alltid arbetat intensivt med s\u00e5ngare och instrumentalister och har studerat kammarmusik och ackompanjemang f\u00f6r bland andra Martin Katz och Ralf Goth\u00f3ni. Jacob har ocks\u00e5 varit ackompanjat\u00f6r i den internationella s\u00e5ngt\u00e4vlingen Mirjam Helin i Finland, undervisat i kammarmusik p\u00e5 Holstebro Masterclass och \u00e4r en \u00e5terkommande l\u00e4rare och ackompanjat\u00f6r p\u00e5 Birgit Nilsson Vocal Masterclasses. Jacob \u00e4r medgrundare till den internationella pianokvintetten Aurora Piano Quintet. De har spelat konserter i Tjeckien, Sverige och England, d\u00e4r de ocks\u00e5 startade Sevenoaks International Chamber Music Festival. Han \u00e4r ocks\u00e5 en erfaren och eftertraktad jurymedlem i b\u00e5de nationella och internationella musikt\u00e4vlingar. Sedan 2019 \u00e4r Jacob bosatt i Holstebro och undervisar i piano, kammarmusik och liedduo p\u00e5 OrkesterEfterskolen, d\u00e4r han ocks\u00e5 \u00e4r ansvarig f\u00f6r kammarmusikprogrammet och konstn\u00e4rlig ledare f\u00f6r OrkesterEfterskolans kammarmusikfestival.<\/p>\n<\/div>\n\n\n\n<div class=\"wp-block-column is-layout-flow wp-block-column-is-layout-flow\">\n<p><\/p>\n<\/div>\n\n\n\n<div class=\"wp-block-column is-layout-flow wp-block-column-is-layout-flow\">\n<p><\/p>\n<\/div>\n<\/div>\n<\/div>\n<\/div>\n\n\n\n<div style=\"height:16px\" aria-hidden=\"true\" class=\"wp-block-spacer\"><\/div>\n","protected":false},"excerpt":{"rendered":"<p>Damian Iorio f\u00f6ddes i London d\u00e4r han v\u00e4xte upp i en familj av italienska och engelska musiker. Han b\u00f6rjade sin musikaliska karri\u00e4r som violinist och spelade bland annat i Danmarks Radions symfoniorkester samtidigt som han studerade dirigering i Sankt Petersburg. Damian bor i dag i Italien med sin familj och 2006 fick han riddarorden Sant&#8217;Agata&hellip;&nbsp;<a href=\"https:\/\/www.tonlek.org\/se\/om-tonlek\/tidigare-ar\/dirigent-och-pedagoger-2025\/\" rel=\"bookmark\"><span class=\"screen-reader-text\">Dirigent och pedagoger 2025<\/span><\/a><\/p>\n","protected":false},"author":2,"featured_media":0,"parent":664,"menu_order":0,"comment_status":"closed","ping_status":"closed","template":"","meta":{"inline_featured_image":false,"neve_meta_sidebar":"","neve_meta_container":"","neve_meta_enable_content_width":"","neve_meta_content_width":0,"neve_meta_title_alignment":"","neve_meta_author_avatar":"","neve_post_elements_order":"","neve_meta_disable_header":"","neve_meta_disable_footer":"","neve_meta_disable_title":"","footnotes":""},"class_list":["post-726","page","type-page","status-publish","hentry"],"_links":{"self":[{"href":"https:\/\/www.tonlek.org\/se\/wp-json\/wp\/v2\/pages\/726","targetHints":{"allow":["GET"]}}],"collection":[{"href":"https:\/\/www.tonlek.org\/se\/wp-json\/wp\/v2\/pages"}],"about":[{"href":"https:\/\/www.tonlek.org\/se\/wp-json\/wp\/v2\/types\/page"}],"author":[{"embeddable":true,"href":"https:\/\/www.tonlek.org\/se\/wp-json\/wp\/v2\/users\/2"}],"replies":[{"embeddable":true,"href":"https:\/\/www.tonlek.org\/se\/wp-json\/wp\/v2\/comments?post=726"}],"version-history":[{"count":4,"href":"https:\/\/www.tonlek.org\/se\/wp-json\/wp\/v2\/pages\/726\/revisions"}],"predecessor-version":[{"id":739,"href":"https:\/\/www.tonlek.org\/se\/wp-json\/wp\/v2\/pages\/726\/revisions\/739"}],"up":[{"embeddable":true,"href":"https:\/\/www.tonlek.org\/se\/wp-json\/wp\/v2\/pages\/664"}],"wp:attachment":[{"href":"https:\/\/www.tonlek.org\/se\/wp-json\/wp\/v2\/media?parent=726"}],"curies":[{"name":"wp","href":"https:\/\/api.w.org\/{rel}","templated":true}]}}