{"id":668,"date":"2024-12-03T20:51:10","date_gmt":"2024-12-03T19:51:10","guid":{"rendered":"https:\/\/www.tonlek.org\/se\/?page_id=668"},"modified":"2024-12-03T20:51:11","modified_gmt":"2024-12-03T19:51:11","slug":"dirigent-och-pedagoger-2024","status":"publish","type":"page","link":"https:\/\/www.tonlek.org\/se\/om-tonlek\/tidigare-ar\/dirigent-och-pedagoger-2024\/","title":{"rendered":"Dirigent och pedagoger 2024"},"content":{"rendered":"\n<p>H\u00e4r nedan kan du l\u00e4sa mer om de som var dirigent och l\u00e4rare p\u00e5 T\u00f3nlek 2024. Samtliga \u00e4r framst\u00e5ende musiker och pedagoger. T\u00f3nleks l\u00e4rare kommer fr\u00e5n hela Norden,\u00a0och\u00a0vi har samarbetspartner i alla nordiska l\u00e4nder, bland annat\u00a0Jeunesse\u00a0Musicales\u00a0i Norge, Harpa International Music Academy p\u00e5 Island, Riksf\u00f6rbundet Unga Musikanter i Sverige och Musik\u00a0og\u00a0Ungdom i Danmark.<\/p>\n\n\n\n<div class=\"wp-block-columns is-layout-flex wp-container-core-columns-is-layout-9d6595d7 wp-block-columns-is-layout-flex\">\n<div class=\"wp-block-column is-layout-flow wp-block-column-is-layout-flow\">\n<figure class=\"wp-block-image size-full is-resized\"><img loading=\"lazy\" decoding=\"async\" width=\"259\" height=\"164\" src=\"https:\/\/www.tonlek.org\/se\/wp-content\/uploads\/sites\/2\/2023\/03\/damiano2.jpg\" alt=\"\" class=\"wp-image-288\" style=\"width:314px;height:199px\"\/><figcaption class=\"wp-element-caption\"><strong>Damian Iorio<\/strong>, Italien<br><em>Dirigent<\/em><\/figcaption><\/figure>\n\n\n\n<p id=\"tw-target-text\">Damian Iorio f\u00f6ddes i London d\u00e4r han v\u00e4xte upp i en familj av italienska och engelska musiker. Han b\u00f6rjade sin musikaliska karri\u00e4r som violinist och spelade bland annat i Danmarks Radions symfoniorkester samtidigt som han studerade dirigering i Sankt Petersburg. Damian bor i dag i Italien med sin familj och 2006 fick han riddarorden Sant&#8217;Agata fr\u00e5n San Marino som ett erk\u00e4nnande f\u00f6r hans musikaliska arbete. Den engelsk-italienske&nbsp;Damian&nbsp;talar idag b\u00e5de danska och svenska.<\/p>\n\n\n\n<p id=\"tw-target-text\">Damians repertoar \u00e4r bred, med tyngdpunkten p\u00e5 senromantiken, det tidiga 1900-talet och allra nyaste musiken. Damians stora intresse f\u00f6r ny musik har gett honom m\u00f6jlighet att genomf\u00f6ra flera premi\u00e4rer i n\u00e4ra samarbete med komposit\u00f6rerna. <\/p>\n\n\n\n<p id=\"tw-target-text\">Damian Iorio har varit konstn\u00e4rlig ledare och chefsdirigent f\u00f6r Murmansk Symfoniorkester, d\u00e4r b\u00e5de opera och symfonisk musik finns p\u00e5 repertoaren. Han arbetar ocks\u00e5 mycket med unga musiker och \u00e4r konstn\u00e4rlig ledare f\u00f6r The National Youth String Orchestra i Storbritannien. <\/p>\n\n\n\n<p id=\"tw-target-text\">I juni 2014 blev Damian musikchef f\u00f6r Milton Keynes City Orchestra (England). <\/p>\n<\/div>\n\n\n\n<div class=\"wp-block-column is-layout-flow wp-block-column-is-layout-flow\">\n<figure class=\"wp-block-image size-full is-resized\"><img loading=\"lazy\" decoding=\"async\" width=\"259\" height=\"165\" src=\"https:\/\/www.tonlek.org\/se\/wp-content\/uploads\/sites\/2\/2023\/03\/annemarie.jpg\" alt=\"\" class=\"wp-image-293\" style=\"width:312px;height:199px\"\/><figcaption class=\"wp-element-caption\"><strong>Anne Marie Kj\u00e6rulff<\/strong>, Danmark<br><em>Violin<\/em><\/figcaption><\/figure>\n\n\n\n<p id=\"tw-target-text\">Anne Marie Kj\u00e6rulff \u00e4r violinist i DR Symfoniorkestern. Hon \u00e4r \u00e4ven verksam som kammarmusiker, l\u00e4rare och instrukt\u00f6r. <\/p>\n\n\n\n<p id=\"tw-target-text\">Anne Marie har spelat i Athelas Sinfonietta n\u00e4r det var Statens Ensemble. Hon har ocks\u00e5 varit med och startat Ensemble 2000 och spelat med dem under ett antal \u00e5r, ocks\u00e5 i m\u00e5nga radios\u00e4ndningar och CD-inspelningar av ny musik. <\/p>\n\n\n\n<p id=\"tw-target-text\">Anne Marie har undervisat vid Kent State University, Ohio, och undervisar nu vid Goldschmidts musikakademi i K\u00f6penhamn. <\/p>\n\n\n\n<p id=\"tw-target-text\">Hon \u00e4r utbildad vid Det Kongelige Danske Musikkonservatorium med Prof. Milan Vitek och i Ohio med Almita och Roland Vamos p\u00e5 Oberlin Conservatory. <\/p>\n\n\n\n<p id=\"tw-target-text\">Anne Marie var nordisk projektkoordinator f\u00f6r NYSS i Helsingfors 2016 och i Danmark 2018 samt f\u00f6r T\u00f3nlek 2019, 2021, 2022 och 2023.<\/p>\n<\/div>\n\n\n\n<div class=\"wp-block-column is-layout-flow wp-block-column-is-layout-flow\">\n<figure class=\"wp-block-image size-full is-resized\"><img loading=\"lazy\" decoding=\"async\" width=\"860\" height=\"549\" src=\"https:\/\/www.tonlek.org\/se\/wp-content\/uploads\/sites\/2\/2024\/07\/liana_2.jpg\" alt=\"\" class=\"wp-image-613\" style=\"width:310px;height:196px\" srcset=\"https:\/\/www.tonlek.org\/se\/wp-content\/uploads\/sites\/2\/2024\/07\/liana_2.jpg 860w, https:\/\/www.tonlek.org\/se\/wp-content\/uploads\/sites\/2\/2024\/07\/liana_2-300x192.jpg 300w, https:\/\/www.tonlek.org\/se\/wp-content\/uploads\/sites\/2\/2024\/07\/liana_2-768x490.jpg 768w\" sizes=\"auto, (max-width: 860px) 100vw, 860px\" \/><figcaption class=\"wp-element-caption\"><strong>Liana Svensson<\/strong><br><em>Violin<\/em><\/figcaption><\/figure>\n\n\n\n<p>Liana Svensson \u00e4r aktivt engagerad b\u00e5de som orkestermusiker och violinl\u00e4rare. &nbsp;Hon \u00e4r uppv\u00e4xt i Florida men \u00e4r sedan 2005 baserad i Stockholm.&nbsp;&nbsp;2018 anst\u00e4lldes hon som violinist i V\u00e4ster\u00e5s Sinfonietta. Hon ocks\u00e5 \u00e4r violinl\u00e4rare och ensembleledare p\u00e5 Lilla Akademien.&nbsp;Hon \u00e4r \u00e4ven en grundande medlem i O\/Modernt Kammarorkester som fr\u00e5n starten 2014 har tagit sin plats p\u00e5 internationella scener.&nbsp;<\/p>\n\n\n\n<p>Liana tog sin kandidat examen p\u00e5 Mannheim Musikhochschule studerandes f\u00f6r Marco Rizzi och fortsatte sina studier f\u00f6r Per Enoksson p\u00e5 Edsbergs Slotts Kammarmusikutbildning.&nbsp;&nbsp;Som alumn fr\u00e5n Lilla Akademien har Liana \u00e5terv\u00e4nt som l\u00e4rare, h\u00e4ngiven att lyfta fram en tradition av \u00f6ppensinnad och energisk musikalitet.<\/p>\n\n\n\n<p><\/p>\n<\/div>\n<\/div>\n\n\n\n<div class=\"wp-block-columns is-layout-flex wp-container-core-columns-is-layout-9d6595d7 wp-block-columns-is-layout-flex\">\n<div class=\"wp-block-column is-layout-flow wp-block-column-is-layout-flow\">\n<figure class=\"wp-block-image size-full is-resized\"><img loading=\"lazy\" decoding=\"async\" width=\"259\" height=\"164\" src=\"https:\/\/www.tonlek.org\/se\/wp-content\/uploads\/sites\/2\/2023\/03\/Gudny.jpg\" alt=\"\" class=\"wp-image-290\" style=\"width:354px;height:223px\"\/><figcaption class=\"wp-element-caption\"><strong>Gudny Gudmundsdottir<\/strong>, Island<br><em>Violin<\/em><\/figcaption><\/figure>\n\n\n\n<p>Gudny&nbsp;Gudmundsdottir&nbsp;utn\u00e4mndes till f\u00f6rste konsertm\u00e4stare vid Islands Symfoniorkester (ISO) h\u00f6sten 1974, d\u00e4r hon blev kvar till 2010. Vid sidan av hennes arbete f\u00f6r ISO har hon varit en av Islands ledande violinl\u00e4rare i n\u00e4ra femtio \u00e5r. 2018 utn\u00e4mndes Gudny till hedersprofessor vid Islands Konsth\u00f6gskola. Hon undervisar ocks\u00e5 en klass med talangfulla unga studenter vid Musikh\u00f6gskolan i Reykjav\u00edk.<\/p>\n\n\n\n<p>Gudny&nbsp;har upptr\u00e4tt som solist tillsammans med orkestrar p\u00e5 Island, i USA, Mexico, Hong-Kong och Puerto Rico. Hon gjorde&nbsp;premi\u00e4r p\u00e5&nbsp;Island med n\u00e5gra av de stora violinkonserterna fr\u00e5n 1900-talet, exempelvis konserter av Stravinsky, Elgar och Britten. Hon har h\u00e5llit framtr\u00e4danden i Israel, Japan, Kina och i flera andra europeiska l\u00e4nder.<\/p>\n\n\n\n<p>Gudny har varit g\u00e4stprofessor vid University of Beijing, Kina, University of Houston Texas, Logan School of Music i Denver, Astona International i Schweiz och Barratt Due Institute i Norge f\u00f6r att n\u00e4mna n\u00e5gra. Hon har en BM-examen fr\u00e5n Eastman School of Music, diploma fr\u00e5n The Royal College of Music i London och en M.M. fr\u00e5n Juilliard 1974.<\/p>\n\n\n\n<p><\/p>\n<\/div>\n\n\n\n<div class=\"wp-block-column is-layout-flow wp-block-column-is-layout-flow\">\n<figure class=\"wp-block-image size-full is-resized\"><img loading=\"lazy\" decoding=\"async\" width=\"276\" height=\"200\" src=\"https:\/\/www.tonlek.org\/se\/wp-content\/uploads\/sites\/2\/2023\/05\/Joan.jpeg\" alt=\"\" class=\"wp-image-461\" style=\"width:310px;height:225px\"\/><figcaption class=\"wp-element-caption\"><strong>Joan Faigen<\/strong>, Sverige<br><em>Violin<\/em><\/figcaption><\/figure>\n\n\n\n<p>Joan Faigen har en examen fr\u00e5n Juilliard School of Music i New York och har \u00e4ven en Master of Music-examen fr\u00e5n Shepherd School of Music vid Rice University d\u00e4r hon studerade under ledning av den uppskattade violinisten Sergiu Luca.<\/p>\n\n\n\n<p>Efter sina studier var hon violinist vid Florida Philharmonic i 15 \u00e5r. Hon var ocks\u00e5 medlem i South Florida Chamber Orchestra och Miami Grand Opera. 2003-2004 var Joan medlem i Renaissance Chamber Orchestra d\u00e4r hon upptr\u00e4dde b\u00e5de som konsertm\u00e4stare och solist.<\/p>\n\n\n\n<p>Under sina \u00e5r i Florida undervisade Joan p\u00e5 olika musikskolor, inklusive Dillard High School for the Arts och College Living Experience. Hon tj\u00e4nstgjorde dessutom som str\u00e5kcoach f\u00f6r Florida Youth Orchestra och Junior Renaissance Chamber Orkester.<\/p>\n\n\n\n<p>Som kammarmusiker har Joan upptr\u00e4tt med bland annat Mostly Baroque Players, Chamber Music South och Florida Chamber Virtuosi.<\/p>\n\n\n\n<p>F\u00f6r n\u00e4rvarande innehar Joan tj\u00e4nsten som alternerande st\u00e4mledare violin vid V\u00e4ster\u00e5s Sinfonietta och violinl\u00e4rare p\u00e5 b\u00e5de Birkag\u00e5rden Folkh\u00f6gskola och Lilla Akademien i Stockholm.<\/p>\n<\/div>\n\n\n\n<div class=\"wp-block-column is-layout-flow wp-block-column-is-layout-flow\">\n<figure class=\"wp-block-image size-full is-resized\"><img loading=\"lazy\" decoding=\"async\" width=\"259\" height=\"163\" src=\"https:\/\/www.tonlek.org\/se\/wp-content\/uploads\/sites\/2\/2023\/03\/steven-billede.jpg\" alt=\"\" class=\"wp-image-295\" style=\"width:325px;height:224px\"\/><figcaption class=\"wp-element-caption\"><strong>Steven<\/strong> <strong>Svensson<\/strong>, Sverige<br><em>Viola<\/em><\/figcaption><\/figure>\n\n\n\n<p>Steven studerade violin f\u00f6r Harald Thed\u00e9en vid Kungliga Musikh\u00f6gskolan i Stockholm d\u00e4r han tog en diplomexamen. Han fortsatte d\u00e4refter sina studier i USA f\u00f6r Sergiu Luca och \u00f6vergick d\u00e4refter alltmer till viola som huvudinstrument.<\/p>\n\n\n\n<p>Efter studietiden bosatte sig Steven Svensson i Florida d\u00e4r han var verksam i Florida Philharmonic Orchestra i arton \u00e5r. <\/p>\n\n\n\n<p>Ut\u00f6ver verksamheten som instrumentalist har han ocks\u00e5 varit dirigent f\u00f6r en rad olika ungdomsorkestrar, som Young Artists&#8217; Chamber Orchestra och Beethoven Festival Youth Orchestra.<\/p>\n\n\n\n<p>Sedan 2005 \u00e4r Steven Svensson \u00e5ter bosatt i Sverige och medlem i Kungliga Filharmonikernas violast\u00e4mma. Han medverkar ocks\u00e5 regelbundet vid Konserthusets kammarmusikserier i Gr\u00fcnewaldsalen, senast i september 2016.<\/p>\n\n\n\n<p>Steven underviser p\u00e5 Lilla Akademien, och p\u00e5 Kungliga Musikh\u00f6gskolan i Stockholm.<\/p>\n<\/div>\n<\/div>\n\n\n\n<div class=\"wp-block-columns is-layout-flex wp-container-core-columns-is-layout-9d6595d7 wp-block-columns-is-layout-flex\">\n<div class=\"wp-block-column is-layout-flow wp-block-column-is-layout-flow\">\n<figure class=\"wp-block-image size-full is-resized\"><img loading=\"lazy\" decoding=\"async\" width=\"259\" height=\"164\" src=\"https:\/\/www.tonlek.org\/se\/wp-content\/uploads\/sites\/2\/2023\/03\/jonasfranzon.jpg\" alt=\"\" class=\"wp-image-291\" style=\"width:368px;height:233px\"\/><figcaption class=\"wp-element-caption\"><strong>Jonas Franzon<\/strong>, Sverige\/Finland <br><em>Cello<\/em><\/figcaption><\/figure>\n\n\n\n<p>Jonas Franzon&nbsp;har studerat b\u00e5de p\u00e5 Musikh\u00f6gskolan i Malm\u00f6 f\u00f6r Mats Rondin och p\u00e5 Sibelius-Akademin f\u00f6r Martti Rousi och Raimo Sariola. Under Sariolas ledning tog han musikerexamen (Master of Fine Arts) i Malm\u00f6 och B- och A-examen i cellospel vid Svenska yrkesh\u00f6gskolan, bland annat som solist med Jakobstads orkester.<\/p>\n\n\n\n<p>Jonas har en befattning som cellol\u00e4rare delad mellan Musik- och kulturskolan Sandels i Helsingfors och Musikinstitutet Kungsv\u00e4gen i Esbo. Han har nyligen vidareutbildat sig i pedagogik p\u00e5 Snellman-Korkeakoulu och har f\u00f6rutom pedagogik ocks\u00e5 ett starkt intresse f\u00f6r kammarmusikverksamhet.<\/p>\n\n\n\n<p><\/p>\n\n\n\n<p><\/p>\n<\/div>\n\n\n\n<div class=\"wp-block-column is-layout-flow wp-block-column-is-layout-flow\">\n<figure class=\"wp-block-image size-full is-resized\"><img loading=\"lazy\" decoding=\"async\" width=\"297\" height=\"190\" src=\"https:\/\/www.tonlek.org\/se\/wp-content\/uploads\/sites\/2\/2023\/05\/einars.jpeg\" alt=\"\" class=\"wp-image-455\" style=\"width:361px;height:231px\"\/><figcaption class=\"wp-element-caption\"><strong>Ein\u0101rs Everss<\/strong>, Danmark\/Lettland <br><em>Bas<\/em><\/figcaption><\/figure>\n\n\n\n<p>Ein\u0101rs Everss \u00e4r en prisbel\u00f6nt lettisk kontrabasist, f\u00f6r n\u00e4rvarande baserad i K\u00f6penhamn. Sedan april 2019 \u00e4r han medlem i Danmarks Nationalsymfoniorkester (DR Symfoniorkestret) d\u00e4r han innehar den ledande kontrabaspositionen.<\/p>\n\n\n\n<p>Som solist har Ein\u0101rs spelat med orkestrar som Simfonia Concertante (Riga, Lettland), Chamber Orchestra of Rezekne (Rezekne, Lettland) och PKF \u2013 Prague Philharmonia (Prag, Tjeckien).<\/p>\n\n\n\n<p>Ein\u0101rs har samarbetat med musiker som Nikolaj Szeps-Znaider, Carolin Widmann, Nils M\u00f6nkemeyer, Enrico Pace, Amalie Malling, Torleif Thedeen, Trio con Brio Copenhagen och m\u00e5nga andra.<\/p>\n\n\n\n<p>Ein\u0101rs tog nyligen examen fr\u00e5n solistklassen vid Kungliga Danska Musikkonservatoriet.<\/p>\n<\/div>\n\n\n\n<div class=\"wp-block-column is-layout-flow wp-block-column-is-layout-flow\">\n<figure class=\"wp-block-image size-full is-resized\"><img loading=\"lazy\" decoding=\"async\" width=\"259\" height=\"164\" src=\"https:\/\/www.tonlek.org\/se\/wp-content\/uploads\/sites\/2\/2023\/03\/annafranzon.jpg\" alt=\"\" class=\"wp-image-292\" style=\"width:369px;height:232px\"\/><figcaption class=\"wp-element-caption\"><strong>Anna Franzon<\/strong>, Finland\/Sverige<br><em>Piano<\/em><\/figcaption><\/figure>\n\n\n\n<p>Anna har studerat i Finland och Holland, b\u00e5de piano och cembalo, under ledning Anssi Mattila, Annamari P\u00f6lh\u00f6, Siebe Henstra, Janne Mertala och Naoko Ichihashi. I Finland fungerade hon i tio \u00e5r som ackompanjat\u00f6r vid Sibelius-Akademins avdelning f\u00f6r tidig musik och d\u00e4rut\u00f6ver i \u00f6ver femton \u00e5r som pedagog vid flera olika musikinstitut i Finland.<\/p>\n\n\n\n<p>Anna \u00e4lskar att spela kammarmusik med sina musikerkollegor och gillar allt fr\u00e5n tidig musik till v\u00e5r tids musik. Hon har bland annat uruppf\u00f6rt musik av den finske tons\u00e4ttaren Jyrki Linjama och av norrmannen Henrik Marstrander. Linjamas verk Completorium bandades ocks\u00e5 f\u00f6r YLEs (Rundradions) r\u00e4kning. <\/p>\n\n\n\n<p>Att f\u00f6rmedla musikgl\u00e4dje till barn och unga \u00e4r mycket viktigt f\u00f6r Anna Franzon och i numera undervisar hon vid Eskilstuna Kulturskola i Sverige, d\u00e4r hon bor sedan fem \u00e5r tillbaka.<\/p>\n\n\n\n<p><\/p>\n<\/div>\n<\/div>\n\n\n\n<div class=\"wp-block-columns is-layout-flex wp-container-core-columns-is-layout-9d6595d7 wp-block-columns-is-layout-flex\">\n<div class=\"wp-block-column is-layout-flow wp-block-column-is-layout-flow\">\n<figure class=\"wp-block-image size-full is-resized\"><img loading=\"lazy\" decoding=\"async\" width=\"259\" height=\"164\" src=\"https:\/\/www.tonlek.org\/se\/wp-content\/uploads\/sites\/2\/2023\/03\/theresehugosson.jpg\" alt=\"\" class=\"wp-image-305\" style=\"width:360px;height:228px\"\/><figcaption class=\"wp-element-caption\"><strong>Therese Hugosson<\/strong>, Sverige<br><em>Folkmusik och dans<\/em><\/figcaption><\/figure>\n\n\n\n<p>Therese Hugosson \u00e4r musiker, musikl\u00e4rare och kulturentrepren\u00f6r. Hon har varit projektledare f\u00f6r T\u00f3nlek i Sverige sedan 2019 och \u00e4r det \u00e4ven nu 2024. Therese har sedan 2009 frilansat som musiker p\u00e5 tr\u00e4bl\u00e5s och piano med huvudinriktning klarinett och har dessutom jobbat som musikl\u00e4rare i drygt tio \u00e5r. <\/p>\n\n\n\n<p>Therese \u00e4r utbildad vid Musikh\u00f6gskolan Ingesund och har studerat klassisk klarinett f\u00f6r Karin Dornbusch, Lars-Gunnar W\u00e5hlstedt och Henrik Nordqvist. <\/p>\n\n\n\n<p>Therese har ocks\u00e5 studerat svensk traditionell folkmusik f\u00f6r riksspelmannen Pers-Nils Toft, rikspelmannen med Zornm\u00e4rket i guld, Alf Olsson och folk-\/v\u00e4rldsmusikgitarristen Mattias Perez. Therese blev f\u00f6rsta kvinnliga riksspelmannen n\u00e5gonsin p\u00e5 klarinett 2017. <\/p>\n\n\n\n<p>I maj 2023 sl\u00e4pper hon sitt debutalbum med traditionella folkmusikl\u00e5tar och egenskrivet material.<\/p>\n<\/div>\n\n\n\n<div class=\"wp-block-column is-layout-flow wp-block-column-is-layout-flow\">\n<figure class=\"wp-block-image size-full is-resized\"><img loading=\"lazy\" decoding=\"async\" width=\"1199\" height=\"747\" src=\"https:\/\/www.tonlek.org\/se\/wp-content\/uploads\/sites\/2\/2024\/07\/hampus_2.jpg\" alt=\"\" class=\"wp-image-617\" style=\"width:360px;height:228px\" srcset=\"https:\/\/www.tonlek.org\/se\/wp-content\/uploads\/sites\/2\/2024\/07\/hampus_2.jpg 1199w, https:\/\/www.tonlek.org\/se\/wp-content\/uploads\/sites\/2\/2024\/07\/hampus_2-300x187.jpg 300w, https:\/\/www.tonlek.org\/se\/wp-content\/uploads\/sites\/2\/2024\/07\/hampus_2-1024x638.jpg 1024w, https:\/\/www.tonlek.org\/se\/wp-content\/uploads\/sites\/2\/2024\/07\/hampus_2-768x478.jpg 768w\" sizes=\"auto, (max-width: 1199px) 100vw, 1199px\" \/><figcaption class=\"wp-element-caption\"><strong><strong>Hampus Linderholm<\/strong><\/strong>, Sverige<br><em>Cello<\/em><\/figcaption><\/figure>\n\n\n\n<p>Hampus Linderholm \u00e4r fast anst\u00e4lld som st\u00e4mledare p\u00e5 G\u00f6teborgsOperan. Han har studerat vid musikh\u00f6gskolor i G\u00f6teborg, Stockholm och K\u00f6ln, bland annat f\u00f6r Frans Helmerson. Vidare har han tagit del av m\u00e4starkurser av William Pleeth, Ralph Kirchbaum, Lynn Harrell, Heinrich Schiff och dirigenten Seiji Ozawa.&nbsp;Hampus har spelat p\u00e5 festivaler och t\u00e4vlingar i Europa, USA, Nya Zeeland och flera g\u00e5nger medverkat i Sveriges Radio P2, SWR och SVT. Han har varit inbjuden solist och kammarmusiker&nbsp;p\u00e5&nbsp;flera kammarmusikfestivaler och stora scener i Europa som&nbsp;Verbier, Schwetzinger Festspiele, Polarpriset, Seiji Ozawas festival i Blonay och&nbsp;Gotland Chambermusic festival. Mellan 2007\u20132010 var Hampus konstn\u00e4rlig ledare f\u00f6r&nbsp;Str\u00e4ngn\u00e4s Summermusic.&nbsp;&nbsp;<\/p>\n\n\n\n<p>Som solist har han spelat cellokonserter av Saint-Sa\u00ebns, Schumann, Dvorak, Elgar, Haydn, Martinu och Sjostakovitj med bland annat Kungliga Filharmonin, GWO och&nbsp;SAMI. P\u00e5&nbsp;frilansbasis har han arbetat som solocellist med bland annat Dalasinfoniettan Norrlandsoperan, Camerata Nordica, Norrbottens kammarorkester, Norrk\u00f6pings Symfoniorkester, Helsingborgs Symfoniorkester, G\u00f6teborgs Symfonikerna och Svenska Kammarorkestern.&nbsp;&nbsp;<\/p>\n\n\n\n<p>Hampus har undervisat som lektor i cello och kammarmusik p\u00e5 musikh\u00f6gskolan i \u00d6rebro, i Stavanger och&nbsp;p\u00e5 musikh\u00f6gskolorna i G\u00f6teborg, Ingesund, Pite\u00e5 och Oslo.&nbsp;<\/p>\n<\/div>\n\n\n\n<div class=\"wp-block-column is-layout-flow wp-block-column-is-layout-flow\">\n<figure class=\"wp-block-image size-full is-resized\"><img loading=\"lazy\" decoding=\"async\" width=\"352\" height=\"209\" src=\"https:\/\/www.tonlek.org\/se\/wp-content\/uploads\/sites\/2\/2024\/07\/mariarostotsky_2.jpg\" alt=\"\" class=\"wp-image-615\" style=\"width:360px;height:228px\" srcset=\"https:\/\/www.tonlek.org\/se\/wp-content\/uploads\/sites\/2\/2024\/07\/mariarostotsky_2.jpg 352w, https:\/\/www.tonlek.org\/se\/wp-content\/uploads\/sites\/2\/2024\/07\/mariarostotsky_2-300x178.jpg 300w\" sizes=\"auto, (max-width: 352px) 100vw, 352px\" \/><figcaption class=\"wp-element-caption\"><strong><strong>Maria Rostotsky<\/strong><\/strong>, Sverige<br><em>Piano<\/em><\/figcaption><\/figure>\n\n\n\n<p>Maria Rostotsky har sedan debuten med Kungliga Filharmonikerna p\u00e5 Konserthuset i Brahms andra pianokonsert etablerat sig som en av Sveriges mest m\u00e5ngsidiga musiker. Hennes turn\u00e9karta str\u00e4cker sig \u00f6ver Europa, Japan, Hong Kong, Turkiet, Ryssland med upptr\u00e4danden p\u00e5 scener som Barbican Centre, Concertgebouw Amsterdam, St Martin-inthe-<br>Fields, Tokyo Opera City Concert Hall, Stockholms Konserthus och Berwaldhallen.<br><br>Maria Rostotsky \u00e4r flitigt anlitad som kammarmusiker och har varit inbjuden till festivaler som Holland Music Sessions, Stenungsund Kammarmusik Festival, Musik vid Siljan, B\u00e5stad Kammarmusikfestival, Connect-festivalen och G\u00f6teborgs Pianofestival. Hon har gjort ett flertal inspelningar f\u00f6r Sveriges Radio P2 och SVT b\u00e5de som solist och i den radios\u00e4nda kammarmusikserien Chamber Unplugged.<br><br>Maria samarbetar ofta med andra konstformer och har gjort ett flertal uppm\u00e4rksammade program med text, musik och dans. Hon \u00e4r \u00e4ven verksam som sk\u00e5despelare och har medverkat i ett antal uppm\u00e4rksammade teaterf\u00f6rest\u00e4llningar p\u00e5 bland annat Stockholms Stadsteater och Teater Giljotin. Hon \u00e4r \u00e4ven en av initiativtagarna och konstn\u00e4rliga ledarna f\u00f6r kammarmusikserien Chambre Giljotin p\u00e5 Teater Giljotin.<\/p>\n\n\n\n<p><br><\/p>\n<\/div>\n<\/div>\n\n\n\n<div style=\"height:16px\" aria-hidden=\"true\" class=\"wp-block-spacer\"><\/div>\n\n\n\n<div class=\"wp-block-columns is-layout-flex wp-container-core-columns-is-layout-9d6595d7 wp-block-columns-is-layout-flex\">\n<div class=\"wp-block-column is-layout-flow wp-block-column-is-layout-flow\"><div class=\"wp-block-image\">\n<figure class=\"aligncenter size-large\"><a href=\"https:\/\/www.tonlek.org\/se\/tonlek\/\"><img loading=\"lazy\" decoding=\"async\" width=\"1024\" height=\"683\" src=\"https:\/\/tonlek.org\/se\/wp-content\/uploads\/sites\/2\/2023\/03\/68D68879-8871-4259-8442-2EA35FF5999C-1024x683.jpeg\" alt=\"\" class=\"wp-image-51\" srcset=\"https:\/\/www.tonlek.org\/se\/wp-content\/uploads\/sites\/2\/2023\/03\/68D68879-8871-4259-8442-2EA35FF5999C-1024x683.jpeg 1024w, https:\/\/www.tonlek.org\/se\/wp-content\/uploads\/sites\/2\/2023\/03\/68D68879-8871-4259-8442-2EA35FF5999C-300x200.jpeg 300w, https:\/\/www.tonlek.org\/se\/wp-content\/uploads\/sites\/2\/2023\/03\/68D68879-8871-4259-8442-2EA35FF5999C-768x512.jpeg 768w, https:\/\/www.tonlek.org\/se\/wp-content\/uploads\/sites\/2\/2023\/03\/68D68879-8871-4259-8442-2EA35FF5999C-1536x1024.jpeg 1536w, https:\/\/www.tonlek.org\/se\/wp-content\/uploads\/sites\/2\/2023\/03\/68D68879-8871-4259-8442-2EA35FF5999C-2048x1366.jpeg 2048w, https:\/\/www.tonlek.org\/se\/wp-content\/uploads\/sites\/2\/2023\/03\/68D68879-8871-4259-8442-2EA35FF5999C-930x620.jpeg 930w\" sizes=\"auto, (max-width: 1024px) 100vw, 1024px\" \/><\/a><\/figure>\n<\/div>\n\n\n<div style=\"height:15px\" aria-hidden=\"true\" class=\"wp-block-spacer\"><\/div>\n\n\n\n<h4 class=\"wp-block-heading has-text-align-center\"><a href=\"https:\/\/www.tonlek.org\/se\/tonlek\/\" data-type=\"link\" data-id=\"https:\/\/www.tonlek.org\/se\/tonlek\/\">T\u00f3nlek 2025<\/a><\/h4>\n\n\n\n<p>Repertoaren f\u00f6r alla orkestrar b\u00f6rjar ta form. Allt \u00e4r upplagt f\u00f6r ett fantastiskt l\u00e4ger!<\/p>\n<\/div>\n\n\n\n<div class=\"wp-block-column is-layout-flow wp-block-column-is-layout-flow\"><div class=\"wp-block-image\">\n<figure class=\"aligncenter size-large\"><a href=\"https:\/\/www.tonlek.org\/se\/repertoar-och-noter\/\"><img loading=\"lazy\" decoding=\"async\" width=\"1024\" height=\"683\" src=\"https:\/\/www.tonlek.org\/se\/wp-content\/uploads\/sites\/2\/2023\/03\/632346A9-4E6D-420E-B70D-C88BF370977D-1024x683.jpeg\" alt=\"\" class=\"wp-image-64\" srcset=\"https:\/\/www.tonlek.org\/se\/wp-content\/uploads\/sites\/2\/2023\/03\/632346A9-4E6D-420E-B70D-C88BF370977D-1024x683.jpeg 1024w, https:\/\/www.tonlek.org\/se\/wp-content\/uploads\/sites\/2\/2023\/03\/632346A9-4E6D-420E-B70D-C88BF370977D-300x200.jpeg 300w, https:\/\/www.tonlek.org\/se\/wp-content\/uploads\/sites\/2\/2023\/03\/632346A9-4E6D-420E-B70D-C88BF370977D-768x512.jpeg 768w, https:\/\/www.tonlek.org\/se\/wp-content\/uploads\/sites\/2\/2023\/03\/632346A9-4E6D-420E-B70D-C88BF370977D-1536x1024.jpeg 1536w, https:\/\/www.tonlek.org\/se\/wp-content\/uploads\/sites\/2\/2023\/03\/632346A9-4E6D-420E-B70D-C88BF370977D-2048x1366.jpeg 2048w, https:\/\/www.tonlek.org\/se\/wp-content\/uploads\/sites\/2\/2023\/03\/632346A9-4E6D-420E-B70D-C88BF370977D-930x620.jpeg 930w\" sizes=\"auto, (max-width: 1024px) 100vw, 1024px\" \/><\/a><\/figure>\n<\/div>\n\n\n<div style=\"height:15px\" aria-hidden=\"true\" class=\"wp-block-spacer\"><\/div>\n\n\n\n<h4 class=\"wp-block-heading has-text-align-center\"><a href=\"https:\/\/www.tonlek.org\/se\/repertoar-och-noter\/\">Repertoar och noter<\/a> <\/h4>\n\n\n\n<p>H\u00e4r hittar du bruttorepertoaren f\u00f6r alla orkestrar tillsammans med noter och l\u00e4nkar till ljud. <\/p>\n<\/div>\n\n\n\n<div class=\"wp-block-column is-layout-flow wp-block-column-is-layout-flow\"><div class=\"wp-block-image\">\n<figure class=\"aligncenter size-large\"><a href=\"https:\/\/www.tonlek.org\/se\/praktisk-information\/\"><img loading=\"lazy\" decoding=\"async\" width=\"1024\" height=\"683\" src=\"https:\/\/www.tonlek.org\/se\/wp-content\/uploads\/sites\/2\/2023\/03\/D43B6977-344D-4320-90E1-2394559F0239-1024x683.jpeg\" alt=\"\" class=\"wp-image-62\" srcset=\"https:\/\/www.tonlek.org\/se\/wp-content\/uploads\/sites\/2\/2023\/03\/D43B6977-344D-4320-90E1-2394559F0239-1024x683.jpeg 1024w, https:\/\/www.tonlek.org\/se\/wp-content\/uploads\/sites\/2\/2023\/03\/D43B6977-344D-4320-90E1-2394559F0239-300x200.jpeg 300w, https:\/\/www.tonlek.org\/se\/wp-content\/uploads\/sites\/2\/2023\/03\/D43B6977-344D-4320-90E1-2394559F0239-768x512.jpeg 768w, https:\/\/www.tonlek.org\/se\/wp-content\/uploads\/sites\/2\/2023\/03\/D43B6977-344D-4320-90E1-2394559F0239-1536x1024.jpeg 1536w, https:\/\/www.tonlek.org\/se\/wp-content\/uploads\/sites\/2\/2023\/03\/D43B6977-344D-4320-90E1-2394559F0239-2048x1366.jpeg 2048w, https:\/\/www.tonlek.org\/se\/wp-content\/uploads\/sites\/2\/2023\/03\/D43B6977-344D-4320-90E1-2394559F0239-930x620.jpeg 930w\" sizes=\"auto, (max-width: 1024px) 100vw, 1024px\" \/><\/a><\/figure>\n<\/div>\n\n\n<div style=\"height:15px\" aria-hidden=\"true\" class=\"wp-block-spacer\"><\/div>\n\n\n\n<h4 class=\"wp-block-heading has-text-align-center\"><a href=\"https:\/\/www.tonlek.org\/se\/praktisk-information\/\">Praktisk information<\/a><\/h4>\n\n\n\n<p>Allt om saker som anm\u00e4lan, plats, tid, boende, mat och kostnader. <\/p>\n<\/div>\n<\/div>\n","protected":false},"excerpt":{"rendered":"<p>H\u00e4r nedan kan du l\u00e4sa mer om de som var dirigent och l\u00e4rare p\u00e5 T\u00f3nlek 2024. Samtliga \u00e4r framst\u00e5ende musiker och pedagoger. T\u00f3nleks l\u00e4rare kommer fr\u00e5n hela Norden,\u00a0och\u00a0vi har samarbetspartner i alla nordiska l\u00e4nder, bland annat\u00a0Jeunesse\u00a0Musicales\u00a0i Norge, Harpa International Music Academy p\u00e5 Island, Riksf\u00f6rbundet Unga Musikanter i Sverige och Musik\u00a0og\u00a0Ungdom i Danmark. Damian Iorio f\u00f6ddes&hellip;&nbsp;<a href=\"https:\/\/www.tonlek.org\/se\/om-tonlek\/tidigare-ar\/dirigent-och-pedagoger-2024\/\" rel=\"bookmark\"><span class=\"screen-reader-text\">Dirigent och pedagoger 2024<\/span><\/a><\/p>\n","protected":false},"author":2,"featured_media":0,"parent":664,"menu_order":0,"comment_status":"closed","ping_status":"closed","template":"","meta":{"inline_featured_image":false,"neve_meta_sidebar":"","neve_meta_container":"","neve_meta_enable_content_width":"","neve_meta_content_width":0,"neve_meta_title_alignment":"","neve_meta_author_avatar":"","neve_post_elements_order":"","neve_meta_disable_header":"","neve_meta_disable_footer":"","neve_meta_disable_title":"","footnotes":""},"class_list":["post-668","page","type-page","status-publish","hentry"],"_links":{"self":[{"href":"https:\/\/www.tonlek.org\/se\/wp-json\/wp\/v2\/pages\/668","targetHints":{"allow":["GET"]}}],"collection":[{"href":"https:\/\/www.tonlek.org\/se\/wp-json\/wp\/v2\/pages"}],"about":[{"href":"https:\/\/www.tonlek.org\/se\/wp-json\/wp\/v2\/types\/page"}],"author":[{"embeddable":true,"href":"https:\/\/www.tonlek.org\/se\/wp-json\/wp\/v2\/users\/2"}],"replies":[{"embeddable":true,"href":"https:\/\/www.tonlek.org\/se\/wp-json\/wp\/v2\/comments?post=668"}],"version-history":[{"count":1,"href":"https:\/\/www.tonlek.org\/se\/wp-json\/wp\/v2\/pages\/668\/revisions"}],"predecessor-version":[{"id":669,"href":"https:\/\/www.tonlek.org\/se\/wp-json\/wp\/v2\/pages\/668\/revisions\/669"}],"up":[{"embeddable":true,"href":"https:\/\/www.tonlek.org\/se\/wp-json\/wp\/v2\/pages\/664"}],"wp:attachment":[{"href":"https:\/\/www.tonlek.org\/se\/wp-json\/wp\/v2\/media?parent=668"}],"curies":[{"name":"wp","href":"https:\/\/api.w.org\/{rel}","templated":true}]}}