{"id":39,"date":"2023-03-22T12:18:38","date_gmt":"2023-03-22T11:18:38","guid":{"rendered":"https:\/\/tonlek.dev.rumforum.se\/se\/?page_id=39"},"modified":"2026-03-09T10:35:12","modified_gmt":"2026-03-09T09:35:12","slug":"dirigent-och-pedagoger","status":"publish","type":"page","link":"https:\/\/www.tonlek.org\/se\/tonlek\/dirigent-och-pedagoger\/","title":{"rendered":"Dirigent och pedagoger"},"content":{"rendered":"\n<p>H\u00e4r nedan kan du l\u00e4sa mer om dirigent och l\u00e4rare p\u00e5 T\u00f3nlek 2026, samtliga \u00e4r framst\u00e5ende musiker och pedagoger. T\u00f3nleks l\u00e4rare kommer fr\u00e5n hela Norden,&nbsp;och&nbsp;vi har samarbetspartner i alla nordiska l\u00e4nder, bland annat&nbsp;Jeunesse&nbsp;Musicales&nbsp;i Norge, Harpa International Music Academy p\u00e5 Island, Riksf\u00f6rbundet Unga Musikanter i Sverige och Musik&nbsp;og&nbsp;Ungdom i Danmark.<\/p>\n\n\n\n<div class=\"wp-block-columns is-layout-flex wp-container-core-columns-is-layout-9d6595d7 wp-block-columns-is-layout-flex\">\n<div class=\"wp-block-column is-layout-flow wp-block-column-is-layout-flow\">\n<figure class=\"wp-block-image size-full is-resized\"><img loading=\"lazy\" decoding=\"async\" width=\"259\" height=\"164\" src=\"https:\/\/www.tonlek.org\/se\/wp-content\/uploads\/sites\/2\/2023\/03\/damiano2.jpg\" alt=\"\" class=\"wp-image-288\" style=\"width:314px;height:199px\"\/><figcaption class=\"wp-element-caption\"><strong>Damian Iorio<\/strong>, Italien<br><em>Dirigent<\/em><\/figcaption><\/figure>\n\n\n\n<p id=\"tw-target-text\">Damian Iorio f\u00f6ddes i London d\u00e4r han v\u00e4xte upp i en familj av italienska och engelska musiker. Han b\u00f6rjade sin musikaliska karri\u00e4r som violinist och spelade bland annat i Danmarks Radions symfoniorkester samtidigt som han studerade dirigering i Sankt Petersburg. Damian bor i dag i Italien med sin familj och 2006 fick han riddarorden Sant&#8217;Agata fr\u00e5n San Marino som ett erk\u00e4nnande f\u00f6r hans musikaliska arbete. Den engelsk-italienske&nbsp;Damian&nbsp;talar idag b\u00e5de danska och svenska.<\/p>\n\n\n\n<p id=\"tw-target-text\">Damians repertoar \u00e4r bred, med tyngdpunkten p\u00e5 senromantiken, det tidiga 1900-talet och allra nyaste musiken. Damians stora intresse f\u00f6r ny musik har gett honom m\u00f6jlighet att genomf\u00f6ra flera premi\u00e4rer i n\u00e4ra samarbete med komposit\u00f6rerna. <\/p>\n\n\n\n<p id=\"tw-target-text\">Damian Iorio har varit konstn\u00e4rlig ledare och chefsdirigent f\u00f6r Murmansk Symfoniorkester, d\u00e4r b\u00e5de opera och symfonisk musik finns p\u00e5 repertoaren. Han arbetar ocks\u00e5 mycket med unga musiker och \u00e4r konstn\u00e4rlig ledare f\u00f6r The National Youth String Orchestra i Storbritannien. <\/p>\n\n\n\n<p id=\"tw-target-text\">I juni 2014 blev Damian musikchef f\u00f6r Milton Keynes City Orchestra (England). <\/p>\n<\/div>\n\n\n\n<div class=\"wp-block-column is-layout-flow wp-block-column-is-layout-flow\">\n<figure class=\"wp-block-image size-full is-resized\"><img loading=\"lazy\" decoding=\"async\" width=\"259\" height=\"165\" src=\"https:\/\/www.tonlek.org\/se\/wp-content\/uploads\/sites\/2\/2023\/03\/annemarie.jpg\" alt=\"\" class=\"wp-image-293\" style=\"width:312px;height:199px\"\/><figcaption class=\"wp-element-caption\"><strong>Anne Marie Kj\u00e6rulff<\/strong>, Danmark<br><em>Violin<\/em><\/figcaption><\/figure>\n\n\n\n<p id=\"tw-target-text\">Anne Marie Kj\u00e6rulff \u00e4r violinist i DR Symfoniorkestern. Hon \u00e4r \u00e4ven verksam som kammarmusiker, l\u00e4rare och instrukt\u00f6r. <\/p>\n\n\n\n<p id=\"tw-target-text\">Anne Marie har spelat i Athelas Sinfonietta n\u00e4r det var Statens Ensemble. Hon har ocks\u00e5 varit med och startat Ensemble 2000 och spelat med dem under ett antal \u00e5r, ocks\u00e5 i m\u00e5nga radios\u00e4ndningar och CD-inspelningar av ny musik. <\/p>\n\n\n\n<p id=\"tw-target-text\">Anne Marie har undervisat vid Kent State University, Ohio, och undervisar nu vid Goldschmidts musikakademi i K\u00f6penhamn. <\/p>\n\n\n\n<p id=\"tw-target-text\">Hon \u00e4r utbildad vid Det Kongelige Danske Musikkonservatorium med Prof. Milan Vitek och i Ohio med Almita och Roland Vamos p\u00e5 Oberlin Conservatory. <\/p>\n\n\n\n<p id=\"tw-target-text\">Anne Marie var nordisk projektkoordinator f\u00f6r NYSS i Helsingfors 2016 och i Danmark 2018 samt f\u00f6r T\u00f3nlek 2019, 2021, 2022 och 2023.<\/p>\n<\/div>\n\n\n\n<div class=\"wp-block-column is-layout-flow wp-block-column-is-layout-flow\">\n<figure class=\"wp-block-image size-full is-resized\"><img loading=\"lazy\" decoding=\"async\" width=\"2560\" height=\"2067\" src=\"https:\/\/www.tonlek.org\/se\/wp-content\/uploads\/sites\/2\/2026\/01\/C-A-31-ChristinaAstrand_Fotocredit-Bjarne-Staehr-scaled.jpg\" alt=\"\" class=\"wp-image-810\" style=\"aspect-ratio:1.2384943181818182;width:283px;height:auto\" srcset=\"https:\/\/www.tonlek.org\/se\/wp-content\/uploads\/sites\/2\/2026\/01\/C-A-31-ChristinaAstrand_Fotocredit-Bjarne-Staehr-scaled.jpg 2560w, https:\/\/www.tonlek.org\/se\/wp-content\/uploads\/sites\/2\/2026\/01\/C-A-31-ChristinaAstrand_Fotocredit-Bjarne-Staehr-300x242.jpg 300w, https:\/\/www.tonlek.org\/se\/wp-content\/uploads\/sites\/2\/2026\/01\/C-A-31-ChristinaAstrand_Fotocredit-Bjarne-Staehr-1024x827.jpg 1024w, https:\/\/www.tonlek.org\/se\/wp-content\/uploads\/sites\/2\/2026\/01\/C-A-31-ChristinaAstrand_Fotocredit-Bjarne-Staehr-768x620.jpg 768w, https:\/\/www.tonlek.org\/se\/wp-content\/uploads\/sites\/2\/2026\/01\/C-A-31-ChristinaAstrand_Fotocredit-Bjarne-Staehr-1536x1240.jpg 1536w, https:\/\/www.tonlek.org\/se\/wp-content\/uploads\/sites\/2\/2026\/01\/C-A-31-ChristinaAstrand_Fotocredit-Bjarne-Staehr-2048x1654.jpg 2048w\" sizes=\"auto, (max-width: 2560px) 100vw, 2560px\" \/><figcaption class=\"wp-element-caption\"><strong>Christina \u00c5strand<\/strong>, Danmark<br>Violin<\/figcaption><\/figure>\n\n\n\n<p>Christina \u00c5strand (f. 1969) \u00e4r p\u00e5 alla s\u00e4tt en ytterst anm\u00e4rkningsv\u00e4rd och<br>m\u00e5ngsidig violinist, vare sig det g\u00e4ller hennes verksamhet som solist,<br>kammarmusiker eller i DR Symfoniorkestern, d\u00e4r hon har varit konsertm\u00e4stare<br>sedan hon \u00e5r 1993, endast 22 \u00e5r gammal, vann t\u00e4vlingen om den eftertraktade<br>platsen.<\/p>\n\n\n\n<p>Hennes repertoar inom b\u00e5de solokonserter och kammarmusik str\u00e4cker sig fr\u00e5n<br>de klassiska m\u00e4sterverken till helt nutida musik, och hon \u00e4r k\u00e4nd f\u00f6r sina<br>alltid sp\u00e4nnande och personliga tolkningar.<\/p>\n\n\n\n<p>Hon har uruppf\u00f6rt och spelat in \u00e5tskilliga violinkonserter och \u00e4r bland de f\u00e5<br>violinister i v\u00e4rlden som beh\u00e4rskar Gy\u00f6rgy Ligetis violinkonsert.<br>Hennes cd-inspelning med Ligetis och N\u00f8rg\u00e5rds violinkonserter tillsammans med<br>DR Symfoniorkestern och Thomas Dausgaard tilldelades \u00e5r 2001 det<br>prestigefyllda franska priset Diapason d\u2019Or.<\/p>\n\n\n\n<p>\u00c5strand har g\u00e4stat m\u00e5nga symfoniorkestrar, s\u00e4rskilt i Norden, med stora<br>klassiska violinkonserter, och framf\u00f6r allt cd-inspelningen med violinkonserter<br>av N.W. Gade, Lange-M\u00fcller och Rued Langgaard har r\u00f6nt stor internationell<br>framg\u00e5ng. Den gav henne bland annat en inbjudan att framf\u00f6ra Gades<br>violinkonsert med Chicago Philharmonic Orchestra.<\/p>\n\n\n\n<p>Hennes starka intresse f\u00f6r dansk guld\u00e5ldersmusik kommer ocks\u00e5 till uttryck i en<br>ytterligare cd-produktion, d\u00e5 hon h\u00f6sten 2020 gav ut en cd med ok\u00e4nda danska<br>romanser f\u00f6r violin och orkester tillsammans med finska Turku<br>Philharmonic Orchestra.<\/p>\n\n\n\n<p>Ny musik har alltid legat henne varmt om hj\u00e4rtat, vilket lett till f\u00f6ljande citat<br>av Christina \u00c5strand:<br>\u201dSamarbetet med nu levande tons\u00e4ttare har alltid intresserat mig, eftersom det<br>g\u00f6r musiken levande \u2013 meningsfull; pl\u00f6tsligt s\u00e4tts helt konkreta ord p\u00e5 den.<br>Jag kan arbeta med nya klangf\u00e4rger och speltekniker tillsammans med<br>tons\u00e4ttarna, och inspirationen g\u00e5r \u00e5t b\u00e5da h\u00e5ll.<br>Detta arbete har ocks\u00e5 kastat ett helt annat ljus \u00f6ver \u2019den gamla musiken\u2019 f\u00f6r<br>mig. Den var i b\u00f6rjan av min karri\u00e4r f\u00f6rknippad med alltf\u00f6r m\u00e5nga dogmer och<br>regler, och det gav mig en k\u00e4nsla av att vara inst\u00e4ngd i traditionens strama<br>bojor. I dag k\u00e4nner jag mig fri, oavsett vilken musik jag spelar.\u201d<\/p>\n\n\n\n<p>Christina \u00c5strand har, b\u00e5de som kammarmusiker och som solist, samarbetat med<br>och uruppf\u00f6rt \u00e5tskilliga verk av danska tons\u00e4ttare \u2013 b\u00e5de etablerade namn som<br>Hans Abrahamsen, Per N\u00f8rg\u00e5rd och Pelle Gudmundsen-Holmgreen samt<br>tons\u00e4ttare fr\u00e5n den allra yngsta generationen.<\/p>\n\n\n\n<p>Senast har hon uruppf\u00f6rt dubbelkonserten \u201dNachtmusik\u201d av Allan Gravgaard<br>Madsen tillsammans med Per Salo och DR Symfoniorkestern. Verket \u00e4r inspelat<br>tillsammans med Gudmundsen-Holmgreens \u201dF\u00f6r violin och orkester\u201d och cd:n<br>har utgivits p\u00e5 skivbolaget Dacapo.<\/p>\n\n\n\n<p>Kammarmusiken utg\u00f6r en viktig del av Christina \u00c5strands repertoar.<br>Sedan 1996 har hon spelat i Duo \u00c5strand\/Salo tillsammans med pianisten Per<br>Salo; ut\u00f6ver otaliga konserter har de \u00e4ven spelat in flera mycket hyllade och<br>prisbel\u00f6nta cd-utg\u00e5vor.<\/p>\n\n\n\n<p>Christina \u00c5strand \u00e4r riddare av Dannebrog och har dessutom mottagit<br>\u00e5tskilliga priser och utm\u00e4rkelser.<br>Hon nominerades \u00e5r 2019 till Nordiska r\u00e5dets musikpris.<\/p>\n\n\n\n<p>Christina \u00c5strand spelar p\u00e5 en Stradivarius fr\u00e5n 1705.<\/p>\n<\/div>\n<\/div>\n\n\n\n<div class=\"wp-block-columns is-layout-flex wp-container-core-columns-is-layout-9d6595d7 wp-block-columns-is-layout-flex\">\n<div class=\"wp-block-column is-layout-flow wp-block-column-is-layout-flow\">\n<figure class=\"wp-block-image size-full is-resized\"><img loading=\"lazy\" decoding=\"async\" width=\"1382\" height=\"922\" src=\"https:\/\/www.tonlek.org\/se\/wp-content\/uploads\/sites\/2\/2024\/12\/Herbert.jpg\" alt=\"\" class=\"wp-image-695\" style=\"width:354px;height:223px\" srcset=\"https:\/\/www.tonlek.org\/se\/wp-content\/uploads\/sites\/2\/2024\/12\/Herbert.jpg 1382w, https:\/\/www.tonlek.org\/se\/wp-content\/uploads\/sites\/2\/2024\/12\/Herbert-300x200.jpg 300w, https:\/\/www.tonlek.org\/se\/wp-content\/uploads\/sites\/2\/2024\/12\/Herbert-1024x683.jpg 1024w, https:\/\/www.tonlek.org\/se\/wp-content\/uploads\/sites\/2\/2024\/12\/Herbert-768x512.jpg 768w, https:\/\/www.tonlek.org\/se\/wp-content\/uploads\/sites\/2\/2024\/12\/Herbert-930x620.jpg 930w\" sizes=\"auto, (max-width: 1382px) 100vw, 1382px\" \/><figcaption class=\"wp-element-caption\"><strong>Herbert Boersma<\/strong>,Danmark<br><em>Violin<\/em><\/figcaption><\/figure>\n\n\n\n<p>Herbert Boersma \u00e4r en v\u00e4lrenommerad violinpedagog och solistutbildad violinist som har n\u00e5tt stor framg\u00e5ng som pedagog, han \u00e4r k\u00e4nd f\u00f6r att inspirera och utveckla unga violinister.<br>Som grundare och chef f\u00f6r Music Academy Amager har Herbert p\u00e5 bara n\u00e5gra \u00e5r skapat en erk\u00e4nd musikskola med h\u00f6g standard och en ambiti\u00f6s inst\u00e4llning till musikutbildning.<\/p>\n\n\n\n<p>Herberts utbildning omfattar 10 \u00e5rs studier vid konservatorier i Danmark och<br>framst\u00e5ende violinprofessorer i USA och Polen. Herbert har upptr\u00e4tt med danska<br>symfoniorkestrar och deltagit i olika musikprojekt i Danmark och utomlands.<br>Han \u00e4r \u00e4ven kammarmusiker i solistensembler som Ensemble Storstr\u00f8m.<\/p>\n\n\n\n<p>I sin undervisning fokuserar Herbert p\u00e5 tekniska f\u00e4rdigheter, musikaliskt uttryck och en f\u00f6rdjupning i<br>musikens universum. Genom Music Academy Amager har han byggt upp ett rykte som en skicklig och engagerad och h\u00e4ngiven violinpedagog och \u00e4r ocks\u00e5 en framtr\u00e4dande figur i det klassiska musiklivet.<\/p>\n<\/div>\n\n\n\n<div class=\"wp-block-column is-layout-flow wp-block-column-is-layout-flow\">\n<figure class=\"wp-block-image size-full is-resized\"><img loading=\"lazy\" decoding=\"async\" width=\"276\" height=\"200\" src=\"https:\/\/www.tonlek.org\/se\/wp-content\/uploads\/sites\/2\/2023\/05\/Joan.jpeg\" alt=\"\" class=\"wp-image-461\" style=\"object-fit:cover;width:310px;height:199px\"\/><figcaption class=\"wp-element-caption\"><strong>Joan Faigen<\/strong>, Sverige<br><em>Violin<\/em><\/figcaption><\/figure>\n\n\n\n<p>Joan Faigen har en examen fr\u00e5n Juilliard School of Music i New York och har \u00e4ven en Master of Music-examen fr\u00e5n Shepherd School of Music vid Rice University d\u00e4r hon studerade under ledning av den uppskattade violinisten Sergiu Luca.<\/p>\n\n\n\n<p>Efter sina studier var hon violinist vid Florida Philharmonic i 15 \u00e5r. Hon var ocks\u00e5 medlem i South Florida Chamber Orchestra och Miami Grand Opera. 2003-2004 var Joan medlem i Renaissance Chamber Orchestra d\u00e4r hon upptr\u00e4dde b\u00e5de som konsertm\u00e4stare och solist.<\/p>\n\n\n\n<p>Under sina \u00e5r i Florida undervisade Joan p\u00e5 olika musikskolor, inklusive Dillard High School for the Arts och College Living Experience. Hon tj\u00e4nstgjorde dessutom som str\u00e5kcoach f\u00f6r Florida Youth Orchestra och Junior Renaissance Chamber Orkester.<\/p>\n\n\n\n<p>Som kammarmusiker har Joan upptr\u00e4tt med bland annat Mostly Baroque Players, Chamber Music South och Florida Chamber Virtuosi.<\/p>\n\n\n\n<p>F\u00f6r n\u00e4rvarande innehar Joan tj\u00e4nsten som alternerande st\u00e4mledare violin vid V\u00e4ster\u00e5s Sinfonietta och violinl\u00e4rare p\u00e5 b\u00e5de Birkag\u00e5rden Folkh\u00f6gskola och Lilla Akademien i Stockholm..<\/p>\n<\/div>\n\n\n\n<div class=\"wp-block-column is-layout-flow wp-block-column-is-layout-flow\">\n<figure class=\"wp-block-image size-full is-resized\"><img loading=\"lazy\" decoding=\"async\" width=\"367\" height=\"253\" src=\"https:\/\/www.tonlek.org\/se\/wp-content\/uploads\/sites\/2\/2023\/05\/sif2.jpg\" alt=\"\" class=\"wp-image-485\" style=\"aspect-ratio:1.4508928571428572;width:325px;height:auto\" srcset=\"https:\/\/www.tonlek.org\/se\/wp-content\/uploads\/sites\/2\/2023\/05\/sif2.jpg 367w, https:\/\/www.tonlek.org\/se\/wp-content\/uploads\/sites\/2\/2023\/05\/sif2-300x207.jpg 300w\" sizes=\"auto, (max-width: 367px) 100vw, 367px\" \/><figcaption class=\"wp-element-caption\"><strong>Sif Margr\u00e9t Tulinius<\/strong>, Island <br><em>Violin<\/em><\/figcaption><\/figure>\n\n\n\n<p>Sif Margr\u00e9t tog sin solistdiplom vid Reykjaviks musikh\u00f6gskola v\u00e5ren 1991 under ledning av d\u00e5varande konsertm\u00e4staren i Islands symfoniorkester, professor Gu\u00f0n\u00fd Gu\u00f0mundsd\u00f3ttir. Hon tog sin masterexamen i violin vid Stony Brook&#8217;s musikavdelning i New York.<\/p>\n\n\n\n<p>Efter avslutade studier bosatte sig Sif Margr\u00e9t i Europa, d\u00e4r hon regelbundet framtr\u00e4dde med m\u00e5nga k\u00e4nda ensembler, bl.a. Ensemble Modern i Frankfurt, M\u00fcnchener Kammerorchester, Ensemble Oriol i Berlin och New York Symphonic Ensemble.<\/p>\n\n\n\n<p>H\u00f6sten 2000 tilltr\u00e4dde hon som assisterande konsertm\u00e4stare i Islands symfoniorkester, en tj\u00e4nst som hon innehade fram till 2016, d\u00e5 hon flyttade till Berlin f\u00f6r att framtr\u00e4da med orkestrar och ensembler som Berliner Philharmoniker, Deutsche Symphony Orkester Berlin och Potsdam Kammerphilharmonie.<\/p>\n\n\n\n<p>Sif Margr\u00e9t brinner f\u00f6r att undervisa i violin och arbetar f\u00f6r n\u00e4rvarande som violinl\u00e4rare vid Islands konstuniversitet och Musikh\u00f6gskolan i K\u00f3pavogur.<\/p>\n<\/div>\n<\/div>\n\n\n\n<div class=\"wp-block-columns is-layout-flex wp-container-core-columns-is-layout-9d6595d7 wp-block-columns-is-layout-flex\">\n<div class=\"wp-block-column is-layout-flow wp-block-column-is-layout-flow\">\n<figure class=\"wp-block-image size-full is-resized\"><img loading=\"lazy\" decoding=\"async\" width=\"259\" height=\"163\" src=\"https:\/\/www.tonlek.org\/se\/wp-content\/uploads\/sites\/2\/2023\/03\/steven-billede.jpg\" alt=\"\" class=\"wp-image-295\" style=\"width:361px;height:231px\"\/><figcaption class=\"wp-element-caption\"><strong>Steven<\/strong> <strong>Svensson<\/strong>, Sverige<br><em>Viola<\/em><\/figcaption><\/figure>\n\n\n\n<p>Steven studerade violin f\u00f6r Harald Thed\u00e9en vid Kungliga Musikh\u00f6gskolan i Stockholm d\u00e4r han tog en diplomexamen. Han fortsatte d\u00e4refter sina studier i USA f\u00f6r Sergiu Luca och \u00f6vergick d\u00e4refter alltmer till viola som huvudinstrument.<\/p>\n\n\n\n<p>Efter studietiden bosatte sig Steven Svensson i Florida d\u00e4r han var verksam i Florida Philharmonic Orchestra i arton \u00e5r. <\/p>\n\n\n\n<p>Ut\u00f6ver verksamheten som instrumentalist har han ocks\u00e5 varit dirigent f\u00f6r en rad olika ungdomsorkestrar, som Young Artists&#8217; Chamber Orchestra och Beethoven Festival Youth Orchestra.<\/p>\n\n\n\n<p>Sedan 2005 \u00e4r Steven Svensson \u00e5ter bosatt i Sverige och medlem i Kungliga Filharmonikernas violast\u00e4mma. Han medverkar ocks\u00e5 regelbundet vid Konserthusets kammarmusikserier i Gr\u00fcnewaldsalen, senast i september 2016.<\/p>\n\n\n\n<p>Steven underviser p\u00e5 Lilla Akademien, och p\u00e5 Kungliga Musikh\u00f6gskolan i Stockholm.<\/p>\n<\/div>\n\n\n\n<div class=\"wp-block-column is-layout-flow wp-block-column-is-layout-flow\">\n<figure class=\"wp-block-image size-full is-resized\"><img loading=\"lazy\" decoding=\"async\" width=\"367\" height=\"244\" src=\"https:\/\/www.tonlek.org\/se\/wp-content\/uploads\/sites\/2\/2024\/12\/Carl-Oscar-Osterlind.png\" alt=\"\" class=\"wp-image-696\" style=\"width:369px;height:232px\" srcset=\"https:\/\/www.tonlek.org\/se\/wp-content\/uploads\/sites\/2\/2024\/12\/Carl-Oscar-Osterlind.png 367w, https:\/\/www.tonlek.org\/se\/wp-content\/uploads\/sites\/2\/2024\/12\/Carl-Oscar-Osterlind-300x199.png 300w\" sizes=\"auto, (max-width: 367px) 100vw, 367px\" \/><figcaption class=\"wp-element-caption\"><strong><strong>Carl-Oscar \u00d8sterlind<\/strong><\/strong>, Danmark<br><em>Cello<\/em><\/figcaption><\/figure>\n\n\n\n<p>Carl-Oscar \u00e4r en av Danmarks mest m\u00e5ngsidiga musiker. \u00c5r 2020 sl\u00e4ppte han tre album med sonater av Brahms och Schnittke samt kammarmusik av Debussy. \u00c5r 2016 fick han Statens Konstfonds karri\u00e4rstipendium \u201dDen Unge Elite\u201d och har framtr\u00e4tt som solist och kammarmusiker i Skandinavien, Tyskland, England, USA och Kina.<\/p>\n\n\n\n<p>Carl-Oscar \u00e4r regelbundet g\u00e4stande solocellist hos bl.a. Aalborg, Odense och Islands symfoniorkestrar samt Copenhagen Phil. Han \u00e4r ocks\u00e5 en mycket aktiv kammarmusiker, bl.a. som medlem i ensemblerna Messiaen Quartet Copenhagen och Ensemble Mutatis.<\/p>\n\n\n\n<p>P\u00e5 senare \u00e5r har Carl-Oscar ocks\u00e5 gjort sig ett namn som dirigent f\u00f6r flera amat\u00f6r- och ungdomsorkestrar i Danmark och fr\u00e5n och med s\u00e4songen 2023\/2024 \u00e4r han permanent dirigent f\u00f6r Sankt Ann\u00e6 Symfoniorkester.<\/p>\n\n\n\n<p>Han har byggt upp ett gott rykte som pedagog p\u00e5 konservatoriets f\u00f6rberedande MGK-program i K\u00f6penhamn och Region Sj\u00e4lland, d\u00e4r m\u00e5nga av hans elever har antagits till de danska konservatorierna.<\/p>\n\n\n\n<p>Carl-Oscar har vunnit ett stort antal priser och t\u00e4vlingar, bland annat: Den Danske Strygerkonkurrence, P2 Kammermusikturnering, Trondheim Strygekvartettturnering och Jacob Gades Store Legat. Han har studerat f\u00f6r Morten Zeuthen i K\u00f6penhamn, Torleif Thedeen i Stockholm\/Edsberg och Ralph Kirshbaum i Los Angeles.<\/p>\n<\/div>\n\n\n\n<div class=\"wp-block-column is-layout-flow wp-block-column-is-layout-flow\">\n<figure class=\"wp-block-image size-full is-resized\"><img loading=\"lazy\" decoding=\"async\" width=\"259\" height=\"164\" src=\"https:\/\/www.tonlek.org\/se\/wp-content\/uploads\/sites\/2\/2023\/03\/jonasfranzon.jpg\" alt=\"\" class=\"wp-image-291\" style=\"width:368px;height:233px\"\/><figcaption class=\"wp-element-caption\"><strong>Jonas Franzon<\/strong>, Sverige\/Finland <br><em>Cello<\/em><\/figcaption><\/figure>\n\n\n\n<p>Jonas Franzon&nbsp;har studerat b\u00e5de p\u00e5 Musikh\u00f6gskolan i Malm\u00f6 f\u00f6r Mats Rondin och p\u00e5 Sibelius-Akademin f\u00f6r Martti Rousi och Raimo Sariola. Under Sariolas ledning tog han musikerexamen (Master of Fine Arts) i Malm\u00f6 och B- och A-examen i cellospel vid Svenska yrkesh\u00f6gskolan, bland annat som solist med Jakobstads orkester.<\/p>\n\n\n\n<p>Jonas har en befattning som cellol\u00e4rare delad mellan Musik- och kulturskolan Sandels i Helsingfors och Musikinstitutet Kungsv\u00e4gen i Esbo. Han har nyligen vidareutbildat sig i pedagogik p\u00e5 Snellman-Korkeakoulu och har f\u00f6rutom pedagogik ocks\u00e5 ett starkt intresse f\u00f6r kammarmusikverksamhet.<\/p>\n<\/div>\n<\/div>\n\n\n\n<div class=\"wp-block-columns is-layout-flex wp-container-core-columns-is-layout-9d6595d7 wp-block-columns-is-layout-flex\">\n<div class=\"wp-block-column is-layout-flow wp-block-column-is-layout-flow\">\n<figure class=\"wp-block-image size-full is-resized\"><img loading=\"lazy\" decoding=\"async\" width=\"297\" height=\"190\" src=\"https:\/\/www.tonlek.org\/se\/wp-content\/uploads\/sites\/2\/2023\/05\/einars.jpeg\" alt=\"\" class=\"wp-image-455\" style=\"aspect-ratio:1.5789473684210527;width:363px;height:auto\"\/><figcaption class=\"wp-element-caption\"><strong>Ein\u0101rs Everss<\/strong>, Danmark\/Lettland <br><em>Bas<\/em><\/figcaption><\/figure>\n\n\n\n<p>Ein\u0101rs Everss \u00e4r en prisbel\u00f6nt lettisk kontrabasist, f\u00f6r n\u00e4rvarande baserad i K\u00f6penhamn. Sedan april 2019 \u00e4r han medlem i Danmarks Nationalsymfoniorkester (DR Symfoniorkestret) d\u00e4r han innehar den ledande kontrabaspositionen.<\/p>\n\n\n\n<p>Som solist har Ein\u0101rs spelat med orkestrar som Simfonia Concertante (Riga, Lettland), Chamber Orchestra of Rezekne (Rezekne, Lettland) och PKF \u2013 Prague Philharmonia (Prag, Tjeckien).<\/p>\n\n\n\n<p>Ein\u0101rs har samarbetat med musiker som Nikolaj Szeps-Znaider, Carolin Widmann, Nils M\u00f6nkemeyer, Enrico Pace, Amalie Malling, Torleif Thedeen, Trio con Brio Copenhagen och m\u00e5nga andra.<\/p>\n\n\n\n<p>Ein\u0101rs tog nyligen examen fr\u00e5n solistklassen vid Kungliga Danska Musikkonservatoriet.<\/p>\n<\/div>\n\n\n\n<div class=\"wp-block-column is-layout-flow wp-block-column-is-layout-flow\">\n<figure class=\"wp-block-image size-full is-resized\"><img loading=\"lazy\" decoding=\"async\" width=\"259\" height=\"164\" src=\"https:\/\/www.tonlek.org\/se\/wp-content\/uploads\/sites\/2\/2023\/03\/annafranzon.jpg\" alt=\"\" class=\"wp-image-292\" style=\"object-fit:cover;width:360px;height:228px\"\/><figcaption class=\"wp-element-caption\"><strong>Anna Franzon<\/strong>, Finland\/Sverige<br><em>Piano<\/em><\/figcaption><\/figure>\n\n\n\n<p>Anna har studerat i Finland och Holland, b\u00e5de piano och cembalo, under ledning Anssi Mattila, Annamari P\u00f6lh\u00f6, Siebe Henstra, Janne Mertala och Naoko Ichihashi. I Finland fungerade hon i tio \u00e5r som ackompanjat\u00f6r vid Sibelius-Akademins avdelning f\u00f6r tidig musik och d\u00e4rut\u00f6ver i \u00f6ver femton \u00e5r som pedagog vid flera olika musikinstitut i Finland.<\/p>\n\n\n\n<p>Anna \u00e4lskar att spela kammarmusik med sina musikerkollegor och gillar allt fr\u00e5n tidig musik till v\u00e5r tids musik. Hon har bland annat uruppf\u00f6rt musik av den finske tons\u00e4ttaren Jyrki Linjama och av norrmannen Henrik Marstrander. Linjamas verk Completorium bandades ocks\u00e5 f\u00f6r YLEs (Rundradions) r\u00e4kning. <\/p>\n\n\n\n<p>Att f\u00f6rmedla musikgl\u00e4dje till barn och unga \u00e4r mycket viktigt f\u00f6r Anna Franzon och i numera undervisar hon vid Eskilstuna Kulturskola i Sverige, d\u00e4r hon bor sedan fem \u00e5r tillbaka.<\/p>\n<\/div>\n\n\n\n<div class=\"wp-block-column is-layout-flow wp-block-column-is-layout-flow\">\n<figure class=\"wp-block-image size-full is-resized\"><img loading=\"lazy\" decoding=\"async\" width=\"352\" height=\"209\" src=\"https:\/\/www.tonlek.org\/se\/wp-content\/uploads\/sites\/2\/2024\/07\/mariarostotsky_2.jpg\" alt=\"\" class=\"wp-image-615\" style=\"width:360px;height:228px\" srcset=\"https:\/\/www.tonlek.org\/se\/wp-content\/uploads\/sites\/2\/2024\/07\/mariarostotsky_2.jpg 352w, https:\/\/www.tonlek.org\/se\/wp-content\/uploads\/sites\/2\/2024\/07\/mariarostotsky_2-300x178.jpg 300w\" sizes=\"auto, (max-width: 352px) 100vw, 352px\" \/><figcaption class=\"wp-element-caption\"><strong><strong>Maria Rostotsky<\/strong><\/strong>, Sverige<br><em>Piano<\/em><\/figcaption><\/figure>\n\n\n\n<p>Maria Rostotsky har sedan debuten med Kungliga Filharmonikerna p\u00e5 Konserthuset i Brahms andra pianokonsert etablerat sig som en av Sveriges mest m\u00e5ngsidiga musiker. Hennes turn\u00e9karta str\u00e4cker sig \u00f6ver Europa, Japan, Hong Kong, Turkiet, Ryssland med upptr\u00e4danden p\u00e5 scener som Barbican Centre, Concertgebouw Amsterdam, St Martin-inthe-<br>Fields, Tokyo Opera City Concert Hall, Stockholms Konserthus och Berwaldhallen.<br><br>Maria Rostotsky \u00e4r flitigt anlitad som kammarmusiker och har varit inbjuden till festivaler som Holland Music Sessions, Stenungsund Kammarmusik Festival, Musik vid Siljan, B\u00e5stad Kammarmusikfestival, Connect-festivalen och G\u00f6teborgs Pianofestival. Hon har gjort ett flertal inspelningar f\u00f6r Sveriges Radio P2 och SVT b\u00e5de som solist och i den radios\u00e4nda kammarmusikserien Chamber Unplugged.<br><br>Maria samarbetar ofta med andra konstformer och har gjort ett flertal uppm\u00e4rksammade program med text, musik och dans. Hon \u00e4r \u00e4ven verksam som sk\u00e5despelare och har medverkat i ett antal uppm\u00e4rksammade teaterf\u00f6rest\u00e4llningar p\u00e5 bland annat Stockholms Stadsteater och Teater Giljotin. Hon \u00e4r \u00e4ven en av initiativtagarna och konstn\u00e4rliga ledarna f\u00f6r kammarmusikserien Chambre Giljotin p\u00e5 Teater Giljotin.<\/p>\n<\/div>\n<\/div>\n\n\n\n<div style=\"height:40px\" aria-hidden=\"true\" class=\"wp-block-spacer\"><\/div>\n\n\n\n<div class=\"wp-block-columns is-layout-flex wp-container-core-columns-is-layout-9d6595d7 wp-block-columns-is-layout-flex\">\n<div class=\"wp-block-column is-layout-flow wp-block-column-is-layout-flow\"><div class=\"wp-block-image\">\n<figure class=\"aligncenter size-large\"><img loading=\"lazy\" decoding=\"async\" width=\"1024\" height=\"683\" src=\"https:\/\/tonlek.org\/se\/wp-content\/uploads\/sites\/2\/2023\/03\/68D68879-8871-4259-8442-2EA35FF5999C-1024x683.jpeg\" alt=\"\" class=\"wp-image-51\" srcset=\"https:\/\/www.tonlek.org\/se\/wp-content\/uploads\/sites\/2\/2023\/03\/68D68879-8871-4259-8442-2EA35FF5999C-1024x683.jpeg 1024w, https:\/\/www.tonlek.org\/se\/wp-content\/uploads\/sites\/2\/2023\/03\/68D68879-8871-4259-8442-2EA35FF5999C-300x200.jpeg 300w, https:\/\/www.tonlek.org\/se\/wp-content\/uploads\/sites\/2\/2023\/03\/68D68879-8871-4259-8442-2EA35FF5999C-768x512.jpeg 768w, https:\/\/www.tonlek.org\/se\/wp-content\/uploads\/sites\/2\/2023\/03\/68D68879-8871-4259-8442-2EA35FF5999C-1536x1024.jpeg 1536w, https:\/\/www.tonlek.org\/se\/wp-content\/uploads\/sites\/2\/2023\/03\/68D68879-8871-4259-8442-2EA35FF5999C-2048x1366.jpeg 2048w, https:\/\/www.tonlek.org\/se\/wp-content\/uploads\/sites\/2\/2023\/03\/68D68879-8871-4259-8442-2EA35FF5999C-930x620.jpeg 930w\" sizes=\"auto, (max-width: 1024px) 100vw, 1024px\" \/><\/figure>\n<\/div>\n\n\n<div style=\"height:15px\" aria-hidden=\"true\" class=\"wp-block-spacer\"><\/div>\n\n\n\n<h4 class=\"wp-block-heading has-text-align-center\"><a href=\"https:\/\/www.tonlek.org\/se\/tonlek\/\" data-type=\"link\" data-id=\"https:\/\/www.tonlek.org\/se\/tonlek\/\">T\u00f3nlek 2026<\/a><\/h4>\n\n\n\n<p>Repertoaren f\u00f6r alla orkestrar b\u00f6rjar ta form. Allt \u00e4r upplagt f\u00f6r ett fantastiskt l\u00e4ger!<\/p>\n<\/div>\n\n\n\n<div class=\"wp-block-column is-layout-flow wp-block-column-is-layout-flow\"><div class=\"wp-block-image\">\n<figure class=\"aligncenter size-large\"><img loading=\"lazy\" decoding=\"async\" width=\"1024\" height=\"683\" src=\"https:\/\/www.tonlek.org\/se\/wp-content\/uploads\/sites\/2\/2023\/03\/632346A9-4E6D-420E-B70D-C88BF370977D-1024x683.jpeg\" alt=\"\" class=\"wp-image-64\" srcset=\"https:\/\/www.tonlek.org\/se\/wp-content\/uploads\/sites\/2\/2023\/03\/632346A9-4E6D-420E-B70D-C88BF370977D-1024x683.jpeg 1024w, https:\/\/www.tonlek.org\/se\/wp-content\/uploads\/sites\/2\/2023\/03\/632346A9-4E6D-420E-B70D-C88BF370977D-300x200.jpeg 300w, https:\/\/www.tonlek.org\/se\/wp-content\/uploads\/sites\/2\/2023\/03\/632346A9-4E6D-420E-B70D-C88BF370977D-768x512.jpeg 768w, https:\/\/www.tonlek.org\/se\/wp-content\/uploads\/sites\/2\/2023\/03\/632346A9-4E6D-420E-B70D-C88BF370977D-1536x1024.jpeg 1536w, https:\/\/www.tonlek.org\/se\/wp-content\/uploads\/sites\/2\/2023\/03\/632346A9-4E6D-420E-B70D-C88BF370977D-2048x1366.jpeg 2048w, https:\/\/www.tonlek.org\/se\/wp-content\/uploads\/sites\/2\/2023\/03\/632346A9-4E6D-420E-B70D-C88BF370977D-930x620.jpeg 930w\" sizes=\"auto, (max-width: 1024px) 100vw, 1024px\" \/><\/figure>\n<\/div>\n\n\n<div style=\"height:15px\" aria-hidden=\"true\" class=\"wp-block-spacer\"><\/div>\n\n\n\n<h4 class=\"wp-block-heading has-text-align-center\"><a href=\"https:\/\/www.tonlek.org\/se\/repertoar\">Repertoar och noter<\/a><\/h4>\n\n\n\n<p>H\u00e4r hittar du repertoaren f\u00f6r alla orkestrar tillsammans med noter och l\u00e4nkar till ljud.<\/p>\n<\/div>\n\n\n\n<div class=\"wp-block-column is-layout-flow wp-block-column-is-layout-flow\"><div class=\"wp-block-image\">\n<figure class=\"aligncenter size-large\"><img loading=\"lazy\" decoding=\"async\" width=\"1024\" height=\"683\" src=\"https:\/\/www.tonlek.org\/se\/wp-content\/uploads\/sites\/2\/2023\/03\/D43B6977-344D-4320-90E1-2394559F0239-1024x683.jpeg\" alt=\"\" class=\"wp-image-62\" srcset=\"https:\/\/www.tonlek.org\/se\/wp-content\/uploads\/sites\/2\/2023\/03\/D43B6977-344D-4320-90E1-2394559F0239-1024x683.jpeg 1024w, https:\/\/www.tonlek.org\/se\/wp-content\/uploads\/sites\/2\/2023\/03\/D43B6977-344D-4320-90E1-2394559F0239-300x200.jpeg 300w, https:\/\/www.tonlek.org\/se\/wp-content\/uploads\/sites\/2\/2023\/03\/D43B6977-344D-4320-90E1-2394559F0239-768x512.jpeg 768w, https:\/\/www.tonlek.org\/se\/wp-content\/uploads\/sites\/2\/2023\/03\/D43B6977-344D-4320-90E1-2394559F0239-1536x1024.jpeg 1536w, https:\/\/www.tonlek.org\/se\/wp-content\/uploads\/sites\/2\/2023\/03\/D43B6977-344D-4320-90E1-2394559F0239-2048x1366.jpeg 2048w, https:\/\/www.tonlek.org\/se\/wp-content\/uploads\/sites\/2\/2023\/03\/D43B6977-344D-4320-90E1-2394559F0239-930x620.jpeg 930w\" sizes=\"auto, (max-width: 1024px) 100vw, 1024px\" \/><\/figure>\n<\/div>\n\n\n<div style=\"height:15px\" aria-hidden=\"true\" class=\"wp-block-spacer\"><\/div>\n\n\n\n<h4 class=\"wp-block-heading has-text-align-center\"><a href=\"https:\/\/www.tonlek.org\/se\/praktisk-information\/\">Praktisk information<\/a><\/h4>\n\n\n\n<p>Allt om saker som anm\u00e4lan, plats, tid, boende, mat och kostnader. <\/p>\n<\/div>\n<\/div>\n\n\n\n<p><\/p>\n","protected":false},"excerpt":{"rendered":"<p>H\u00e4r nedan kan du l\u00e4sa mer om dirigent och l\u00e4rare p\u00e5 T\u00f3nlek 2026, samtliga \u00e4r framst\u00e5ende musiker och pedagoger. T\u00f3nleks l\u00e4rare kommer fr\u00e5n hela Norden,&nbsp;och&nbsp;vi har samarbetspartner i alla nordiska l\u00e4nder, bland annat&nbsp;Jeunesse&nbsp;Musicales&nbsp;i Norge, Harpa International Music Academy p\u00e5 Island, Riksf\u00f6rbundet Unga Musikanter i Sverige och Musik&nbsp;og&nbsp;Ungdom i Danmark. Damian Iorio f\u00f6ddes i London d\u00e4r&hellip;&nbsp;<a href=\"https:\/\/www.tonlek.org\/se\/tonlek\/dirigent-och-pedagoger\/\" rel=\"bookmark\"><span class=\"screen-reader-text\">Dirigent och pedagoger<\/span><\/a><\/p>\n","protected":false},"author":2,"featured_media":0,"parent":89,"menu_order":0,"comment_status":"closed","ping_status":"closed","template":"","meta":{"inline_featured_image":false,"neve_meta_sidebar":"","neve_meta_container":"","neve_meta_enable_content_width":"","neve_meta_content_width":0,"neve_meta_title_alignment":"","neve_meta_author_avatar":"","neve_post_elements_order":"","neve_meta_disable_header":"off","neve_meta_disable_footer":"on","neve_meta_disable_title":"off","footnotes":""},"class_list":["post-39","page","type-page","status-publish","hentry"],"_links":{"self":[{"href":"https:\/\/www.tonlek.org\/se\/wp-json\/wp\/v2\/pages\/39","targetHints":{"allow":["GET"]}}],"collection":[{"href":"https:\/\/www.tonlek.org\/se\/wp-json\/wp\/v2\/pages"}],"about":[{"href":"https:\/\/www.tonlek.org\/se\/wp-json\/wp\/v2\/types\/page"}],"author":[{"embeddable":true,"href":"https:\/\/www.tonlek.org\/se\/wp-json\/wp\/v2\/users\/2"}],"replies":[{"embeddable":true,"href":"https:\/\/www.tonlek.org\/se\/wp-json\/wp\/v2\/comments?post=39"}],"version-history":[{"count":93,"href":"https:\/\/www.tonlek.org\/se\/wp-json\/wp\/v2\/pages\/39\/revisions"}],"predecessor-version":[{"id":817,"href":"https:\/\/www.tonlek.org\/se\/wp-json\/wp\/v2\/pages\/39\/revisions\/817"}],"up":[{"embeddable":true,"href":"https:\/\/www.tonlek.org\/se\/wp-json\/wp\/v2\/pages\/89"}],"wp:attachment":[{"href":"https:\/\/www.tonlek.org\/se\/wp-json\/wp\/v2\/media?parent=39"}],"curies":[{"name":"wp","href":"https:\/\/api.w.org\/{rel}","templated":true}]}}