{"id":29,"date":"2023-02-08T21:03:41","date_gmt":"2023-02-08T20:03:41","guid":{"rendered":"https:\/\/tonlek.dev.rumforum.se\/se\/?page_id=29"},"modified":"2024-09-20T22:06:38","modified_gmt":"2024-09-20T20:06:38","slug":"vardegrund","status":"publish","type":"page","link":"https:\/\/www.tonlek.org\/se\/om-tonlek\/vardegrund\/","title":{"rendered":"V\u00e4rdegrund"},"content":{"rendered":"\n<p>T\u00f3nlek st\u00e5r f\u00f6r en h\u00e5llbar utveckling i Norden, f\u00f6r j\u00e4mlikhet och j\u00e4mst\u00e4lldhet samt f\u00f6r barn och ungas r\u00e4tt att bli h\u00f6rda och f\u00e5 inflytande \u00f6ver sin egen situation.<\/p>\n\n\n\n<h5 class=\"wp-block-heading\">H\u00e5llbar utveckling<\/h5>\n\n\n\n<p>T\u00f3nlek arbetar f\u00f6r h\u00e5llbar utveckling i Norden. V\u00e5ra deltagare \u00e4r j\u00e4mnt f\u00f6rdelade mellan kvinnor och m\u00e4n och \u00e4r \u00f6ppna f\u00f6r andra k\u00f6nsidentiteter. Alla religioner och \u00f6vertygelser \u00e4r v\u00e4lkomna. Vi har en dokumenterad meritlista i arbetet med att inkludera barn med speciella utmaningar, barn som inom musiken kan hitta en gemenskap och en k\u00e4nsla av samh\u00f6righet med andra, trots spr\u00e5kbarri\u00e4rer och andra skillnader.<\/p>\n\n\n\n<p>Barnen \u00e4r delaktiga i beslutsprocesser g\u00e4llande inneh\u00e5ll som repertoar och aktiviteter. Vi st\u00f6djer deras initiativ, \u00e4r tydliga med att beskriva vilka roller de kan ha i planeringsfasen, alltid med respekt f\u00f6r deras id\u00e9er. Deras engagemang \u00e4r frivilligt. Barnen \u00e4r informerade om och involverade i den beskrivning vi f\u00f6rs\u00f6ker g\u00f6ra av orkestern som social modell och barnen hj\u00e4lper till att utv\u00e4rdera kursen, b\u00e5de praktiskt, pedagogiskt och k\u00e4nslom\u00e4ssigt.<\/p>\n\n\n\n<h5 class=\"wp-block-heading\">J\u00e4mlikhet<\/h5>\n\n\n\n<p>J\u00e4mlikhet \u00e4r en uttalad princip p\u00e5 T\u00f3nlek. Alla \u00e4r lika oavsett k\u00f6n, sexuell l\u00e4ggning, ras, religion eller politisk \u00f6vertygelse.<\/p>\n\n\n\n<p>F\u00f6rebilder, b\u00e5de l\u00e4rare och \u00e4ldre elever, \u00e4r j\u00e4mnt f\u00f6rdelade mellan k\u00f6nen och j\u00e4mst\u00e4lldhet \u00e4r en princip som vi arbetar med musikaliskt: \u00f6msom lyssna och ackompanjera, \u00f6msom ta initiativ. Alla, oavsett \u00e5lder, instrument, niv\u00e5 och social position, \u00e4r en del av det gemensamma ljudet, den gemensamma musiken, det gemensamma narrativet. Inom musiken avskaffas olikheter. Alla m\u00e5ste v\u00e5ga satsa och misslyckas. Vi m\u00e5ste visa mod att uttrycka k\u00e4nslor. Alla \u00e4r med i orkestergemenskapen, alla f\u00e5r spela p\u00e5 konserter, alla \u00e4r med i den kreativa processen \u2013 alla id\u00e9er f\u00e5r plats. <\/p>\n\n\n\n<p>Vi uttrycker j\u00e4mlikhet i v\u00e5rt material, v\u00e5rt arbete, v\u00e5r samvaro och v\u00e5r utv\u00e4rdering.<\/p>\n\n\n\n<h5 class=\"wp-block-heading\">Ungdomsperspektivet<\/h5>\n\n\n\n<p>Barn och unga har r\u00e4tt att bli h\u00f6rda och f\u00e5 inflytande \u00f6ver sin egen situation. P\u00e5 T\u00f3nlek h\u00f6rs barnen, b\u00e5de n\u00e4r de leker och i dialogen om lektionerna. Inf\u00f6r kursen f\u00e5r de m\u00f6jlighet att p\u00e5verka repertoaren och verksamheten. P\u00e5 kursen \u00e4r det b\u00e5de individuella lektioner och orkesterframtr\u00e4danden varje dag, d\u00e4r l\u00e4rarna \u00e4r i st\u00e4ndig dialog med barnen om vad som \u00e4r viktigt och vad som \u00e4r sv\u00e5rt. Det \u00e4r det som barnen tycker \u00e4r viktigt som \u00e4r viktigt. <\/p>\n\n\n\n<p>I processen med elevkonserter, folkmusik, individuell tr\u00e4ning och andra gemensamma aktiviteter \u00e4r barnens initiativ och engagemang en viktig drivkraft. De \u00e4r involverade i planering, genomf\u00f6rande och utv\u00e4rdering. Barnen har direktkontakt med l\u00e4rare, dirigent och projektledare. Varje morgon \u00e4r det ett m\u00f6te d\u00e4r alla kan prata och st\u00e4lla fr\u00e5gor. B\u00e5de r\u00e4ttigheter, trygghet och medinflytande kommuniceras tydligt i v\u00e5rt material och i v\u00e5rt f\u00f6rh\u00e5llningss\u00e4tt till barnen.<\/p>\n\n\n\n<div style=\"height:28px\" aria-hidden=\"true\" class=\"wp-block-spacer\"><\/div>\n\n\n\n<div class=\"wp-block-columns is-layout-flex wp-container-core-columns-is-layout-9d6595d7 wp-block-columns-is-layout-flex\">\n<div class=\"wp-block-column is-layout-flow wp-block-column-is-layout-flow\">\n<figure class=\"wp-block-image size-large\"><a href=\"https:\/\/www.tonlek.org\/se\/om-tonlek\/\"><img loading=\"lazy\" decoding=\"async\" width=\"1024\" height=\"683\" src=\"https:\/\/www.tonlek.org\/se\/wp-content\/uploads\/sites\/2\/2023\/03\/A718DDFC-26B3-46BB-95F8-BEEE183DA650-1024x683.jpeg\" alt=\"\" class=\"wp-image-56\" srcset=\"https:\/\/www.tonlek.org\/se\/wp-content\/uploads\/sites\/2\/2023\/03\/A718DDFC-26B3-46BB-95F8-BEEE183DA650-1024x683.jpeg 1024w, https:\/\/www.tonlek.org\/se\/wp-content\/uploads\/sites\/2\/2023\/03\/A718DDFC-26B3-46BB-95F8-BEEE183DA650-300x200.jpeg 300w, https:\/\/www.tonlek.org\/se\/wp-content\/uploads\/sites\/2\/2023\/03\/A718DDFC-26B3-46BB-95F8-BEEE183DA650-768x512.jpeg 768w, https:\/\/www.tonlek.org\/se\/wp-content\/uploads\/sites\/2\/2023\/03\/A718DDFC-26B3-46BB-95F8-BEEE183DA650-1536x1024.jpeg 1536w, https:\/\/www.tonlek.org\/se\/wp-content\/uploads\/sites\/2\/2023\/03\/A718DDFC-26B3-46BB-95F8-BEEE183DA650-2048x1365.jpeg 2048w, https:\/\/www.tonlek.org\/se\/wp-content\/uploads\/sites\/2\/2023\/03\/A718DDFC-26B3-46BB-95F8-BEEE183DA650-930x620.jpeg 930w\" sizes=\"auto, (max-width: 1024px) 100vw, 1024px\" \/><\/a><\/figure>\n\n\n\n<div style=\"height:15px\" aria-hidden=\"true\" class=\"wp-block-spacer\"><\/div>\n\n\n\n<h4 class=\"wp-block-heading has-text-align-center\"><a href=\"https:\/\/www.tonlek.org\/se\/om-tonlek\/\">Om T\u00f3nlek<\/a><\/h4>\n\n\n\n<p>T\u00f3nlek&nbsp;\u00e4r en m\u00f6tesplats f\u00f6r unga str\u00e5kinstrumentalisterfr\u00e5n hela Norden, f\u00f6r musiker och pedagoger samt f\u00f6r musikf\u00f6rbund av olika slag.<\/p>\n<\/div>\n\n\n\n<div class=\"wp-block-column is-layout-flow wp-block-column-is-layout-flow\">\n<figure class=\"wp-block-image size-large\"><a href=\"https:\/\/www.tonlek.org\/se\/historien-bakom-tonlek\/\"><img loading=\"lazy\" decoding=\"async\" width=\"1024\" height=\"683\" src=\"https:\/\/www.tonlek.org\/se\/wp-content\/uploads\/sites\/2\/2023\/03\/632346A9-4E6D-420E-B70D-C88BF370977D-1024x683.jpeg\" alt=\"\" class=\"wp-image-64\" srcset=\"https:\/\/www.tonlek.org\/se\/wp-content\/uploads\/sites\/2\/2023\/03\/632346A9-4E6D-420E-B70D-C88BF370977D-1024x683.jpeg 1024w, https:\/\/www.tonlek.org\/se\/wp-content\/uploads\/sites\/2\/2023\/03\/632346A9-4E6D-420E-B70D-C88BF370977D-300x200.jpeg 300w, https:\/\/www.tonlek.org\/se\/wp-content\/uploads\/sites\/2\/2023\/03\/632346A9-4E6D-420E-B70D-C88BF370977D-768x512.jpeg 768w, https:\/\/www.tonlek.org\/se\/wp-content\/uploads\/sites\/2\/2023\/03\/632346A9-4E6D-420E-B70D-C88BF370977D-1536x1024.jpeg 1536w, https:\/\/www.tonlek.org\/se\/wp-content\/uploads\/sites\/2\/2023\/03\/632346A9-4E6D-420E-B70D-C88BF370977D-2048x1366.jpeg 2048w, https:\/\/www.tonlek.org\/se\/wp-content\/uploads\/sites\/2\/2023\/03\/632346A9-4E6D-420E-B70D-C88BF370977D-930x620.jpeg 930w\" sizes=\"auto, (max-width: 1024px) 100vw, 1024px\" \/><\/a><\/figure>\n\n\n\n<div style=\"height:14px\" aria-hidden=\"true\" class=\"wp-block-spacer\"><\/div>\n\n\n\n<h4 class=\"wp-block-heading has-text-align-center\"><a href=\"https:\/\/www.tonlek.org\/se\/historien-bakom-tonlek\/\">Historia<\/a><\/h4>\n\n\n\n<p>Id\u00e9n med T\u00f3nlek \u00e4r att skapa ett samarbete mellan deltagare fr\u00e5n de nordiska l\u00e4nderna med musik som ett gemensamt spr\u00e5k. <\/p>\n<\/div>\n\n\n\n<div class=\"wp-block-column is-layout-flow wp-block-column-is-layout-flow\">\n<figure class=\"wp-block-image size-large\"><a href=\"https:\/\/www.tonlek.org\/se\/tonlekstinget\/\"><img loading=\"lazy\" decoding=\"async\" width=\"1024\" height=\"683\" src=\"https:\/\/www.tonlek.org\/se\/wp-content\/uploads\/sites\/2\/2023\/03\/DA90756E-670F-4F52-B37F-C0A0159EE8CA-1024x683.jpeg\" alt=\"\" class=\"wp-image-63\" srcset=\"https:\/\/www.tonlek.org\/se\/wp-content\/uploads\/sites\/2\/2023\/03\/DA90756E-670F-4F52-B37F-C0A0159EE8CA-1024x683.jpeg 1024w, https:\/\/www.tonlek.org\/se\/wp-content\/uploads\/sites\/2\/2023\/03\/DA90756E-670F-4F52-B37F-C0A0159EE8CA-300x200.jpeg 300w, https:\/\/www.tonlek.org\/se\/wp-content\/uploads\/sites\/2\/2023\/03\/DA90756E-670F-4F52-B37F-C0A0159EE8CA-768x512.jpeg 768w, https:\/\/www.tonlek.org\/se\/wp-content\/uploads\/sites\/2\/2023\/03\/DA90756E-670F-4F52-B37F-C0A0159EE8CA-1536x1024.jpeg 1536w, https:\/\/www.tonlek.org\/se\/wp-content\/uploads\/sites\/2\/2023\/03\/DA90756E-670F-4F52-B37F-C0A0159EE8CA-2048x1366.jpeg 2048w, https:\/\/www.tonlek.org\/se\/wp-content\/uploads\/sites\/2\/2023\/03\/DA90756E-670F-4F52-B37F-C0A0159EE8CA-930x620.jpeg 930w\" sizes=\"auto, (max-width: 1024px) 100vw, 1024px\" \/><\/a><\/figure>\n\n\n\n<div style=\"height:15px\" aria-hidden=\"true\" class=\"wp-block-spacer\"><\/div>\n\n\n\n<h4 class=\"wp-block-heading has-text-align-center\"><a href=\"https:\/\/www.tonlek.org\/se\/tonlekstinget\/\">T\u00f3nlekstinget<\/a><\/h4>\n\n\n\n<p>T\u00f3nlekstinget \u00e4r forumet f\u00f6r dig som vill ha inflytande \u00f6ver kursen och aktiviteterna. Du anm\u00e4ler dig till T\u00f3nlekstinget n\u00e4r du anm\u00e4ler dig till kursen.<\/p>\n<\/div>\n<\/div>\n","protected":false},"excerpt":{"rendered":"<p>T\u00f3nlek st\u00e5r f\u00f6r en h\u00e5llbar utveckling i Norden, f\u00f6r j\u00e4mlikhet och j\u00e4mst\u00e4lldhet samt f\u00f6r barn och ungas r\u00e4tt att bli h\u00f6rda och f\u00e5 inflytande \u00f6ver sin egen situation. H\u00e5llbar utveckling T\u00f3nlek arbetar f\u00f6r h\u00e5llbar utveckling i Norden. V\u00e5ra deltagare \u00e4r j\u00e4mnt f\u00f6rdelade mellan kvinnor och m\u00e4n och \u00e4r \u00f6ppna f\u00f6r andra k\u00f6nsidentiteter. Alla religioner och&hellip;&nbsp;<a href=\"https:\/\/www.tonlek.org\/se\/om-tonlek\/vardegrund\/\" rel=\"bookmark\"><span class=\"screen-reader-text\">V\u00e4rdegrund<\/span><\/a><\/p>\n","protected":false},"author":2,"featured_media":0,"parent":16,"menu_order":0,"comment_status":"closed","ping_status":"closed","template":"","meta":{"inline_featured_image":false,"neve_meta_sidebar":"","neve_meta_container":"","neve_meta_enable_content_width":"","neve_meta_content_width":0,"neve_meta_title_alignment":"","neve_meta_author_avatar":"","neve_post_elements_order":"","neve_meta_disable_header":"","neve_meta_disable_footer":"on","neve_meta_disable_title":"","footnotes":""},"class_list":["post-29","page","type-page","status-publish","hentry"],"_links":{"self":[{"href":"https:\/\/www.tonlek.org\/se\/wp-json\/wp\/v2\/pages\/29","targetHints":{"allow":["GET"]}}],"collection":[{"href":"https:\/\/www.tonlek.org\/se\/wp-json\/wp\/v2\/pages"}],"about":[{"href":"https:\/\/www.tonlek.org\/se\/wp-json\/wp\/v2\/types\/page"}],"author":[{"embeddable":true,"href":"https:\/\/www.tonlek.org\/se\/wp-json\/wp\/v2\/users\/2"}],"replies":[{"embeddable":true,"href":"https:\/\/www.tonlek.org\/se\/wp-json\/wp\/v2\/comments?post=29"}],"version-history":[{"count":12,"href":"https:\/\/www.tonlek.org\/se\/wp-json\/wp\/v2\/pages\/29\/revisions"}],"predecessor-version":[{"id":545,"href":"https:\/\/www.tonlek.org\/se\/wp-json\/wp\/v2\/pages\/29\/revisions\/545"}],"up":[{"embeddable":true,"href":"https:\/\/www.tonlek.org\/se\/wp-json\/wp\/v2\/pages\/16"}],"wp:attachment":[{"href":"https:\/\/www.tonlek.org\/se\/wp-json\/wp\/v2\/media?parent=29"}],"curies":[{"name":"wp","href":"https:\/\/api.w.org\/{rel}","templated":true}]}}