{"id":16,"date":"2023-02-08T15:10:15","date_gmt":"2023-02-08T14:10:15","guid":{"rendered":"https:\/\/tonlek.dev.rumforum.se\/se\/?page_id=16"},"modified":"2026-03-30T21:02:26","modified_gmt":"2026-03-30T19:02:26","slug":"om-tonlek","status":"publish","type":"page","link":"https:\/\/www.tonlek.org\/se\/om-tonlek\/","title":{"rendered":"Om T\u00f3nlek"},"content":{"rendered":"\n<p>T\u00f3nlek&nbsp;\u00e4r en m\u00f6tesplats f\u00f6r unga str\u00e5kinstrumentalister fr\u00e5n hela Norden, f\u00f6r musiker och pedagoger samt f\u00f6r musikf\u00f6rbund av olika slag. P\u00e5 T\u00f3nlek&nbsp; f\u00e5r du v\u00e4nner fr\u00e5n Nordens alla l\u00e4nder med musiken som gemensamt spr\u00e5k. Vi leker med musik samtidigt som vi tar den p\u00e5 stort allvar.&nbsp;Du f\u00e5r&nbsp;enskilda&nbsp;lektioner och m\u00f6jlighet att upptr\u00e4da&nbsp;p\u00e5 konsert. V\u00e5r str\u00e5korkester \u00e4r indelad i tre niv\u00e5er f\u00f6r att passa&nbsp;varje deltagare.&nbsp;<\/p>\n\n\n\n<p>P\u00e5 kv\u00e4llarna erbjuds&nbsp;folkmusik och&nbsp;folkdans. Den sista kv\u00e4llen kallar vi Crazy&nbsp;Night, d\u00e4r&nbsp;barn och ungdomar framtr\u00e4der med humor och spelgl\u00e4dje i valfria nummer och konstellationer.<\/p>\n\n\n\n<p>Namnet T\u00f3nlek betyder&nbsp;p\u00e5 svenska&nbsp;lek med toner, medan isl\u00e4ndskans&nbsp;t\u00f3nleikar&nbsp;betyder konsert. Med andra ord ett mycket passande namn f\u00f6r det vi g\u00f6r.<\/p>\n\n\n\n<h4 class=\"wp-block-heading\">Undervisning och pedagoger<\/h4>\n\n\n\n<p>P\u00e5 T\u00f3nlek f\u00e5r du individuella&nbsp;lektioner varje dag, alla med ackompanjemang av&nbsp;pianist&nbsp;som bist\u00e5r&nbsp;vid&nbsp;instudering,&nbsp;repetitioner och studentkonserter. V\u00e5r str\u00e5korkester \u00e4r indelad i tre niv\u00e5er f\u00f6r att passa&nbsp;din&nbsp;niv\u00e5.&nbsp;Fr\u00e5n och med 2023 har vi&nbsp;ungdomar och unga vuxna&nbsp;\u00e4nda&nbsp;upp till 25 \u00e5r&nbsp;med p\u00e5 kursen, och v\u00e5r seniororkester spelar en mer avancerad repertoar&nbsp;med utmaningar f\u00f6r s\u00e5v\u00e4l h\u00f6gskolestudenter som&nbsp;konservatorie-&nbsp;och folkh\u00f6gskolestudenter i musik.<\/p>\n\n\n\n<p><strong>Orkesterns tre niv\u00e5er:<\/strong><\/p>\n\n\n\n<ul class=\"wp-block-list\">\n<li><strong>Juniororkestern<\/strong>&nbsp;\u2013 f\u00f6r de yngsta<\/li>\n\n\n\n<li><strong>Camerata<\/strong> \u2013 den stora inkluderande gemenskapen&nbsp;f\u00f6r alla deltagare<\/li>\n\n\n\n<li><strong>Seniororkestern<\/strong> \u2013 med utmanande repertoar&nbsp;f\u00f6r ambiti\u00f6sa \u00e4ldre&nbsp;deltagare.<\/li>\n<\/ul>\n\n\n\n<p>Alla l\u00e4rare \u00e4r framst\u00e5ende musiker och pedagoger. \u00c4ven l\u00e4rarna kommer fr\u00e5n hela Norden och&nbsp;vi har samarbetspartner i alla nordiska l\u00e4nder, bland annat&nbsp;Jeunesse&nbsp;Musicales&nbsp;i Norge, Harpa International Music Academy p\u00e5 Island, Riksf\u00f6rbundet Unga Musikanter i Sverige och Musik&nbsp;og&nbsp;Ungdom i Danmark.<\/p>\n\n\n\n<h4 class=\"wp-block-heading\">Konserter<\/h4>\n\n\n\n<p>Ut\u00f6ver den inledande&nbsp;l\u00e4rarkonserten&nbsp;kommer kursen att rymma&nbsp;tre konserter, d\u00e4r du&nbsp;f\u00e5r&nbsp;tillf\u00e4lle att&nbsp;spela dina solostycken tillsammans med en pianist. P\u00e5 fredagseftermiddagen h\u00e5lls dessutom ofta en stor orkesterkonsert.<\/p>\n\n\n\n<h4 class=\"wp-block-heading\">Folkmusik<\/h4>\n\n\n\n<p>Varje kv\u00e4ll bjuds det p\u00e5 nordisk folkmusik och&nbsp;folkdans, med undervisning i b\u00e5de dans och&nbsp;folkmusikspel av en svensk&nbsp;\u00e4kta riksspelman.&nbsp;D\u00e4rut\u00f6ver&nbsp;finns det utrymme&nbsp;f\u00f6r ungdomarnas egna initiativ&nbsp;i folkmusik.<\/p>\n\n\n\n<h4 class=\"wp-block-heading\">Crazy&nbsp;Night<\/h4>\n\n\n\n<p>Den sista kv\u00e4llen \u00e4r det ungdomarnas kv\u00e4ll. D\u00e5 \u00e4r&nbsp;det \u00e4r fritt fram f\u00f6r det&nbsp;uppsluppna&nbsp;och humoristiska,&nbsp;och&nbsp;musikalisk underh\u00e5llning av alla slag \u00e4r v\u00e4lkommen&nbsp;\u2013&nbsp;det \u00e4r bara fantasin som s\u00e4tter gr\u00e4nserna.&nbsp;<\/p>\n\n\n\n<h4 class=\"wp-block-heading\">M\u00e5ngfald<\/h4>\n\n\n\n<p>Vi v\u00e4lkomnar alla ungdomar till&nbsp;T\u00f3nlek.&nbsp;I musiken m\u00f6ter vi varandra \u00f6ver alla gr\u00e4nser \u2013 h\u00e4r m\u00f6ts vi \u00f6ver \u00e5ldrar, k\u00f6n, spr\u00e5k och samh\u00e4llsgrupper.&nbsp;Detta g\u00e4ller \u00e4ven f\u00f6r barn och ungdomar med speciella behov.&nbsp;Musik \u00e4r ett&nbsp;universellt&nbsp;spr\u00e5k&nbsp;som uttrycker k\u00e4nslor och&nbsp;gemenskap. Orkestern \u00e4r som en samh\u00e4llsmodell: var och en tar ansvar, har inflytande&nbsp;och&nbsp;arbetar tillsammans,&nbsp;och helheten&nbsp;i musiken&nbsp;blir st\u00f6rre \u00e4n summan av individernas insatser.<\/p>\n\n\n\n<h4 class=\"wp-block-heading\">En m\u00f6tesplats f\u00f6r m\u00e5nga<\/h4>\n\n\n\n<p>T\u00f3nlek&nbsp;\u00e4r allts\u00e5 en m\u00f6tesplats f\u00f6r unga str\u00e5kinstrumentalister fr\u00e5n Nordens alla delar, f\u00f6r musiker och pedagoger samt f\u00f6r musikf\u00f6rbund av olika slag. Men det \u00e4r ocks\u00e5 en m\u00f6tesplats f\u00f6r engagerade f\u00f6r\u00e4ldrar, eftersom ett antal f\u00f6r\u00e4ldrar har m\u00f6jlighet att delta som&nbsp;medf\u00f6ljande till&nbsp;sina barn och p\u00e5 s\u00e5 s\u00e4tt ta medansvar f\u00f6r de andra barnen och ungdomarna.<\/p>\n\n\n\n<h4 class=\"wp-block-heading\">T\u00f3nlekstinget<\/h4>\n\n\n\n<p>F\u00f6r oss \u00e4r det viktigt att alla deltagare som vill kan p\u00e5verka b\u00e5de form och inneh\u00e5ll\u00a0p\u00e5 kursen. G\u00f6r din r\u00f6st h\u00f6rd i <a href=\"https:\/\/www.tonlek.org\/se\/tonlekstinget\/\">T\u00f3nlekstinget<\/a> om du vill vara med och p\u00e5verka.<\/p>\n\n\n\n<div style=\"height:28px\" aria-hidden=\"true\" class=\"wp-block-spacer\"><\/div>\n\n\n\n<div class=\"wp-block-columns is-layout-flex wp-container-core-columns-is-layout-9d6595d7 wp-block-columns-is-layout-flex\">\n<div class=\"wp-block-column is-layout-flow wp-block-column-is-layout-flow\">\n<figure class=\"wp-block-image size-large\"><a href=\"https:\/\/www.tonlek.org\/se\/historien-bakom-tonlek\/\"><img loading=\"lazy\" decoding=\"async\" width=\"1024\" height=\"683\" src=\"https:\/\/www.tonlek.org\/se\/wp-content\/uploads\/sites\/2\/2023\/03\/632346A9-4E6D-420E-B70D-C88BF370977D-1024x683.jpeg\" alt=\"\" class=\"wp-image-64\" srcset=\"https:\/\/www.tonlek.org\/se\/wp-content\/uploads\/sites\/2\/2023\/03\/632346A9-4E6D-420E-B70D-C88BF370977D-1024x683.jpeg 1024w, https:\/\/www.tonlek.org\/se\/wp-content\/uploads\/sites\/2\/2023\/03\/632346A9-4E6D-420E-B70D-C88BF370977D-300x200.jpeg 300w, https:\/\/www.tonlek.org\/se\/wp-content\/uploads\/sites\/2\/2023\/03\/632346A9-4E6D-420E-B70D-C88BF370977D-768x512.jpeg 768w, https:\/\/www.tonlek.org\/se\/wp-content\/uploads\/sites\/2\/2023\/03\/632346A9-4E6D-420E-B70D-C88BF370977D-1536x1024.jpeg 1536w, https:\/\/www.tonlek.org\/se\/wp-content\/uploads\/sites\/2\/2023\/03\/632346A9-4E6D-420E-B70D-C88BF370977D-2048x1366.jpeg 2048w, https:\/\/www.tonlek.org\/se\/wp-content\/uploads\/sites\/2\/2023\/03\/632346A9-4E6D-420E-B70D-C88BF370977D-930x620.jpeg 930w\" sizes=\"auto, (max-width: 1024px) 100vw, 1024px\" \/><\/a><\/figure>\n\n\n\n<div style=\"height:14px\" aria-hidden=\"true\" class=\"wp-block-spacer\"><\/div>\n\n\n\n<h4 class=\"wp-block-heading has-text-align-center\"><a href=\"https:\/\/www.tonlek.org\/se\/historien-bakom-tonlek\/\">Historia<\/a><\/h4>\n\n\n\n<p>Id\u00e9n med T\u00f3nlek \u00e4r att skapa ett samarbete mellan deltagare fr\u00e5n de nordiska l\u00e4nderna med musik som ett gemensamt spr\u00e5k. <\/p>\n<\/div>\n\n\n\n<div class=\"wp-block-column is-layout-flow wp-block-column-is-layout-flow\">\n<figure class=\"wp-block-image size-large\"><img loading=\"lazy\" decoding=\"async\" width=\"1024\" height=\"683\" src=\"https:\/\/www.tonlek.org\/se\/wp-content\/uploads\/sites\/2\/2023\/03\/B1F64B0D-1902-4B30-B91F-39147CB15AC2-1024x683.jpeg\" alt=\"\" class=\"wp-image-58\" srcset=\"https:\/\/www.tonlek.org\/se\/wp-content\/uploads\/sites\/2\/2023\/03\/B1F64B0D-1902-4B30-B91F-39147CB15AC2-1024x683.jpeg 1024w, https:\/\/www.tonlek.org\/se\/wp-content\/uploads\/sites\/2\/2023\/03\/B1F64B0D-1902-4B30-B91F-39147CB15AC2-300x200.jpeg 300w, https:\/\/www.tonlek.org\/se\/wp-content\/uploads\/sites\/2\/2023\/03\/B1F64B0D-1902-4B30-B91F-39147CB15AC2-768x512.jpeg 768w, https:\/\/www.tonlek.org\/se\/wp-content\/uploads\/sites\/2\/2023\/03\/B1F64B0D-1902-4B30-B91F-39147CB15AC2-1536x1024.jpeg 1536w, https:\/\/www.tonlek.org\/se\/wp-content\/uploads\/sites\/2\/2023\/03\/B1F64B0D-1902-4B30-B91F-39147CB15AC2-2048x1366.jpeg 2048w, https:\/\/www.tonlek.org\/se\/wp-content\/uploads\/sites\/2\/2023\/03\/B1F64B0D-1902-4B30-B91F-39147CB15AC2-930x620.jpeg 930w\" sizes=\"auto, (max-width: 1024px) 100vw, 1024px\" \/><\/figure>\n\n\n\n<div style=\"height:15px\" aria-hidden=\"true\" class=\"wp-block-spacer\"><\/div>\n\n\n\n<h4 class=\"wp-block-heading has-text-align-center\"><a href=\"https:\/\/www.tonlek.org\/se\/vardegrund\/\">V\u00e4rdegrund<\/a><\/h4>\n\n\n\n<p>T\u00f3nlek st\u00e5r f\u00f6r en h\u00e5llbar utveckling i Norden, f\u00f6r j\u00e4mlikhet och j\u00e4mst\u00e4lldhet samt f\u00f6r barn och ungas r\u00e4tt att bli h\u00f6rda och f\u00e5 inflytande \u00f6ver sin egen situation.<\/p>\n<\/div>\n\n\n\n<div class=\"wp-block-column is-layout-flow wp-block-column-is-layout-flow\">\n<figure class=\"wp-block-image size-large\"><a href=\"https:\/\/www.tonlek.org\/se\/tonlekstinget\/\"><img loading=\"lazy\" decoding=\"async\" width=\"1024\" height=\"683\" src=\"https:\/\/www.tonlek.org\/se\/wp-content\/uploads\/sites\/2\/2023\/03\/DA90756E-670F-4F52-B37F-C0A0159EE8CA-1024x683.jpeg\" alt=\"\" class=\"wp-image-63\" srcset=\"https:\/\/www.tonlek.org\/se\/wp-content\/uploads\/sites\/2\/2023\/03\/DA90756E-670F-4F52-B37F-C0A0159EE8CA-1024x683.jpeg 1024w, https:\/\/www.tonlek.org\/se\/wp-content\/uploads\/sites\/2\/2023\/03\/DA90756E-670F-4F52-B37F-C0A0159EE8CA-300x200.jpeg 300w, https:\/\/www.tonlek.org\/se\/wp-content\/uploads\/sites\/2\/2023\/03\/DA90756E-670F-4F52-B37F-C0A0159EE8CA-768x512.jpeg 768w, https:\/\/www.tonlek.org\/se\/wp-content\/uploads\/sites\/2\/2023\/03\/DA90756E-670F-4F52-B37F-C0A0159EE8CA-1536x1024.jpeg 1536w, https:\/\/www.tonlek.org\/se\/wp-content\/uploads\/sites\/2\/2023\/03\/DA90756E-670F-4F52-B37F-C0A0159EE8CA-2048x1366.jpeg 2048w, https:\/\/www.tonlek.org\/se\/wp-content\/uploads\/sites\/2\/2023\/03\/DA90756E-670F-4F52-B37F-C0A0159EE8CA-930x620.jpeg 930w\" sizes=\"auto, (max-width: 1024px) 100vw, 1024px\" \/><\/a><\/figure>\n\n\n\n<div style=\"height:15px\" aria-hidden=\"true\" class=\"wp-block-spacer\"><\/div>\n\n\n\n<h4 class=\"wp-block-heading has-text-align-center\"><a href=\"https:\/\/www.tonlek.org\/se\/tonlekstinget\/\">T\u00f3nlekstinget<\/a><\/h4>\n\n\n\n<p>T\u00f3nlekstinget \u00e4r forumet f\u00f6r dig som vill ha inflytande \u00f6ver kursen och aktiviteterna. Du anm\u00e4ler dig till T\u00f3nlekstinget n\u00e4r du anm\u00e4ler dig till kursen.<\/p>\n<\/div>\n<\/div>\n","protected":false},"excerpt":{"rendered":"<p>T\u00f3nlek&nbsp;\u00e4r en m\u00f6tesplats f\u00f6r unga str\u00e5kinstrumentalister fr\u00e5n hela Norden, f\u00f6r musiker och pedagoger samt f\u00f6r musikf\u00f6rbund av olika slag. P\u00e5 T\u00f3nlek&nbsp; f\u00e5r du v\u00e4nner fr\u00e5n Nordens alla l\u00e4nder med musiken som gemensamt spr\u00e5k. Vi leker med musik samtidigt som vi tar den p\u00e5 stort allvar.&nbsp;Du f\u00e5r&nbsp;enskilda&nbsp;lektioner och m\u00f6jlighet att upptr\u00e4da&nbsp;p\u00e5 konsert. V\u00e5r str\u00e5korkester \u00e4r indelad&hellip;&nbsp;<a href=\"https:\/\/www.tonlek.org\/se\/om-tonlek\/\" rel=\"bookmark\"><span class=\"screen-reader-text\">Om T\u00f3nlek<\/span><\/a><\/p>\n","protected":false},"author":2,"featured_media":0,"parent":0,"menu_order":0,"comment_status":"closed","ping_status":"closed","template":"","meta":{"inline_featured_image":false,"neve_meta_sidebar":"","neve_meta_container":"","neve_meta_enable_content_width":"","neve_meta_content_width":0,"neve_meta_title_alignment":"","neve_meta_author_avatar":"","neve_post_elements_order":"","neve_meta_disable_header":"","neve_meta_disable_footer":"on","neve_meta_disable_title":"off","footnotes":""},"class_list":["post-16","page","type-page","status-publish","hentry"],"_links":{"self":[{"href":"https:\/\/www.tonlek.org\/se\/wp-json\/wp\/v2\/pages\/16","targetHints":{"allow":["GET"]}}],"collection":[{"href":"https:\/\/www.tonlek.org\/se\/wp-json\/wp\/v2\/pages"}],"about":[{"href":"https:\/\/www.tonlek.org\/se\/wp-json\/wp\/v2\/types\/page"}],"author":[{"embeddable":true,"href":"https:\/\/www.tonlek.org\/se\/wp-json\/wp\/v2\/users\/2"}],"replies":[{"embeddable":true,"href":"https:\/\/www.tonlek.org\/se\/wp-json\/wp\/v2\/comments?post=16"}],"version-history":[{"count":47,"href":"https:\/\/www.tonlek.org\/se\/wp-json\/wp\/v2\/pages\/16\/revisions"}],"predecessor-version":[{"id":819,"href":"https:\/\/www.tonlek.org\/se\/wp-json\/wp\/v2\/pages\/16\/revisions\/819"}],"wp:attachment":[{"href":"https:\/\/www.tonlek.org\/se\/wp-json\/wp\/v2\/media?parent=16"}],"curies":[{"name":"wp","href":"https:\/\/api.w.org\/{rel}","templated":true}]}}