{"id":824,"date":"2025-11-27T14:33:07","date_gmt":"2025-11-27T13:33:07","guid":{"rendered":"https:\/\/www.tonlek.org\/dk\/?page_id=824"},"modified":"2026-04-07T20:15:20","modified_gmt":"2026-04-07T18:15:20","slug":"praktiske-oplysninger","status":"publish","type":"page","link":"https:\/\/www.tonlek.org\/dk\/praktiske-oplysninger\/","title":{"rendered":"Praktiske oplysninger"},"content":{"rendered":"\n<p>Her finder du al praktisk information om T\u00f3nlek. Har du sp\u00f8rgsm\u00e5l kan du skrive til <a href=\"mailto:info@tonlek.org\">info@tonlek.org<\/a> s\u00e5 hj\u00e6lper vi dig.<\/p>\n\n\n\n<h4 class=\"wp-block-heading\">Sted<\/h4>\n\n\n\n<p>2026 bliver kurset afholdt p\u00e5 Lunnevads folkh\u00f6gskola uden for Link\u00f6ping, Sverige.<\/p>\n\n\n\n<p>Adress: Lunnevads folkh\u00f6gskola, 583 92 Vikingstad<\/p>\n\n\n\n<h4 class=\"wp-block-heading\">Tid<\/h4>\n\n\n\n<p><strong>Ankomst<\/strong> s\u00f8ndag d. 2. agust fra kl. 14:30 \u2013 <a href=\"https:\/\/www.tonlek.org\/dk\/wp-content\/uploads\/sites\/7\/2024\/11\/Program-Tonlek-2025.pdf\">se program<\/a><\/p>\n\n\n\n<p><strong>Afrejse <\/strong>l\u00f8rdag d. 8. agust efter morgenmad.<\/p>\n\n\n\n<p><strong>Rejse<\/strong>: Man kan tage tog til Link\u00f6ping og bus videre derfra. <\/p>\n\n\n\n<p>Der vil v\u00e6re bustransport fra Link\u00f6ping Hovedbaneg\u00e5rd til Lunnevads folkh\u00f6gskola. Detaljer om denne bustransport vil f\u00f8lge i deltagerbrevet.<\/p>\n\n\n\n<h4 class=\"wp-block-heading\">Deltagerbetaling<\/h4>\n\n\n\n<p>Deltagere bosiddende i Sverige: 5 800 SEK<br>Deltagere bosiddende i andre landfaste nordiske lande: 5 200 SEK<br>Deltagere bosiddende p\u00e5 F\u00e6r\u00f8erne eller i Island: 4 900 SEK<br>Deltagere bosiddende i Gr\u00f8nland: 3 600 SEK<br>For\u00e6ldre, undtagen bosiddende i Gr\u00f8nland: 4 500 SEK<br>For\u00e6ldre bosiddende i Gr\u00f8nland: 3 600 SEK<\/p>\n\n\n\n<p>Priser d\u00e6kker:<\/p>\n\n\n\n<ul class=\"wp-block-list\">\n<li>Kost: 3 m\u00e5ltider om dagen og flere mellemm\u00e5ltider.<\/li>\n\n\n\n<li>Logi i 2- og 4-sengsrum.<\/li>\n\n\n\n<li>Deltagelse i orkester.<\/li>\n\n\n\n<li>Sololektioner hver dag mandag- torsdag.<\/li>\n\n\n\n<li>Akkompagnement af professionel pianist.<\/li>\n<\/ul>\n\n\n\n<p>\u00d8nsker vedr\u00f8rende kost og logi skal oplyses p\u00e5 tilmeldingen.<\/p>\n\n\n\n<h4 class=\"wp-block-heading\">Orkesterspil<\/h4>\n\n\n\n<p>P\u00e5 tilmeldingen skal man ligeledes angive hvilket orkester man forventer at deltage i:<\/p>\n\n\n\n<ul class=\"wp-block-list\">\n<li>Junior<\/li>\n\n\n\n<li>Camerata&nbsp;<\/li>\n\n\n\n<li>Senior<\/li>\n<\/ul>\n\n\n\n<p>Kig gerne p\u00e5 siden \u201c<a href=\"https:\/\/www.tonlek.org\/dk\/repertoire-og-noder\/\">Repertoire<\/a>\u201d for at se, hvor du passer bedst.<\/p>\n\n\n\n<h4 class=\"wp-block-heading\">Video<\/h4>\n\n\n\n<p>Hvis du er usikker p\u00e5, hvilket orkester der passer bedst til dig, s\u00e5 send os en kort video (1-2 minutter) af dig selv, der spiller dit instrument, s\u00e5 kan vi hj\u00e6lpe dig med valget. Denne bedes sendt til <a href=\"mailto:info@tonlek.org\">info@tonlek.org<\/a>.<\/p>\n\n\n\n<h4 class=\"wp-block-heading\">Elevkoncerter og klaverakkompagnement<\/h4>\n\n\n\n<p>Der vil v\u00e6re elevkoncerter p\u00e5 skolen onsdag og torsdag, og en afsluttende orkesterkoncert i Maribo Domkirke fredag d. 11. juli kl. 16:00. Vi har en professionel pianist til at akkompagnere. Man skal huske at medbringe klaverstemmen til det man spiller, og sende noder til sv\u00e6re v\u00e6rker p\u00e5 forh\u00e5nd. Klavernoder til det stykke, du vil spille med pianisten, sendes til: <a href=\"mailto:info@tonlek.org\">info@tonlek.org<\/a>. Det er en god id\u00e9 at medbringe mindst 2 stykker (v\u00e6rker) man \u00f8ver p\u00e5, hvor det ene kan blive klar til koncert i l\u00f8bet af tirsdag og onsdag.<\/p>\n\n\n\n<h4 class=\"wp-block-heading\">T\u00f3nlek-tinget<\/h4>\n\n\n\n<p>Eleverne har medindflydelse p\u00e5 kurset. P\u00e5 tilmeldingen kan man melde sig til T\u00f3nlek-tinget. S\u00e5 vil man allerede inden kurset via e-mail f\u00e5 mulighed for bidrage. P\u00e5 kurset vil T\u00f3nlek-tinget m\u00f8des flere gange og st\u00e5 for aktiviteter, bl.a. Crazy Night, som finder sted den sidste aften.&nbsp; Der slipper vi fantasien l\u00f8s, og de unge st\u00e5r selv for at arrangere en sjov og festlig afslutning p\u00e5 kurset, hvor humoren er i centrum.<\/p>\n\n\n\n<h4 class=\"wp-block-heading\">For\u00e6ldreansvar<\/h4>\n\n\n\n<p>De for\u00e6ldre, som f\u00e5r plads p\u00e5 kurset, forventes at tage medansvar for de andre deltagende b\u00f8rn og indg\u00e5 som en del af &nbsp;et voksenteam, som hj\u00e6lper alle b\u00f8rn med at f\u00e5 en sk\u00f8n oplevelse.&nbsp;<\/p>\n\n\n\n<h4 class=\"wp-block-heading\">Tilmelding<\/h4>\n\n\n\n<p><a href=\"https:\/\/www.tonlek.org\/dk\/tonlek\/\">Her tilmelder du dig kurset.<\/a><\/p>\n\n\n\n<div style=\"height:40px\" aria-hidden=\"true\" class=\"wp-block-spacer\"><\/div>\n\n\n\n<div class=\"wp-block-columns is-layout-flex wp-container-core-columns-is-layout-9d6595d7 wp-block-columns-is-layout-flex\">\n<div class=\"wp-block-column is-layout-flow wp-block-column-is-layout-flow\"><div class=\"wp-block-image\">\n<figure class=\"aligncenter size-large\"><img loading=\"lazy\" decoding=\"async\" width=\"1024\" height=\"683\" src=\"https:\/\/www.tonlek.org\/dk\/wp-content\/uploads\/sites\/7\/2023\/03\/68D68879-8871-4259-8442-2EA35FF5999C-1024x683.jpeg\" alt=\"\" class=\"wp-image-51\" srcset=\"https:\/\/www.tonlek.org\/dk\/wp-content\/uploads\/sites\/7\/2023\/03\/68D68879-8871-4259-8442-2EA35FF5999C-1024x683.jpeg 1024w, https:\/\/www.tonlek.org\/dk\/wp-content\/uploads\/sites\/7\/2023\/03\/68D68879-8871-4259-8442-2EA35FF5999C-300x200.jpeg 300w, https:\/\/www.tonlek.org\/dk\/wp-content\/uploads\/sites\/7\/2023\/03\/68D68879-8871-4259-8442-2EA35FF5999C-768x512.jpeg 768w, https:\/\/www.tonlek.org\/dk\/wp-content\/uploads\/sites\/7\/2023\/03\/68D68879-8871-4259-8442-2EA35FF5999C-1536x1024.jpeg 1536w, https:\/\/www.tonlek.org\/dk\/wp-content\/uploads\/sites\/7\/2023\/03\/68D68879-8871-4259-8442-2EA35FF5999C-2048x1366.jpeg 2048w, https:\/\/www.tonlek.org\/dk\/wp-content\/uploads\/sites\/7\/2023\/03\/68D68879-8871-4259-8442-2EA35FF5999C-930x620.jpeg 930w\" sizes=\"auto, (max-width: 1024px) 100vw, 1024px\" \/><\/figure>\n<\/div>\n\n\n<div style=\"height:15px\" aria-hidden=\"true\" class=\"wp-block-spacer\"><\/div>\n\n\n\n<h4 class=\"wp-block-heading has-text-align-center\"><a href=\"https:\/\/www.tonlek.org\/dk\/tonlek\/\">T\u00f3nlek 2026<\/a><\/h4>\n\n\n\n<p>Repertoiret for alle orkestrene begynder at tage form. Alt er klar til et fantastisk kursus!<\/p>\n<\/div>\n\n\n\n<div class=\"wp-block-column is-layout-flow wp-block-column-is-layout-flow\"><div class=\"wp-block-image\">\n<figure class=\"aligncenter size-large\"><img loading=\"lazy\" decoding=\"async\" width=\"1024\" height=\"683\" src=\"https:\/\/www.tonlek.org\/dk\/wp-content\/uploads\/sites\/7\/2023\/03\/FC63F800-8B1E-41D1-A848-4D9A83598F4B-1024x683.jpeg\" alt=\"\" class=\"wp-image-43\" srcset=\"https:\/\/www.tonlek.org\/dk\/wp-content\/uploads\/sites\/7\/2023\/03\/FC63F800-8B1E-41D1-A848-4D9A83598F4B-1024x683.jpeg 1024w, https:\/\/www.tonlek.org\/dk\/wp-content\/uploads\/sites\/7\/2023\/03\/FC63F800-8B1E-41D1-A848-4D9A83598F4B-300x200.jpeg 300w, https:\/\/www.tonlek.org\/dk\/wp-content\/uploads\/sites\/7\/2023\/03\/FC63F800-8B1E-41D1-A848-4D9A83598F4B-768x512.jpeg 768w, https:\/\/www.tonlek.org\/dk\/wp-content\/uploads\/sites\/7\/2023\/03\/FC63F800-8B1E-41D1-A848-4D9A83598F4B-1536x1024.jpeg 1536w, https:\/\/www.tonlek.org\/dk\/wp-content\/uploads\/sites\/7\/2023\/03\/FC63F800-8B1E-41D1-A848-4D9A83598F4B-2048x1366.jpeg 2048w, https:\/\/www.tonlek.org\/dk\/wp-content\/uploads\/sites\/7\/2023\/03\/FC63F800-8B1E-41D1-A848-4D9A83598F4B-930x620.jpeg 930w\" sizes=\"auto, (max-width: 1024px) 100vw, 1024px\" \/><\/figure>\n<\/div>\n\n\n<div style=\"height:15px\" aria-hidden=\"true\" class=\"wp-block-spacer\"><\/div>\n\n\n\n<h4 class=\"wp-block-heading has-text-align-center\"><a href=\"https:\/\/www.tonlek.org\/dk\/dirigent-og-laerere\/\">Dirigent og l\u00e6rere<\/a><\/h4>\n\n\n\n<p>Herunder kan du l\u00e6se mere om vores dirigent og alle l\u00e6rere p\u00e5 Tonlek.<\/p>\n<\/div>\n\n\n\n<div class=\"wp-block-column is-layout-flow wp-block-column-is-layout-flow\"><div class=\"wp-block-image\">\n<figure class=\"aligncenter size-large\"><img loading=\"lazy\" decoding=\"async\" width=\"1024\" height=\"683\" src=\"https:\/\/www.tonlek.org\/dk\/wp-content\/uploads\/sites\/7\/2023\/03\/632346A9-4E6D-420E-B70D-C88BF370977D-1024x683.jpeg\" alt=\"\" class=\"wp-image-64\" srcset=\"https:\/\/www.tonlek.org\/dk\/wp-content\/uploads\/sites\/7\/2023\/03\/632346A9-4E6D-420E-B70D-C88BF370977D-1024x683.jpeg 1024w, https:\/\/www.tonlek.org\/dk\/wp-content\/uploads\/sites\/7\/2023\/03\/632346A9-4E6D-420E-B70D-C88BF370977D-300x200.jpeg 300w, https:\/\/www.tonlek.org\/dk\/wp-content\/uploads\/sites\/7\/2023\/03\/632346A9-4E6D-420E-B70D-C88BF370977D-768x512.jpeg 768w, https:\/\/www.tonlek.org\/dk\/wp-content\/uploads\/sites\/7\/2023\/03\/632346A9-4E6D-420E-B70D-C88BF370977D-1536x1024.jpeg 1536w, https:\/\/www.tonlek.org\/dk\/wp-content\/uploads\/sites\/7\/2023\/03\/632346A9-4E6D-420E-B70D-C88BF370977D-2048x1366.jpeg 2048w, https:\/\/www.tonlek.org\/dk\/wp-content\/uploads\/sites\/7\/2023\/03\/632346A9-4E6D-420E-B70D-C88BF370977D-930x620.jpeg 930w\" sizes=\"auto, (max-width: 1024px) 100vw, 1024px\" \/><\/figure>\n<\/div>\n\n\n<div style=\"height:15px\" aria-hidden=\"true\" class=\"wp-block-spacer\"><\/div>\n\n\n\n<h4 class=\"wp-block-heading has-text-align-center\"><a href=\"https:\/\/www.tonlek.org\/dk\/repertoire-og-noder\/\">Repertoire og noder<\/a> <\/h4>\n\n\n\n<p>Her finder du brutto repertoire til alle orkestre sammen med noder og links til lyd.<\/p>\n<\/div>\n<\/div>\n\n\n\n<p><\/p>\n\n\n\n<p><\/p>\n","protected":false},"excerpt":{"rendered":"<p>Her finder du al praktisk information om T\u00f3nlek. Har du sp\u00f8rgsm\u00e5l kan du skrive til info@tonlek.org s\u00e5 hj\u00e6lper vi dig. Sted 2026 bliver kurset afholdt p\u00e5 Lunnevads folkh\u00f6gskola uden for Link\u00f6ping, Sverige. Adress: Lunnevads folkh\u00f6gskola, 583 92 Vikingstad Tid Ankomst s\u00f8ndag d. 2. agust fra kl. 14:30 \u2013 se program Afrejse l\u00f8rdag d. 8. agust&hellip;&nbsp;<a href=\"https:\/\/www.tonlek.org\/dk\/praktiske-oplysninger\/\" rel=\"bookmark\"><span class=\"screen-reader-text\">Praktiske oplysninger<\/span><\/a><\/p>\n","protected":false},"author":2,"featured_media":0,"parent":0,"menu_order":0,"comment_status":"closed","ping_status":"closed","template":"","meta":{"inline_featured_image":false,"neve_meta_sidebar":"","neve_meta_container":"","neve_meta_enable_content_width":"","neve_meta_content_width":0,"neve_meta_title_alignment":"","neve_meta_author_avatar":"","neve_post_elements_order":"","neve_meta_disable_header":"","neve_meta_disable_footer":"","neve_meta_disable_title":"","footnotes":""},"class_list":["post-824","page","type-page","status-publish","hentry"],"_links":{"self":[{"href":"https:\/\/www.tonlek.org\/dk\/wp-json\/wp\/v2\/pages\/824","targetHints":{"allow":["GET"]}}],"collection":[{"href":"https:\/\/www.tonlek.org\/dk\/wp-json\/wp\/v2\/pages"}],"about":[{"href":"https:\/\/www.tonlek.org\/dk\/wp-json\/wp\/v2\/types\/page"}],"author":[{"embeddable":true,"href":"https:\/\/www.tonlek.org\/dk\/wp-json\/wp\/v2\/users\/2"}],"replies":[{"embeddable":true,"href":"https:\/\/www.tonlek.org\/dk\/wp-json\/wp\/v2\/comments?post=824"}],"version-history":[{"count":10,"href":"https:\/\/www.tonlek.org\/dk\/wp-json\/wp\/v2\/pages\/824\/revisions"}],"predecessor-version":[{"id":892,"href":"https:\/\/www.tonlek.org\/dk\/wp-json\/wp\/v2\/pages\/824\/revisions\/892"}],"wp:attachment":[{"href":"https:\/\/www.tonlek.org\/dk\/wp-json\/wp\/v2\/media?parent=824"}],"curies":[{"name":"wp","href":"https:\/\/api.w.org\/{rel}","templated":true}]}}