{"id":807,"date":"2025-10-06T11:40:51","date_gmt":"2025-10-06T09:40:51","guid":{"rendered":"https:\/\/www.tonlek.org\/dk\/?page_id=807"},"modified":"2025-10-06T11:40:51","modified_gmt":"2025-10-06T09:40:51","slug":"dirigent-og-laerere-2025","status":"publish","type":"page","link":"https:\/\/www.tonlek.org\/dk\/om-tonlek\/tidligere-ar\/dirigent-og-laerere-2025\/","title":{"rendered":"Dirigent og l\u00e6rere 2025"},"content":{"rendered":"\n<p>Nedenfor kan du l\u00e6se mere om vores dirigent og underviser p\u00e5 T\u00f3nlek 2025. Alle er fremtr\u00e6dende musikere og undervisere. T\u00f3nleks undervisere kommer fra hele Norden, og vi har partnere i alle de nordiske lande, herunder Jeunesse Musicales i Norge, Harpa International Music Academy i Island, Riksf\u00f6rbundet Unga Musikanter i Sverige og Musik og Ungdom i Danmark.<\/p>\n\n\n\n<div class=\"wp-block-columns is-layout-flex wp-container-core-columns-is-layout-9d6595d7 wp-block-columns-is-layout-flex\">\n<div class=\"wp-block-column is-layout-flow wp-block-column-is-layout-flow\">\n<figure class=\"wp-block-image size-full is-resized\"><img loading=\"lazy\" decoding=\"async\" width=\"259\" height=\"164\" src=\"https:\/\/www.tonlek.org\/se\/wp-content\/uploads\/sites\/2\/2023\/03\/damiano2.jpg\" alt=\"\" class=\"wp-image-288\" style=\"width:314px;height:199px\"\/><figcaption class=\"wp-element-caption\"><strong>Damian Iorio<\/strong>, Italien<br><em>Dirigent<\/em><\/figcaption><\/figure>\n\n\n\n<p>Damian Iorio blev f\u00f8dt i London, hvor han voksede op i en familie af italienske og engelske musikere. Han begyndte sin musikalske karriere som violinist og spillede blandt andet i Danmarks Radios Symfoniorkester, mens han studerede dirigent i Sankt Petersborg. Damian bor i \u00f8jeblikket i Italien med sin familie, og i 2006 modtog han Sant\u2019Agata-ordenen fra San Marino som anerkendelse for sit musikalske arbejde. Den engelsk-italienske Damian taler i dag b\u00e5de dansk og svensk.<\/p>\n\n\n\n<p>Damians repertoire er bredt med v\u00e6gt p\u00e5 senromantikken, det tidlige 20. \u00e5rhundrede og den allernyeste musik. Damians store interesse for ny musik har givet ham mulighed for at dirigere flere uropf\u00f8relser i t\u00e6t samarbejde med komponisterne.<\/p>\n\n\n\n<p>Damian Iorio har v\u00e6ret kunstnerisk leder og chefdirigent for Murmansk Symfoniorkester, hvor b\u00e5de opera og symfonisk musik er p\u00e5 repertoiret. Han arbejder ogs\u00e5 meget med unge musikere og er kunstnerisk leder af The National Youth String Orchestra i Storbritannien.<\/p>\n\n\n\n<p>I juni 2014 blev Damian musikdirekt\u00f8r for Milton Keynes City Orchestra (England).<\/p>\n<\/div>\n\n\n\n<div class=\"wp-block-column is-layout-flow wp-block-column-is-layout-flow\">\n<figure class=\"wp-block-image size-full is-resized\"><img loading=\"lazy\" decoding=\"async\" width=\"259\" height=\"165\" src=\"https:\/\/www.tonlek.org\/se\/wp-content\/uploads\/sites\/2\/2023\/03\/annemarie.jpg\" alt=\"\" class=\"wp-image-293\" style=\"width:312px;height:199px\"\/><figcaption class=\"wp-element-caption\"><strong>Anne Marie Kj\u00e6rulff<\/strong>, Danmark<br><em>Violin<\/em><\/figcaption><\/figure>\n\n\n\n<p>Anne Marie Kj\u00e6rulff er violinist i DR Symfoniorkestret. Hun er ogs\u00e5 aktiv som kammermusiker, l\u00e6rer og instrukt\u00f8r.<\/p>\n\n\n\n<p>Anne Marie har spillet i Athelas Sinfonietta, da det var Statens Ensemble. Hun var ogs\u00e5 med til at stifte Ensemble 2000 og spillede med dem i en \u00e5rr\u00e6kke, ogs\u00e5 i mange radioudsendelser og cd-optagelser af ny musik.<\/p>\n\n\n\n<p>Anne Marie har undervist p\u00e5 Kent State University, Ohio, og underviser nu p\u00e5 Goldschmidt Academy of Music i K\u00f8benhavn. <\/p>\n\n\n\n<p>Hun er uddannet p\u00e5 Det Kongelige Danske Musikkonservatorium hos prof. Milan Vitek og i Ohio hos Almita og Roland Vamos p\u00e5 Oberlin Conservatory. <\/p>\n\n\n\n<p>Anne Marie Anne Marie er kunstnerisk og p\u00e6dagogisk leder af T\u00f3nlek.<\/p>\n<\/div>\n\n\n\n<div class=\"wp-block-column is-layout-flow wp-block-column-is-layout-flow\">\n<figure class=\"wp-block-image size-full is-resized\"><img loading=\"lazy\" decoding=\"async\" width=\"1200\" height=\"800\" src=\"https:\/\/www.tonlek.org\/dk\/wp-content\/uploads\/sites\/7\/2024\/12\/Helge.jpg\" alt=\"\" class=\"wp-image-762\" style=\"width:auto;height:199px\" srcset=\"https:\/\/www.tonlek.org\/dk\/wp-content\/uploads\/sites\/7\/2024\/12\/Helge.jpg 1200w, https:\/\/www.tonlek.org\/dk\/wp-content\/uploads\/sites\/7\/2024\/12\/Helge-300x200.jpg 300w, https:\/\/www.tonlek.org\/dk\/wp-content\/uploads\/sites\/7\/2024\/12\/Helge-1024x683.jpg 1024w, https:\/\/www.tonlek.org\/dk\/wp-content\/uploads\/sites\/7\/2024\/12\/Helge-768x512.jpg 768w, https:\/\/www.tonlek.org\/dk\/wp-content\/uploads\/sites\/7\/2024\/12\/Helge-930x620.jpg 930w\" sizes=\"auto, (max-width: 1200px) 100vw, 1200px\" \/><figcaption class=\"wp-element-caption\"><strong>Helge Slaatto, <\/strong>Norge<br><em>Violin<\/em><\/figcaption><\/figure>\n\n\n\n<p>Helge Slaatto&nbsp;var gennem 25 \u00e5r violinprofessor p\u00e5 musikkonservatoriet i M\u00fcnster og har desuden v\u00e6ret koncertmester i Odense Symfoniorkester, Athelas Sinfonietta Copenhagen og Randers Kammerorkester. <\/p>\n\n\n\n<p>Han er anerkendt som fortolker af ny musik og har siden 1987 uropf\u00f8rt flere end 50 v\u00e6rker sammen med kontrabassisten Frank Reinecke. Duoen modtog i 2009&nbsp;<em>Preis der Deutschen Schallplattenkritik<\/em>. Helge Slaatto er efterspurgt som l\u00e6rer og har undervist over hele verden.<\/p>\n\n\n\n<p>Helge Slaatto har givet kurser og koncerter i Danmark, Tyskland, Gr\u00e6kenland, Italien, Portugal, Schweiz, Korea,Kina, Rusland, USA, og Mexico.<\/p>\n\n\n\n<p>Hans elever vandt bl.a. priser som Berlingske guld, Gade konkurrencen, Bundeswettbewerb Jugend Musiziert, Leopold Mozart Wettbewerb Augsburg, Joseph Joachim Wettbewerb Hannover og Queen Elisabeth Competition Bruxelles.<\/p>\n<\/div>\n<\/div>\n\n\n\n<div class=\"wp-block-columns is-layout-flex wp-container-core-columns-is-layout-9d6595d7 wp-block-columns-is-layout-flex\">\n<div class=\"wp-block-column is-layout-flow wp-block-column-is-layout-flow\">\n<figure class=\"wp-block-image size-full is-resized\"><img loading=\"lazy\" decoding=\"async\" width=\"1382\" height=\"922\" src=\"https:\/\/www.tonlek.org\/dk\/wp-content\/uploads\/sites\/7\/2024\/12\/Herbert.jpg\" alt=\"\" class=\"wp-image-761\" style=\"width:auto;height:225px\" srcset=\"https:\/\/www.tonlek.org\/dk\/wp-content\/uploads\/sites\/7\/2024\/12\/Herbert.jpg 1382w, https:\/\/www.tonlek.org\/dk\/wp-content\/uploads\/sites\/7\/2024\/12\/Herbert-300x200.jpg 300w, https:\/\/www.tonlek.org\/dk\/wp-content\/uploads\/sites\/7\/2024\/12\/Herbert-1024x683.jpg 1024w, https:\/\/www.tonlek.org\/dk\/wp-content\/uploads\/sites\/7\/2024\/12\/Herbert-768x512.jpg 768w, https:\/\/www.tonlek.org\/dk\/wp-content\/uploads\/sites\/7\/2024\/12\/Herbert-930x620.jpg 930w\" sizes=\"auto, (max-width: 1382px) 100vw, 1382px\" \/><figcaption class=\"wp-element-caption\"><strong>Herbert Boersma<\/strong>,Danmark<br><em>Violin<\/em><\/figcaption><\/figure>\n\n\n\n<p>Herbert Boersma er en anerkendt violinp\u00e6dagog og solistuddannet violinist der&nbsp;har opn\u00e5et stor anerkendelse som underviser og er<br>kendt for at inspirere og udvikle unge violinister. Som grundl\u00e6gger og leder af<br>Musikakademi Amager har Herbert p\u00e5 f\u00e5 \u00e5r skabt en anerkendt musikskole med h\u00f8je<br>standarder og en ambiti\u00f8s tilgang til musikundervisning.<\/p>\n\n\n\n<p>Herberts uddannelse inkluderer 10 \u00e5rs studier ved konservatorier i Danmark og<br>prominente violinprofessorer i USA og Polen. Herbert har optr\u00e5dt med de danske<br>symfoniorkestre og deltaget i forskellige musikprojekter i ind- og udland og<br>kammermusiker i solistensembler som Ensemble Storstr\u00f8m.<\/p>\n\n\n\n<p>I undervisningen fokuserer Herbert p\u00e5 teknisk kunnen, musikalsk udtryk og en fordybelse i&nbsp;<br>musikkens univers. Gennem Musikakademi Amager, har han har skabt sig et ry som en dygtig og<br>dedikeret violinp\u00e6dagog og er samtidig en fremtr\u00e6dende skikkelse inden for det klassiske musikmilj\u00f8.<\/p>\n<\/div>\n\n\n\n<div class=\"wp-block-column is-layout-flow wp-block-column-is-layout-flow\">\n<figure class=\"wp-block-image size-full is-resized\"><img decoding=\"async\" src=\"https:\/\/www.tonlek.org\/se\/wp-content\/uploads\/sites\/2\/2023\/05\/Joan.jpeg\" alt=\"\" class=\"wp-image-461\" style=\"width:310px;height:225px\"\/><figcaption class=\"wp-element-caption\"><strong>Joan Faigen<\/strong>, Sverige<br><em>Violin<\/em><\/figcaption><\/figure>\n\n\n\n<p>Joan Faigen er uddannet fra Juilliard School of Music i New York og har ogs\u00e5 en Master of Music-grad fra Shepherd School of Music ved Rice University, hvor hun studerede under den ansete violinist Sergiu Luca.<\/p>\n\n\n\n<p>Efter sine studier var hun violinist ved Florida Philharmonic i 15 \u00e5r. Hun var ogs\u00e5 medlem af South Florida Chamber Orchestra og Miami Grand Opera. I 2003-2004 var Joan medlem af Renaissance Kammerorkester, hvor hun optr\u00e5dte b\u00e5de som koncertmester og solist.<\/p>\n\n\n\n<p>I l\u00f8bet af sine \u00e5r i Florida underviste Joan p\u00e5 forskellige musikskoler, herunder Dillard High School for the Arts og College Living Experience. Hun fungerede ogs\u00e5 som strygerinstrukt\u00f8r for Florida Youth Orchestra og Junior Renaissance Chamber Orchestra.<\/p>\n\n\n\n<p>Som kammermusiker har Joan blandt andet optr\u00e5dt med Mostly Baroque Players, Chamber Music South og Florida Chamber Virtuosi.<\/p>\n\n\n\n<p>Joan har i dag stillingen som assisterende rektor ved V\u00e4ster\u00e5s Sinfonietta og violinl\u00e6rer p\u00e5 b\u00e5de Birkag\u00e5rden Folkh\u00f6gskola og Lilla Akademien i Stockholm.<\/p>\n<\/div>\n\n\n\n<div class=\"wp-block-column is-layout-flow wp-block-column-is-layout-flow\">\n<figure class=\"wp-block-image size-full is-resized\"><img decoding=\"async\" src=\"https:\/\/www.tonlek.org\/se\/wp-content\/uploads\/sites\/2\/2023\/05\/sif2.jpg\" alt=\"\" class=\"wp-image-485\" style=\"object-fit:cover;width:325px;height:225px\"\/><figcaption class=\"wp-element-caption\"><strong>Sif Margr\u00e9t Tulinius<\/strong>, Island <br><em>Violin<\/em><\/figcaption><\/figure>\n\n\n\n<p>Sif Margr\u00e9t afsluttede sit solistdiplom fra Musikakademiet i Reykjav\u00edk i for\u00e5ret 1991 under ledelse af den dav\u00e6rende koncertmester for Islands Symfoniorkester, professor Gu\u00f0n\u00fd Gu\u00f0mundsd\u00f3ttir. Hun tog sin mastergrad i violin p\u00e5 Stony Brooks musikafdeling i New York.<\/p>\n\n\n\n<p>Efter at have afsluttet sine studier slog Sif Margr\u00e9t sig ned i Europa, hvor hun optr\u00e5dte regelm\u00e6ssigt med mange ber\u00f8mte ensembler; herunder Ensemble Modern i Frankfurt, M\u00fcnchener Kammerorchester, Ensemble Oriol i Berlin og New York Symphonic Ensemble.<\/p>\n\n\n\n<p>I efter\u00e5ret 2000 modtog hun stillingen som assisterende koncertmester for Islands Symfoniorkester, som hun havde indtil 2016, hvor hun flyttede til Berlin for at optr\u00e6de med orkestre og ensembler som Berliner Philharmoniker, Deutsche Symphony Orkester Berlin og Potsdam Kammerphilharmonie .<\/p>\n\n\n\n<p>Sif Margr\u00e9t br\u00e6nder for at undervise i violin og arbejder i \u00f8jeblikket p\u00e5 fakultetet for violinl\u00e6rere ved Islands Kunstuniversitet og K\u00f3pavogurs Musikh\u00f8jskole.<\/p>\n<\/div>\n<\/div>\n\n\n\n<div class=\"wp-block-columns is-layout-flex wp-container-core-columns-is-layout-9d6595d7 wp-block-columns-is-layout-flex\">\n<div class=\"wp-block-column is-layout-flow wp-block-column-is-layout-flow\">\n<figure class=\"wp-block-image size-full is-resized\"><img loading=\"lazy\" decoding=\"async\" width=\"259\" height=\"163\" src=\"https:\/\/www.tonlek.org\/dk\/wp-content\/uploads\/sites\/7\/2023\/03\/steven-billede.jpg\" alt=\"\" class=\"wp-image-295\" style=\"width:auto;height:231px\"\/><figcaption class=\"wp-element-caption\"><strong>Steven<\/strong> <strong>Svensson<\/strong>, Sverige<br><em>Viola<\/em><\/figcaption><\/figure>\n\n\n\n<p>Steven studerede violin hos Harald Thed\u00e9en p\u00e5 Det Kongelige Musikkonservatorium i Stockholm, hvor han fik et diplom. Derefter fortsatte han sine studier i USA hos Sergiu Luca og skiftede derefter i stigende grad til bratsch som sit hovedinstrument.<\/p>\n\n\n\n<p>Efter sine studier bosatte Steven Svensson sig i Florida, hvor han var aktiv i Florida Philharmonic Orchestra i atten \u00e5r.<\/p>\n\n\n\n<p>Ud over sine aktiviteter som instrumentalist har han ogs\u00e5 dirigeret en r\u00e6kke forskellige ungdomsorkestre, s\u00e5som Young Artists\u2019 Chamber Orchestra og Beethoven Festival Youth Orchestra.<\/p>\n\n\n\n<p>Siden 2005 har Steven Svensson igen v\u00e6ret bosat i Sverige og medlem af Royal Philharmonics bratschkor. Han medvirker desuden l\u00f8bende i Konserthusets kammermusikserie i Gr\u00fcnewaldsalen, senest i september 2016.<\/p>\n\n\n\n<p>Steven underviser p\u00e5 Lilla Akademien og p\u00e5 Det Kongelige Musikkonservatorium i Stockholm.<\/p>\n<\/div>\n\n\n\n<div class=\"wp-block-column is-layout-flow wp-block-column-is-layout-flow\">\n<figure class=\"wp-block-image size-full is-resized\"><img loading=\"lazy\" decoding=\"async\" width=\"367\" height=\"244\" src=\"https:\/\/www.tonlek.org\/dk\/wp-content\/uploads\/sites\/7\/2024\/11\/Carl-Oscar-Osterlind.png\" alt=\"\" class=\"wp-image-708\" style=\"width:361px;height:231px\" srcset=\"https:\/\/www.tonlek.org\/dk\/wp-content\/uploads\/sites\/7\/2024\/11\/Carl-Oscar-Osterlind.png 367w, https:\/\/www.tonlek.org\/dk\/wp-content\/uploads\/sites\/7\/2024\/11\/Carl-Oscar-Osterlind-300x199.png 300w\" sizes=\"auto, (max-width: 367px) 100vw, 367px\" \/><figcaption class=\"wp-element-caption\"><strong><strong>Carl-Oscar \u00d8sterlind<\/strong><\/strong>, Danmark<br><em>Cello<\/em><\/figcaption><\/figure>\n\n\n\n<p>Carl-Oscar \u00d8sterlind er en af Danmarks mest alsidige musikere. I 2020 udgav han hele tre album med sonater af Brahms og Schnittke, samt kammermusik af Debussy. I 2016 modtog han Statens Kunstfonds karrierelegat \u201cDen Unge Elite\u201d og har optr\u00e5dt som solist og kammermusiker i Skandinavien, Tyskland, England, USA og Kina.<\/p>\n\n\n\n<p>Carl-Oscar er j\u00e6vnligt g\u00e6ste-solocellist i blandt andet Aalborg, Odense og Islands Symfoniorkestre samt Copenhagen Phil. Han er endvidere en s\u00e6rdeles aktiv kammermusiker, blandt andet som medlem af ensemblerne Messiaen Quartet Copenhagen og Ensemble Mutatis.<\/p>\n\n\n\n<p>I l\u00f8bet af de seneste \u00e5r har Carl-Oscar ogs\u00e5 gjort sig bem\u00e6rket som dirigent for flere amat\u00f8r- og ungdomsorkestre i Danmark og fra s\u00e6sonen 2023\/2024 er han fast dirigent for Sankt Ann\u00e6 Symfoniorkester.<\/p>\n\n\n\n<p>Han har opbygget et solidt renom\u00e9 som p\u00e6dagog ved den konservatorieforberedende MGK-uddannelse i K\u00f8benhavn og Region Sj\u00e6lland, hvor mange af hans elever er blevet optaget p\u00e5 de danske konservatorier.<\/p>\n\n\n\n<p>Carl-Oscar har vundet en lang r\u00e6kke priser og konkurrencer, blandt andet: Den Danske Strygerkonkurrence, P2 Kammermusikkonkurrence, Trondheim Strygekvartetkonkurrence og Jacob Gades Store Legat. Han er uddannet hos Morten Zeuthen i K\u00f8benhavn, Torleif Thedeen i Stockholm\/Edsberg og Ralph Kirshbaum i Los Angeles.<\/p>\n<\/div>\n\n\n\n<div class=\"wp-block-column is-layout-flow wp-block-column-is-layout-flow\">\n<figure class=\"wp-block-image size-full is-resized\"><img loading=\"lazy\" decoding=\"async\" width=\"259\" height=\"164\" src=\"https:\/\/www.tonlek.org\/se\/wp-content\/uploads\/sites\/2\/2023\/03\/jonasfranzon.jpg\" alt=\"\" class=\"wp-image-291\" style=\"width:368px;height:233px\"\/><figcaption class=\"wp-element-caption\"><strong>Jonas Franzon<\/strong>, Sverige\/Finland <br><em>Cello<\/em><\/figcaption><\/figure>\n\n\n\n<p>Jonas Franzon har studeret b\u00e5de p\u00e5 Musikakademiet i Malm\u00f8 under Mats Rondi og p\u00e5 Sibelius Akademiet under Martti Rousi og Raimo Sariola. Under Sariolas ledning tog han musikerexamen (Master of Fine Arts) i Malm\u00f8 og B- og A-examen i cellospel vid Svenska yrkesh\u00f6gskolan, bland annat som solist med Jakobstads orkester.<\/p>\n\n\n\n<p>Jonas arbejder som cellol\u00e6rer mellem Musik- og Kulturskolen Sandels i Helsingfors og Musikinstitutet Kungsv\u00e4gen i Espoo. Han har for nylig videreuddannet sig i p\u00e6dagogik p\u00e5 Snellman University of Applied Sciences og har udover p\u00e6dagogik ogs\u00e5 en st\u00e6rk interesse for kammermusik.<\/p>\n<\/div>\n<\/div>\n\n\n\n<div class=\"wp-block-columns is-layout-flex wp-container-core-columns-is-layout-9d6595d7 wp-block-columns-is-layout-flex\">\n<div class=\"wp-block-column is-layout-flow wp-block-column-is-layout-flow\">\n<figure class=\"wp-block-image size-full is-resized\"><img loading=\"lazy\" decoding=\"async\" width=\"484\" height=\"323\" src=\"https:\/\/www.tonlek.org\/dk\/wp-content\/uploads\/sites\/7\/2024\/11\/Julie-Tandrup-Kock.png\" alt=\"\" class=\"wp-image-710\" style=\"width:auto;height:231px\" srcset=\"https:\/\/www.tonlek.org\/dk\/wp-content\/uploads\/sites\/7\/2024\/11\/Julie-Tandrup-Kock.png 484w, https:\/\/www.tonlek.org\/dk\/wp-content\/uploads\/sites\/7\/2024\/11\/Julie-Tandrup-Kock-300x200.png 300w\" sizes=\"auto, (max-width: 484px) 100vw, 484px\" \/><figcaption class=\"wp-element-caption\"><strong><strong>Julie Tandrup Kock<\/strong><\/strong>, Danmark<br><em>Cello<\/em><\/figcaption><\/figure>\n\n\n\n<p>Julie Tandrup Kock er uddannet i USA, Schweiz, Italien og Danmark. Efter sine kandidatstudier blev hun optaget p\u00e5&nbsp;b\u00e5de solistklassen herhjemme og p\u00e5 den prestigefyldte solistlinje, Post Formazione i Lugano, Schweiz, hvor hun studerede med et af nutidens st\u00f8rste celloikoner, den italienske solist Enrico Dindo. I 2013 afsluttede hun solistklassen med en s\u00e6rdeles rost debutkoncert. Som led i sine studier har Julie desuden spillet hos nogle af verdens mest prominente cellister, heriblandt Ralph Kirschbaum, Frans Helmersson og Erling Bl\u00f8ndal Bengtson.&nbsp;<br>&nbsp;&nbsp; Julie er en aktiv solist og kammermusiker og har de seneste \u00e5r optr\u00e5dt i b\u00e5de Danmark, Argentina, USA, Schweiz, Sverige, Italien og England. Af hendes seneste solistiske optr\u00e6dender kan n\u00e6vnes Haydns D-dur Cellokoncert og Brahms Dobbeltkoncert med Kammerorkestret ARCO og Elgars cellokoncert med Amat\u00f8rsymfonikerne. Hun n\u00e6rer en s\u00e6rlig k\u00e6rlighed til kammermusikken og spiller i adskillige ensembler, &#8211; heriblandt <em>Amazone Kvartetten <\/em>(mezzo, fl\u00f8jte, cello og klaver), <em>Sommerkvartetten<\/em>&nbsp;(strygekvartet),&nbsp;<em>Kock\/Kirova-Duo<\/em> (cello og klaver), <em>Undertoner<\/em> (cello og kontrabas), og duoen <em>Sopra il Cielo<\/em> (cello og sopran).<\/p>\n<\/div>\n\n\n\n<div class=\"wp-block-column is-layout-flow wp-block-column-is-layout-flow\">\n<figure class=\"wp-block-image size-full is-resized\"><img loading=\"lazy\" decoding=\"async\" width=\"297\" height=\"190\" src=\"https:\/\/www.tonlek.org\/dk\/wp-content\/uploads\/sites\/7\/2023\/05\/einars.jpeg\" alt=\"\" class=\"wp-image-525\" style=\"width:361px;height:231px\"\/><figcaption class=\"wp-element-caption\"><strong>Ein\u0101rs Everss<\/strong>, Danmark\/Lettland<br><em>Bas<\/em><\/figcaption><\/figure>\n\n\n\n<p>Ein\u0101rs Everss er en prisvindende lettisk kontrabassist, der i \u00f8jeblikket er baseret i K\u00f8benhavn. Siden april 2019 har han v\u00e6ret medlem af Danmarks Nationale Symfoniorkester (DR Symfoniorkestret), hvor han har den f\u00f8rende kontrabasstilling.<\/p>\n\n\n\n<p>Som solist har Ein\u0101rs spillet med orkestre som Simfonia Concertante (Riga, Letland), Chamber Orchestra of Rezekne (Rezekne, Letland) og PKF \u2013 Prague Philharmonia (Prag, Tjekkiet).<\/p>\n\n\n\n<p>Ein\u0101rs har samarbejdet med musikere som Nikolaj Szeps-Znaider, Carolin Widmann, Nils M\u00f6nkemeyer, Enrico Pace, Amalie Malling, Torleif Thedeen, Trio con Brio Copenhagen og mange andre.<\/p>\n\n\n\n<p>Ein\u0101rs er for nylig uddannet fra solistklassen p\u00e5 Det Kongelige Danske Musikkonservatorium.<\/p>\n<\/div>\n\n\n\n<div class=\"wp-block-column is-layout-flow wp-block-column-is-layout-flow\">\n<figure class=\"wp-block-image size-full is-resized\"><img loading=\"lazy\" decoding=\"async\" width=\"259\" height=\"164\" src=\"https:\/\/www.tonlek.org\/dk\/wp-content\/uploads\/sites\/7\/2023\/03\/annafranzon.jpg\" alt=\"\" class=\"wp-image-292\" style=\"width:368px;height:233px\"\/><figcaption class=\"wp-element-caption\"><strong>Anna Franzon<\/strong>, Finland\/Sverige<br><em>Klaver<\/em><\/figcaption><\/figure>\n\n\n\n<p>Anna har studeret b\u00e5de klaver og cembalo i Finland og Holland under vejledning af Anssi Mattila, Annamari P\u00f6lh\u00f6, Siebe Henstra, Janne Mertala og Naoko Ichihashi. I Finland arbejdede hun som akkompagnat\u00f8r i Sibelius Akademiets afdeling for tidlig musik og i over halvtreds \u00e5r som p\u00e6dagog i flere musikinstitutter i Finland.<\/p>\n\n\n\n<p>Anna elsker at spille kammermusik med sine musikerkolleger og kan lide alt fra tidlig musik til nutidig musik. Hun har bl.a. uropf\u00f8rt musik af den finske komponist Jyrki Linjama og nordmanden Henrik Marstrander. Linjamas v\u00e6rk Completorium blev ogs\u00e5 indspillet p\u00e5 vegne af YLE (Runradion). At formidle musikgl\u00e6de til b\u00f8rn og unge er meget vigtigt for Anna Franzon og nu underviser hun p\u00e5 Eskilstuna Kulturskola i Sverige, hvor hun har boet de sidste fem \u00e5r.<\/p>\n<\/div>\n<\/div>\n\n\n\n<div class=\"wp-block-columns is-layout-flex wp-container-core-columns-is-layout-9d6595d7 wp-block-columns-is-layout-flex\">\n<div class=\"wp-block-column is-layout-flow wp-block-column-is-layout-flow\">\n<figure class=\"wp-block-image size-full\"><img loading=\"lazy\" decoding=\"async\" width=\"294\" height=\"294\" src=\"https:\/\/www.tonlek.org\/dk\/wp-content\/uploads\/sites\/7\/2024\/11\/Jacob-Lidakra.png\" alt=\"\" class=\"wp-image-709\" srcset=\"https:\/\/www.tonlek.org\/dk\/wp-content\/uploads\/sites\/7\/2024\/11\/Jacob-Lidakra.png 294w, https:\/\/www.tonlek.org\/dk\/wp-content\/uploads\/sites\/7\/2024\/11\/Jacob-Lidakra-150x150.png 150w\" sizes=\"auto, (max-width: 294px) 100vw, 294px\" \/><figcaption class=\"wp-element-caption\"><strong>Jacob Lid\u00e5kra, <\/strong>Danmark\/Sverige<br><em><em>Klaver<\/em><\/em><\/figcaption><\/figure>\n\n\n\n<p>Den svenskf\u00f8dte pianist Jacob Lid\u00e5kra<strong> <\/strong>debuterede i november 2016 i Musikverein i Wien. Han har mange \u00e5rs erfaring som koncertpianist, kammermusiker og akkompagnat\u00f8r, og har optr\u00e5dt p\u00e5 et utal af festivaler og spillet koncerter i Norden og resten af Europa. Han er tilbagevendende kunstner og stipendiemodtager p\u00e5 festivalen The International Holland Music Sessions og har tourneret med koncertserier i hele Holland. Han har vundet 2. pris samt pris for bedste moderne v\u00e6rk i Stockholm International Music Competition 2012, 2. pris i Ljunggrenska t\u00e4vlingen 2016 og var den eneste vinder af Yamahas stipendiekonkurrence i Finland 2017.<\/p>\n\n\n\n<p>Jacob har en kandidateksamen fra Sibelius Akademiet, hvor han studerede hos prof. emerita Liisa Pohjola. Han har ogs\u00e5 v\u00e6ret studerende ved Lake Como International Piano Academy Summer School under Stanislav Ioudenitch og William Nabor\u00e9.<\/p>\n\n\n\n<p>Han har ved siden af sin solokarriere altid arbejdet intensivt med sangere og instrumentalister, og har studeret kammermusik og akkompagnement hos bl.a. Martin Katz og Ralf Goth\u00f3ni. Jacob har ogs\u00e5 v\u00e6ret akkompagnat\u00f8r i den internationale sangkonkurrence Mirjam Helin i Finland, har undervist kammermusik ved Holstebro Masterclass og er tilbagevendende underviser og akkompagnat\u00f8r ved Birgit Nilsson Vocal Masterclasses. Jacob er medstifter af den internationale klaverkvintet, Aurora Piano Quintet. De har spillet koncerter i Tjekkiet, Sverige og England, hvor de ogs\u00e5 startede Sevenoaks International Chamber Music Festival. Han er ogs\u00e5 et erfarent og efterspurgt jurymedlem i b\u00e5de nationale og internationale musikkonkurrencer. Siden 2019 har Jacob boet i Holstebro og underviser i klaver, kammermusik og liedduo ved OrkesterEfterskolen, hvor han ogs\u00e5 er leder af kammermusikprogrammet og kunstnerisk leder af OrkesterEfterskolens kammermusikfestival.<\/p>\n<\/div>\n\n\n\n<div class=\"wp-block-column is-layout-flow wp-block-column-is-layout-flow\"><\/div>\n\n\n\n<div class=\"wp-block-column is-layout-flow wp-block-column-is-layout-flow\"><\/div>\n<\/div>\n\n\n\n<div style=\"height:16px\" aria-hidden=\"true\" class=\"wp-block-spacer\"><\/div>\n\n\n\n<div class=\"wp-block-columns is-layout-flex wp-container-core-columns-is-layout-9d6595d7 wp-block-columns-is-layout-flex\">\n<div class=\"wp-block-column is-layout-flow wp-block-column-is-layout-flow\"><div class=\"wp-block-image\">\n<figure class=\"aligncenter size-large\"><a href=\"https:\/\/www.tonlek.org\/dk\/tonlek-2023\/\"><img loading=\"lazy\" decoding=\"async\" width=\"1024\" height=\"683\" src=\"https:\/\/www.tonlek.org\/dk\/wp-content\/uploads\/sites\/7\/2023\/03\/68D68879-8871-4259-8442-2EA35FF5999C-1024x683.jpeg\" alt=\"\" class=\"wp-image-51\" srcset=\"https:\/\/www.tonlek.org\/dk\/wp-content\/uploads\/sites\/7\/2023\/03\/68D68879-8871-4259-8442-2EA35FF5999C-1024x683.jpeg 1024w, https:\/\/www.tonlek.org\/dk\/wp-content\/uploads\/sites\/7\/2023\/03\/68D68879-8871-4259-8442-2EA35FF5999C-300x200.jpeg 300w, https:\/\/www.tonlek.org\/dk\/wp-content\/uploads\/sites\/7\/2023\/03\/68D68879-8871-4259-8442-2EA35FF5999C-768x512.jpeg 768w, https:\/\/www.tonlek.org\/dk\/wp-content\/uploads\/sites\/7\/2023\/03\/68D68879-8871-4259-8442-2EA35FF5999C-1536x1024.jpeg 1536w, https:\/\/www.tonlek.org\/dk\/wp-content\/uploads\/sites\/7\/2023\/03\/68D68879-8871-4259-8442-2EA35FF5999C-2048x1366.jpeg 2048w, https:\/\/www.tonlek.org\/dk\/wp-content\/uploads\/sites\/7\/2023\/03\/68D68879-8871-4259-8442-2EA35FF5999C-930x620.jpeg 930w\" sizes=\"auto, (max-width: 1024px) 100vw, 1024px\" \/><\/a><\/figure>\n<\/div>\n\n\n<div style=\"height:15px\" aria-hidden=\"true\" class=\"wp-block-spacer\"><\/div>\n\n\n\n<h4 class=\"wp-block-heading has-text-align-center\"><a href=\"https:\/\/www.tonlek.org\/dk\/tonlek\/\">T\u00f3nlek 2025<\/a><\/h4>\n\n\n\n<p>Repertoiret for alle orkestrene begynder at tage form. Alt er klar til et fantastisk kursus!<\/p>\n<\/div>\n\n\n\n<div class=\"wp-block-column is-layout-flow wp-block-column-is-layout-flow\"><div class=\"wp-block-image\">\n<figure class=\"aligncenter size-large\"><a href=\"https:\/\/www.tonlek.org\/dk\/repertoar-och-noter\/\"><img loading=\"lazy\" decoding=\"async\" width=\"1024\" height=\"683\" src=\"https:\/\/www.tonlek.org\/dk\/wp-content\/uploads\/sites\/7\/2023\/03\/632346A9-4E6D-420E-B70D-C88BF370977D-1024x683.jpeg\" alt=\"\" class=\"wp-image-64\" srcset=\"https:\/\/www.tonlek.org\/dk\/wp-content\/uploads\/sites\/7\/2023\/03\/632346A9-4E6D-420E-B70D-C88BF370977D-1024x683.jpeg 1024w, https:\/\/www.tonlek.org\/dk\/wp-content\/uploads\/sites\/7\/2023\/03\/632346A9-4E6D-420E-B70D-C88BF370977D-300x200.jpeg 300w, https:\/\/www.tonlek.org\/dk\/wp-content\/uploads\/sites\/7\/2023\/03\/632346A9-4E6D-420E-B70D-C88BF370977D-768x512.jpeg 768w, https:\/\/www.tonlek.org\/dk\/wp-content\/uploads\/sites\/7\/2023\/03\/632346A9-4E6D-420E-B70D-C88BF370977D-1536x1024.jpeg 1536w, https:\/\/www.tonlek.org\/dk\/wp-content\/uploads\/sites\/7\/2023\/03\/632346A9-4E6D-420E-B70D-C88BF370977D-2048x1366.jpeg 2048w, https:\/\/www.tonlek.org\/dk\/wp-content\/uploads\/sites\/7\/2023\/03\/632346A9-4E6D-420E-B70D-C88BF370977D-930x620.jpeg 930w\" sizes=\"auto, (max-width: 1024px) 100vw, 1024px\" \/><\/a><\/figure>\n<\/div>\n\n\n<div style=\"height:15px\" aria-hidden=\"true\" class=\"wp-block-spacer\"><\/div>\n\n\n\n<h4 class=\"wp-block-heading has-text-align-center\"><a href=\"https:\/\/www.tonlek.org\/dk\/repertoire-og-noder\/\">Repertoire og noder<\/a> <\/h4>\n\n\n\n<p>Her finder du brutto repertoire til alle orkestre sammen med noder og links til lyd.<\/p>\n<\/div>\n\n\n\n<div class=\"wp-block-column is-layout-flow wp-block-column-is-layout-flow\"><div class=\"wp-block-image\">\n<figure class=\"aligncenter size-large\"><a href=\"https:\/\/www.tonlek.org\/dk\/praktisk-information\/\"><img loading=\"lazy\" decoding=\"async\" width=\"1024\" height=\"683\" src=\"https:\/\/www.tonlek.org\/dk\/wp-content\/uploads\/sites\/7\/2023\/03\/D43B6977-344D-4320-90E1-2394559F0239-1024x683.jpeg\" alt=\"\" class=\"wp-image-62\" srcset=\"https:\/\/www.tonlek.org\/dk\/wp-content\/uploads\/sites\/7\/2023\/03\/D43B6977-344D-4320-90E1-2394559F0239-1024x683.jpeg 1024w, https:\/\/www.tonlek.org\/dk\/wp-content\/uploads\/sites\/7\/2023\/03\/D43B6977-344D-4320-90E1-2394559F0239-300x200.jpeg 300w, https:\/\/www.tonlek.org\/dk\/wp-content\/uploads\/sites\/7\/2023\/03\/D43B6977-344D-4320-90E1-2394559F0239-768x512.jpeg 768w, https:\/\/www.tonlek.org\/dk\/wp-content\/uploads\/sites\/7\/2023\/03\/D43B6977-344D-4320-90E1-2394559F0239-1536x1024.jpeg 1536w, https:\/\/www.tonlek.org\/dk\/wp-content\/uploads\/sites\/7\/2023\/03\/D43B6977-344D-4320-90E1-2394559F0239-2048x1366.jpeg 2048w, https:\/\/www.tonlek.org\/dk\/wp-content\/uploads\/sites\/7\/2023\/03\/D43B6977-344D-4320-90E1-2394559F0239-930x620.jpeg 930w\" sizes=\"auto, (max-width: 1024px) 100vw, 1024px\" \/><\/a><\/figure>\n<\/div>\n\n\n<div style=\"height:15px\" aria-hidden=\"true\" class=\"wp-block-spacer\"><\/div>\n\n\n\n<h4 class=\"wp-block-heading has-text-align-center\"><a href=\"https:\/\/www.tonlek.org\/dk\/praktiske-oplysninger\/\">Praktiske oplysninger<\/a><\/h4>\n\n\n\n<p>Alt om det praktiske, tilmelding, sted, tid, kost og logi samt pris.<\/p>\n<\/div>\n<\/div>\n\n\n<p>\n<!-- \/wp:post-content --><\/p>","protected":false},"excerpt":{"rendered":"<p>Nedenfor kan du l\u00e6se mere om vores dirigent og underviser p\u00e5 T\u00f3nlek 2025. Alle er fremtr\u00e6dende musikere og undervisere. T\u00f3nleks undervisere kommer fra hele Norden, og vi har partnere i alle de nordiske lande, herunder Jeunesse Musicales i Norge, Harpa International Music Academy i Island, Riksf\u00f6rbundet Unga Musikanter i Sverige og Musik og Ungdom i&hellip;&nbsp;<a href=\"https:\/\/www.tonlek.org\/dk\/om-tonlek\/tidligere-ar\/dirigent-og-laerere-2025\/\" rel=\"bookmark\"><span class=\"screen-reader-text\">Dirigent og l\u00e6rere 2025<\/span><\/a><\/p>\n","protected":false},"author":2,"featured_media":0,"parent":691,"menu_order":0,"comment_status":"closed","ping_status":"closed","template":"","meta":{"inline_featured_image":false,"neve_meta_sidebar":"","neve_meta_container":"","neve_meta_enable_content_width":"","neve_meta_content_width":0,"neve_meta_title_alignment":"","neve_meta_author_avatar":"","neve_post_elements_order":"","neve_meta_disable_header":"","neve_meta_disable_footer":"","neve_meta_disable_title":"","footnotes":""},"class_list":["post-807","page","type-page","status-publish","hentry"],"_links":{"self":[{"href":"https:\/\/www.tonlek.org\/dk\/wp-json\/wp\/v2\/pages\/807","targetHints":{"allow":["GET"]}}],"collection":[{"href":"https:\/\/www.tonlek.org\/dk\/wp-json\/wp\/v2\/pages"}],"about":[{"href":"https:\/\/www.tonlek.org\/dk\/wp-json\/wp\/v2\/types\/page"}],"author":[{"embeddable":true,"href":"https:\/\/www.tonlek.org\/dk\/wp-json\/wp\/v2\/users\/2"}],"replies":[{"embeddable":true,"href":"https:\/\/www.tonlek.org\/dk\/wp-json\/wp\/v2\/comments?post=807"}],"version-history":[{"count":1,"href":"https:\/\/www.tonlek.org\/dk\/wp-json\/wp\/v2\/pages\/807\/revisions"}],"predecessor-version":[{"id":809,"href":"https:\/\/www.tonlek.org\/dk\/wp-json\/wp\/v2\/pages\/807\/revisions\/809"}],"up":[{"embeddable":true,"href":"https:\/\/www.tonlek.org\/dk\/wp-json\/wp\/v2\/pages\/691"}],"wp:attachment":[{"href":"https:\/\/www.tonlek.org\/dk\/wp-json\/wp\/v2\/media?parent=807"}],"curies":[{"name":"wp","href":"https:\/\/api.w.org\/{rel}","templated":true}]}}